{"id":1113,"date":"2014-03-31T21:34:27","date_gmt":"2014-03-31T20:34:27","guid":{"rendered":"http:\/\/www.familledelabrie.fr\/\/?page_id=1113"},"modified":"2014-08-16T11:15:30","modified_gmt":"2014-08-16T10:15:30","slug":"fete-de-la-famille-2005-a-champs-sur-marne","status":"publish","type":"page","link":"https:\/\/www.familledelabrie.fr\/?page_id=1113","title":{"rendered":"F\u00eate de la famille 2005 \u00e0 Champs sur Marne"},"content":{"rendered":"<p>Les photos de la f\u00eate de la famille 2005 \u00e0 Champs sur Marne<\/p>\n<p><!-- default-view.php -->\n<div\n\tclass=\"ngg-galleryoverview default-view\n\t\t\"\n\tid=\"ngg-gallery-82c0dac861b13a9543412a38886ef724-1\"\n\tdata-nextgen-gallery-id=\"2\"\n\tdata-gallery-id=\"2\"\n\t\tdata-gallery-name=\"galerie f\u00eate de la famille 2005 \u00e0 Champs sur Marne\"\n\t>\n\n\t\t<!-- Thumbnails -->\n\t\t\t\t<div id=\"ngg-image-0\" class=\"ngg-gallery-thumbnail-box\n\t\t\t\t\t\t\t\tngg-3-columns\t\t\t\"\n\t\t\t>\n\t\t\t\t\t\t<div class=\"ngg-gallery-thumbnail\">\n\t\t<a href=\"https:\/\/www.familledelabrie.fr\/wp-content\/gallery\/fete-de-la-famille-2005-a-champs-sur-marne\/20050505_113345_Arc-Fete-de-la-famille_002.JPG?t=1553781468\"\n\t\t\ttitle=\"\"\n\t\t\tdata-src=\"https:\/\/www.familledelabrie.fr\/wp-content\/gallery\/fete-de-la-famille-2005-a-champs-sur-marne\/20050505_113345_Arc-Fete-de-la-famille_002.JPG?t=1553781468\"\n\t\t\tdata-thumbnail=\"https:\/\/www.familledelabrie.fr\/wp-content\/gallery\/fete-de-la-famille-2005-a-champs-sur-marne\/thumbs\/thumbs_20050505_113345_Arc-Fete-de-la-famille_002.JPG?t=1553781468\"\n\t\t\tdata-image-id=\"27\"\n\t\t\tdata-image-name=\"20050505_113345_Arc-Fete-de-la-famille_002.JPG\"\n\t\t\tdata-title=\"20050505_113345_Arc Fete de la famille_002\"\n\t\t\tdata-description=\"\"\n\t\t\tdata-image-slug=\"20050505_113345_arc-fete-de-la-famille_002\"\n\t\t\t\t\t\t\t\t\t\t\t\t\t\t\t\t\t\t\t\tclass='use_imagebrowser_effect' data-imagebrowser-url='https:\/\/www.familledelabrie.fr\/index.php\/nggallery\/image\/%STUB%?page_id=1113'>\n\t\t\t\t\t\t\t\t<img\n\t\t\t\t\ttitle=\"20050505_113345_Arc Fete de la famille_002\"\n\t\t\t\t\talt=\"20050505_113345_Arc Fete de la famille_002\"\n\t\t\t\t\tsrc=\"https:\/\/www.familledelabrie.fr\/wp-content\/gallery\/fete-de-la-famille-2005-a-champs-sur-marne\/cache\/20050505_113345_Arc-Fete-de-la-famille_002.JPG-nggid0227-ngg0dyn-120x90x100-00f0w010c011r110f110r010t010.JPG?t=1553781468\"\n\t\t\t\t\twidth=\"120\"\n\t\t\t\t\theight=\"90\"\n\t\t\t\t\tstyle=\"max-width:100%;\"\n\t\t\t\t\/>\n\t\t\t<\/a>\n\t\t<\/div>\n\t\t\t\t\t\t\t<\/div>\n\t\t\t\n\t\t\t\t<div id=\"ngg-image-1\" class=\"ngg-gallery-thumbnail-box\n\t\t\t\t\t\t\t\tngg-3-columns\t\t\t\"\n\t\t\t>\n\t\t\t\t\t\t<div class=\"ngg-gallery-thumbnail\">\n\t\t<a href=\"https:\/\/www.familledelabrie.fr\/wp-content\/gallery\/fete-de-la-famille-2005-a-champs-sur-marne\/20050505_114400_Arc-Fete-de-la-famille_007.JPG?t=1553781469\"\n\t\t\ttitle=\"\"\n\t\t\tdata-src=\"https:\/\/www.familledelabrie.fr\/wp-content\/gallery\/fete-de-la-famille-2005-a-champs-sur-marne\/20050505_114400_Arc-Fete-de-la-famille_007.JPG?t=1553781469\"\n\t\t\tdata-thumbnail=\"https:\/\/www.familledelabrie.fr\/wp-content\/gallery\/fete-de-la-famille-2005-a-champs-sur-marne\/thumbs\/thumbs_20050505_114400_Arc-Fete-de-la-famille_007.JPG?t=1553781469\"\n\t\t\tdata-image-id=\"28\"\n\t\t\tdata-image-name=\"20050505_114400_Arc-Fete-de-la-famille_007.JPG\"\n\t\t\tdata-title=\"20050505_114400_Arc Fete de la famille_007\"\n\t\t\tdata-description=\"\"\n\t\t\tdata-image-slug=\"20050505_114400_arc-fete-de-la-famille_007\"\n\t\t\t\t\t\t\t\t\t\t\t\t\t\t\t\t\t\t\t\tclass='use_imagebrowser_effect' data-imagebrowser-url='https:\/\/www.familledelabrie.fr\/index.php\/nggallery\/image\/%STUB%?page_id=1113'>\n\t\t\t\t\t\t\t\t<img\n\t\t\t\t\ttitle=\"20050505_114400_Arc Fete de la famille_007\"\n\t\t\t\t\talt=\"20050505_114400_Arc Fete de la famille_007\"\n\t\t\t\t\tsrc=\"https:\/\/www.familledelabrie.fr\/wp-content\/gallery\/fete-de-la-famille-2005-a-champs-sur-marne\/cache\/20050505_114400_Arc-Fete-de-la-famille_007.JPG-nggid0228-ngg0dyn-120x90x100-00f0w010c011r110f110r010t010.JPG?t=1553781469\"\n\t\t\t\t\twidth=\"120\"\n\t\t\t\t\theight=\"90\"\n\t\t\t\t\tstyle=\"max-width:100%;\"\n\t\t\t\t\/>\n\t\t\t<\/a>\n\t\t<\/div>\n\t\t\t\t\t\t\t<\/div>\n\t\t\t\n\t\t\t\t<div id=\"ngg-image-2\" class=\"ngg-gallery-thumbnail-box\n\t\t\t\t\t\t\t\tngg-3-columns\t\t\t\"\n\t\t\t>\n\t\t\t\t\t\t<div class=\"ngg-gallery-thumbnail\">\n\t\t<a href=\"https:\/\/www.familledelabrie.fr\/wp-content\/gallery\/fete-de-la-famille-2005-a-champs-sur-marne\/20050505_115541_Arc-Fete-de-la-famille_009.JPG?t=1553781471\"\n\t\t\ttitle=\"\"\n\t\t\tdata-src=\"https:\/\/www.familledelabrie.fr\/wp-content\/gallery\/fete-de-la-famille-2005-a-champs-sur-marne\/20050505_115541_Arc-Fete-de-la-famille_009.JPG?t=1553781471\"\n\t\t\tdata-thumbnail=\"https:\/\/www.familledelabrie.fr\/wp-content\/gallery\/fete-de-la-famille-2005-a-champs-sur-marne\/thumbs\/thumbs_20050505_115541_Arc-Fete-de-la-famille_009.JPG?t=1553781471\"\n\t\t\tdata-image-id=\"29\"\n\t\t\tdata-image-name=\"20050505_115541_Arc-Fete-de-la-famille_009.JPG\"\n\t\t\tdata-title=\"20050505_115541_Arc Fete de la famille_009\"\n\t\t\tdata-description=\"\"\n\t\t\tdata-image-slug=\"20050505_115541_arc-fete-de-la-famille_009\"\n\t\t\t\t\t\t\t\t\t\t\t\t\t\t\t\t\t\t\t\tclass='use_imagebrowser_effect' data-imagebrowser-url='https:\/\/www.familledelabrie.fr\/index.php\/nggallery\/image\/%STUB%?page_id=1113'>\n\t\t\t\t\t\t\t\t<img\n\t\t\t\t\ttitle=\"20050505_115541_Arc Fete de la famille_009\"\n\t\t\t\t\talt=\"20050505_115541_Arc Fete de la famille_009\"\n\t\t\t\t\tsrc=\"https:\/\/www.familledelabrie.fr\/wp-content\/gallery\/fete-de-la-famille-2005-a-champs-sur-marne\/cache\/20050505_115541_Arc-Fete-de-la-famille_009.JPG-nggid0229-ngg0dyn-120x90x100-00f0w010c011r110f110r010t010.JPG?t=1553781471\"\n\t\t\t\t\twidth=\"120\"\n\t\t\t\t\theight=\"90\"\n\t\t\t\t\tstyle=\"max-width:100%;\"\n\t\t\t\t\/>\n\t\t\t<\/a>\n\t\t<\/div>\n\t\t\t\t\t\t\t<\/div>\n\t\t\t\n\t\t\t\t<div id=\"ngg-image-3\" class=\"ngg-gallery-thumbnail-box\n\t\t\t\t\t\t\t\tngg-3-columns\t\t\t\"\n\t\t\t>\n\t\t\t\t\t\t<div class=\"ngg-gallery-thumbnail\">\n\t\t<a href=\"https:\/\/www.familledelabrie.fr\/wp-content\/gallery\/fete-de-la-famille-2005-a-champs-sur-marne\/20050505_122403_Arc-Fete-de-la-famille_011.JPG?t=1553781473\"\n\t\t\ttitle=\"\"\n\t\t\tdata-src=\"https:\/\/www.familledelabrie.fr\/wp-content\/gallery\/fete-de-la-famille-2005-a-champs-sur-marne\/20050505_122403_Arc-Fete-de-la-famille_011.JPG?t=1553781473\"\n\t\t\tdata-thumbnail=\"https:\/\/www.familledelabrie.fr\/wp-content\/gallery\/fete-de-la-famille-2005-a-champs-sur-marne\/thumbs\/thumbs_20050505_122403_Arc-Fete-de-la-famille_011.JPG?t=1553781473\"\n\t\t\tdata-image-id=\"30\"\n\t\t\tdata-image-name=\"20050505_122403_Arc-Fete-de-la-famille_011.JPG\"\n\t\t\tdata-title=\"20050505_122403_Arc Fete de la famille_011\"\n\t\t\tdata-description=\"\"\n\t\t\tdata-image-slug=\"20050505_122403_arc-fete-de-la-famille_011\"\n\t\t\t\t\t\t\t\t\t\t\t\t\t\t\t\t\t\t\t\tclass='use_imagebrowser_effect' data-imagebrowser-url='https:\/\/www.familledelabrie.fr\/index.php\/nggallery\/image\/%STUB%?page_id=1113'>\n\t\t\t\t\t\t\t\t<img\n\t\t\t\t\ttitle=\"20050505_122403_Arc Fete de la famille_011\"\n\t\t\t\t\talt=\"20050505_122403_Arc Fete de la famille_011\"\n\t\t\t\t\tsrc=\"https:\/\/www.familledelabrie.fr\/wp-content\/gallery\/fete-de-la-famille-2005-a-champs-sur-marne\/cache\/20050505_122403_Arc-Fete-de-la-famille_011.JPG-nggid0230-ngg0dyn-120x90x100-00f0w010c011r110f110r010t010.JPG?t=1553781473\"\n\t\t\t\t\twidth=\"120\"\n\t\t\t\t\theight=\"90\"\n\t\t\t\t\tstyle=\"max-width:100%;\"\n\t\t\t\t\/>\n\t\t\t<\/a>\n\t\t<\/div>\n\t\t\t\t\t\t\t<\/div>\n\t\t\t\n\t\t\t\t<div id=\"ngg-image-4\" class=\"ngg-gallery-thumbnail-box\n\t\t\t\t\t\t\t\tngg-3-columns\t\t\t\"\n\t\t\t>\n\t\t\t\t\t\t<div class=\"ngg-gallery-thumbnail\">\n\t\t<a href=\"https:\/\/www.familledelabrie.fr\/wp-content\/gallery\/fete-de-la-famille-2005-a-champs-sur-marne\/20050505_122532_Arc-Fete-de-la-famille_012.JPG?t=1553781475\"\n\t\t\ttitle=\"\"\n\t\t\tdata-src=\"https:\/\/www.familledelabrie.fr\/wp-content\/gallery\/fete-de-la-famille-2005-a-champs-sur-marne\/20050505_122532_Arc-Fete-de-la-famille_012.JPG?t=1553781475\"\n\t\t\tdata-thumbnail=\"https:\/\/www.familledelabrie.fr\/wp-content\/gallery\/fete-de-la-famille-2005-a-champs-sur-marne\/thumbs\/thumbs_20050505_122532_Arc-Fete-de-la-famille_012.JPG?t=1553781475\"\n\t\t\tdata-image-id=\"31\"\n\t\t\tdata-image-name=\"20050505_122532_Arc-Fete-de-la-famille_012.JPG\"\n\t\t\tdata-title=\"20050505_122532_Arc Fete de la famille_012\"\n\t\t\tdata-description=\"\"\n\t\t\tdata-image-slug=\"20050505_122532_arc-fete-de-la-famille_012\"\n\t\t\t\t\t\t\t\t\t\t\t\t\t\t\t\t\t\t\t\tclass='use_imagebrowser_effect' data-imagebrowser-url='https:\/\/www.familledelabrie.fr\/index.php\/nggallery\/image\/%STUB%?page_id=1113'>\n\t\t\t\t\t\t\t\t<img\n\t\t\t\t\ttitle=\"20050505_122532_Arc Fete de la famille_012\"\n\t\t\t\t\talt=\"20050505_122532_Arc Fete de la famille_012\"\n\t\t\t\t\tsrc=\"https:\/\/www.familledelabrie.fr\/wp-content\/gallery\/fete-de-la-famille-2005-a-champs-sur-marne\/cache\/20050505_122532_Arc-Fete-de-la-famille_012.JPG-nggid0231-ngg0dyn-120x90x100-00f0w010c011r110f110r010t010.JPG?t=1553781475\"\n\t\t\t\t\twidth=\"120\"\n\t\t\t\t\theight=\"90\"\n\t\t\t\t\tstyle=\"max-width:100%;\"\n\t\t\t\t\/>\n\t\t\t<\/a>\n\t\t<\/div>\n\t\t\t\t\t\t\t<\/div>\n\t\t\t\n\t\t\t\t<div id=\"ngg-image-5\" class=\"ngg-gallery-thumbnail-box\n\t\t\t\t\t\t\t\tngg-3-columns\t\t\t\"\n\t\t\t>\n\t\t\t\t\t\t<div class=\"ngg-gallery-thumbnail\">\n\t\t<a href=\"https:\/\/www.familledelabrie.fr\/wp-content\/gallery\/fete-de-la-famille-2005-a-champs-sur-marne\/20050505_134116_Arc-Fete-de-la-famille_016.JPG?t=1553781478\"\n\t\t\ttitle=\"\"\n\t\t\tdata-src=\"https:\/\/www.familledelabrie.fr\/wp-content\/gallery\/fete-de-la-famille-2005-a-champs-sur-marne\/20050505_134116_Arc-Fete-de-la-famille_016.JPG?t=1553781478\"\n\t\t\tdata-thumbnail=\"https:\/\/www.familledelabrie.fr\/wp-content\/gallery\/fete-de-la-famille-2005-a-champs-sur-marne\/thumbs\/thumbs_20050505_134116_Arc-Fete-de-la-famille_016.JPG?t=1553781478\"\n\t\t\tdata-image-id=\"32\"\n\t\t\tdata-image-name=\"20050505_134116_Arc-Fete-de-la-famille_016.JPG\"\n\t\t\tdata-title=\"20050505_134116_Arc Fete de la famille_016\"\n\t\t\tdata-description=\"\"\n\t\t\tdata-image-slug=\"20050505_134116_arc-fete-de-la-famille_016\"\n\t\t\t\t\t\t\t\t\t\t\t\t\t\t\t\t\t\t\t\tclass='use_imagebrowser_effect' data-imagebrowser-url='https:\/\/www.familledelabrie.fr\/index.php\/nggallery\/image\/%STUB%?page_id=1113'>\n\t\t\t\t\t\t\t\t<img\n\t\t\t\t\ttitle=\"20050505_134116_Arc Fete de la famille_016\"\n\t\t\t\t\talt=\"20050505_134116_Arc Fete de la famille_016\"\n\t\t\t\t\tsrc=\"https:\/\/www.familledelabrie.fr\/wp-content\/gallery\/fete-de-la-famille-2005-a-champs-sur-marne\/cache\/20050505_134116_Arc-Fete-de-la-famille_016.JPG-nggid0232-ngg0dyn-120x90x100-00f0w010c011r110f110r010t010.JPG?t=1553781478\"\n\t\t\t\t\twidth=\"120\"\n\t\t\t\t\theight=\"90\"\n\t\t\t\t\tstyle=\"max-width:100%;\"\n\t\t\t\t\/>\n\t\t\t<\/a>\n\t\t<\/div>\n\t\t\t\t\t\t\t<\/div>\n\t\t\t\n\t\t\t\t<div id=\"ngg-image-6\" class=\"ngg-gallery-thumbnail-box\n\t\t\t\t\t\t\t\tngg-3-columns\t\t\t\"\n\t\t\t>\n\t\t\t\t\t\t<div class=\"ngg-gallery-thumbnail\">\n\t\t<a href=\"https:\/\/www.familledelabrie.fr\/wp-content\/gallery\/fete-de-la-famille-2005-a-champs-sur-marne\/20050505_134155_Arc-Fete-de-la-famille_017.JPG?t=1553781480\"\n\t\t\ttitle=\"\"\n\t\t\tdata-src=\"https:\/\/www.familledelabrie.fr\/wp-content\/gallery\/fete-de-la-famille-2005-a-champs-sur-marne\/20050505_134155_Arc-Fete-de-la-famille_017.JPG?t=1553781480\"\n\t\t\tdata-thumbnail=\"https:\/\/www.familledelabrie.fr\/wp-content\/gallery\/fete-de-la-famille-2005-a-champs-sur-marne\/thumbs\/thumbs_20050505_134155_Arc-Fete-de-la-famille_017.JPG?t=1553781480\"\n\t\t\tdata-image-id=\"33\"\n\t\t\tdata-image-name=\"20050505_134155_Arc-Fete-de-la-famille_017.JPG\"\n\t\t\tdata-title=\"20050505_134155_Arc Fete de la famille_017\"\n\t\t\tdata-description=\"\"\n\t\t\tdata-image-slug=\"20050505_134155_arc-fete-de-la-famille_017\"\n\t\t\t\t\t\t\t\t\t\t\t\t\t\t\t\t\t\t\t\tclass='use_imagebrowser_effect' data-imagebrowser-url='https:\/\/www.familledelabrie.fr\/index.php\/nggallery\/image\/%STUB%?page_id=1113'>\n\t\t\t\t\t\t\t\t<img\n\t\t\t\t\ttitle=\"20050505_134155_Arc Fete de la famille_017\"\n\t\t\t\t\talt=\"20050505_134155_Arc Fete de la famille_017\"\n\t\t\t\t\tsrc=\"https:\/\/www.familledelabrie.fr\/wp-content\/gallery\/fete-de-la-famille-2005-a-champs-sur-marne\/cache\/20050505_134155_Arc-Fete-de-la-famille_017.JPG-nggid0233-ngg0dyn-120x90x100-00f0w010c011r110f110r010t010.JPG?t=1553781480\"\n\t\t\t\t\twidth=\"120\"\n\t\t\t\t\theight=\"90\"\n\t\t\t\t\tstyle=\"max-width:100%;\"\n\t\t\t\t\/>\n\t\t\t<\/a>\n\t\t<\/div>\n\t\t\t\t\t\t\t<\/div>\n\t\t\t\n\t\t\t\t<div id=\"ngg-image-7\" class=\"ngg-gallery-thumbnail-box\n\t\t\t\t\t\t\t\tngg-3-columns\t\t\t\"\n\t\t\t>\n\t\t\t\t\t\t<div class=\"ngg-gallery-thumbnail\">\n\t\t<a href=\"https:\/\/www.familledelabrie.fr\/wp-content\/gallery\/fete-de-la-famille-2005-a-champs-sur-marne\/20050505_134419_Arc-Fete-de-la-famille_020.JPG?t=1553781482\"\n\t\t\ttitle=\"\"\n\t\t\tdata-src=\"https:\/\/www.familledelabrie.fr\/wp-content\/gallery\/fete-de-la-famille-2005-a-champs-sur-marne\/20050505_134419_Arc-Fete-de-la-famille_020.JPG?t=1553781482\"\n\t\t\tdata-thumbnail=\"https:\/\/www.familledelabrie.fr\/wp-content\/gallery\/fete-de-la-famille-2005-a-champs-sur-marne\/thumbs\/thumbs_20050505_134419_Arc-Fete-de-la-famille_020.JPG?t=1553781482\"\n\t\t\tdata-image-id=\"34\"\n\t\t\tdata-image-name=\"20050505_134419_Arc-Fete-de-la-famille_020.JPG\"\n\t\t\tdata-title=\"20050505_134419_Arc Fete de la famille_020\"\n\t\t\tdata-description=\"\"\n\t\t\tdata-image-slug=\"20050505_134419_arc-fete-de-la-famille_020\"\n\t\t\t\t\t\t\t\t\t\t\t\t\t\t\t\t\t\t\t\tclass='use_imagebrowser_effect' data-imagebrowser-url='https:\/\/www.familledelabrie.fr\/index.php\/nggallery\/image\/%STUB%?page_id=1113'>\n\t\t\t\t\t\t\t\t<img\n\t\t\t\t\ttitle=\"20050505_134419_Arc Fete de la famille_020\"\n\t\t\t\t\talt=\"20050505_134419_Arc Fete de la famille_020\"\n\t\t\t\t\tsrc=\"https:\/\/www.familledelabrie.fr\/wp-content\/gallery\/fete-de-la-famille-2005-a-champs-sur-marne\/cache\/20050505_134419_Arc-Fete-de-la-famille_020.JPG-nggid0234-ngg0dyn-120x90x100-00f0w010c011r110f110r010t010.JPG?t=1553781482\"\n\t\t\t\t\twidth=\"120\"\n\t\t\t\t\theight=\"90\"\n\t\t\t\t\tstyle=\"max-width:100%;\"\n\t\t\t\t\/>\n\t\t\t<\/a>\n\t\t<\/div>\n\t\t\t\t\t\t\t<\/div>\n\t\t\t\n\t\t\t\t<div id=\"ngg-image-8\" class=\"ngg-gallery-thumbnail-box\n\t\t\t\t\t\t\t\tngg-3-columns\t\t\t\"\n\t\t\t>\n\t\t\t\t\t\t<div class=\"ngg-gallery-thumbnail\">\n\t\t<a href=\"https:\/\/www.familledelabrie.fr\/wp-content\/gallery\/fete-de-la-famille-2005-a-champs-sur-marne\/20050505_134434_Arc-Fete-de-la-famille_021.JPG?t=1553781484\"\n\t\t\ttitle=\"\"\n\t\t\tdata-src=\"https:\/\/www.familledelabrie.fr\/wp-content\/gallery\/fete-de-la-famille-2005-a-champs-sur-marne\/20050505_134434_Arc-Fete-de-la-famille_021.JPG?t=1553781484\"\n\t\t\tdata-thumbnail=\"https:\/\/www.familledelabrie.fr\/wp-content\/gallery\/fete-de-la-famille-2005-a-champs-sur-marne\/thumbs\/thumbs_20050505_134434_Arc-Fete-de-la-famille_021.JPG?t=1553781484\"\n\t\t\tdata-image-id=\"35\"\n\t\t\tdata-image-name=\"20050505_134434_Arc-Fete-de-la-famille_021.JPG\"\n\t\t\tdata-title=\"20050505_134434_Arc Fete de la famille_021\"\n\t\t\tdata-description=\"\"\n\t\t\tdata-image-slug=\"20050505_134434_arc-fete-de-la-famille_021\"\n\t\t\t\t\t\t\t\t\t\t\t\t\t\t\t\t\t\t\t\tclass='use_imagebrowser_effect' data-imagebrowser-url='https:\/\/www.familledelabrie.fr\/index.php\/nggallery\/image\/%STUB%?page_id=1113'>\n\t\t\t\t\t\t\t\t<img\n\t\t\t\t\ttitle=\"20050505_134434_Arc Fete de la famille_021\"\n\t\t\t\t\talt=\"20050505_134434_Arc Fete de la famille_021\"\n\t\t\t\t\tsrc=\"https:\/\/www.familledelabrie.fr\/wp-content\/gallery\/fete-de-la-famille-2005-a-champs-sur-marne\/cache\/20050505_134434_Arc-Fete-de-la-famille_021.JPG-nggid0235-ngg0dyn-120x90x100-00f0w010c011r110f110r010t010.JPG?t=1553781484\"\n\t\t\t\t\twidth=\"120\"\n\t\t\t\t\theight=\"90\"\n\t\t\t\t\tstyle=\"max-width:100%;\"\n\t\t\t\t\/>\n\t\t\t<\/a>\n\t\t<\/div>\n\t\t\t\t\t\t\t<\/div>\n\t\t\t\n\t\t\t\t<div id=\"ngg-image-9\" class=\"ngg-gallery-thumbnail-box\n\t\t\t\t\t\t\t\tngg-3-columns\t\t\t\"\n\t\t\t>\n\t\t\t\t\t\t<div class=\"ngg-gallery-thumbnail\">\n\t\t<a href=\"https:\/\/www.familledelabrie.fr\/wp-content\/gallery\/fete-de-la-famille-2005-a-champs-sur-marne\/20050505_134452_Arc-Fete-de-la-famille_022.JPG?t=1553781486\"\n\t\t\ttitle=\"\"\n\t\t\tdata-src=\"https:\/\/www.familledelabrie.fr\/wp-content\/gallery\/fete-de-la-famille-2005-a-champs-sur-marne\/20050505_134452_Arc-Fete-de-la-famille_022.JPG?t=1553781486\"\n\t\t\tdata-thumbnail=\"https:\/\/www.familledelabrie.fr\/wp-content\/gallery\/fete-de-la-famille-2005-a-champs-sur-marne\/thumbs\/thumbs_20050505_134452_Arc-Fete-de-la-famille_022.JPG?t=1553781486\"\n\t\t\tdata-image-id=\"36\"\n\t\t\tdata-image-name=\"20050505_134452_Arc-Fete-de-la-famille_022.JPG\"\n\t\t\tdata-title=\"20050505_134452_Arc Fete de la famille_022\"\n\t\t\tdata-description=\"\"\n\t\t\tdata-image-slug=\"20050505_134452_arc-fete-de-la-famille_022\"\n\t\t\t\t\t\t\t\t\t\t\t\t\t\t\t\t\t\t\t\tclass='use_imagebrowser_effect' data-imagebrowser-url='https:\/\/www.familledelabrie.fr\/index.php\/nggallery\/image\/%STUB%?page_id=1113'>\n\t\t\t\t\t\t\t\t<img\n\t\t\t\t\ttitle=\"20050505_134452_Arc Fete de la famille_022\"\n\t\t\t\t\talt=\"20050505_134452_Arc Fete de la famille_022\"\n\t\t\t\t\tsrc=\"https:\/\/www.familledelabrie.fr\/wp-content\/gallery\/fete-de-la-famille-2005-a-champs-sur-marne\/cache\/20050505_134452_Arc-Fete-de-la-famille_022.JPG-nggid0236-ngg0dyn-120x90x100-00f0w010c011r110f110r010t010.JPG?t=1553781486\"\n\t\t\t\t\twidth=\"120\"\n\t\t\t\t\theight=\"90\"\n\t\t\t\t\tstyle=\"max-width:100%;\"\n\t\t\t\t\/>\n\t\t\t<\/a>\n\t\t<\/div>\n\t\t\t\t\t\t\t<\/div>\n\t\t\t\n\t\t\t\t<div id=\"ngg-image-10\" class=\"ngg-gallery-thumbnail-box\n\t\t\t\t\t\t\t\tngg-3-columns\t\t\t\"\n\t\t\t>\n\t\t\t\t\t\t<div class=\"ngg-gallery-thumbnail\">\n\t\t<a href=\"https:\/\/www.familledelabrie.fr\/wp-content\/gallery\/fete-de-la-famille-2005-a-champs-sur-marne\/20050505_140243_Arc-Fete-de-la-famille_023.JPG?t=1553781488\"\n\t\t\ttitle=\"\"\n\t\t\tdata-src=\"https:\/\/www.familledelabrie.fr\/wp-content\/gallery\/fete-de-la-famille-2005-a-champs-sur-marne\/20050505_140243_Arc-Fete-de-la-famille_023.JPG?t=1553781488\"\n\t\t\tdata-thumbnail=\"https:\/\/www.familledelabrie.fr\/wp-content\/gallery\/fete-de-la-famille-2005-a-champs-sur-marne\/thumbs\/thumbs_20050505_140243_Arc-Fete-de-la-famille_023.JPG?t=1553781488\"\n\t\t\tdata-image-id=\"37\"\n\t\t\tdata-image-name=\"20050505_140243_Arc-Fete-de-la-famille_023.JPG\"\n\t\t\tdata-title=\"20050505_140243_Arc Fete de la famille_023\"\n\t\t\tdata-description=\"\"\n\t\t\tdata-image-slug=\"20050505_140243_arc-fete-de-la-famille_023\"\n\t\t\t\t\t\t\t\t\t\t\t\t\t\t\t\t\t\t\t\tclass='use_imagebrowser_effect' data-imagebrowser-url='https:\/\/www.familledelabrie.fr\/index.php\/nggallery\/image\/%STUB%?page_id=1113'>\n\t\t\t\t\t\t\t\t<img\n\t\t\t\t\ttitle=\"20050505_140243_Arc Fete de la famille_023\"\n\t\t\t\t\talt=\"20050505_140243_Arc Fete de la famille_023\"\n\t\t\t\t\tsrc=\"https:\/\/www.familledelabrie.fr\/wp-content\/gallery\/fete-de-la-famille-2005-a-champs-sur-marne\/cache\/20050505_140243_Arc-Fete-de-la-famille_023.JPG-nggid0237-ngg0dyn-120x90x100-00f0w010c011r110f110r010t010.JPG?t=1553781488\"\n\t\t\t\t\twidth=\"120\"\n\t\t\t\t\theight=\"90\"\n\t\t\t\t\tstyle=\"max-width:100%;\"\n\t\t\t\t\/>\n\t\t\t<\/a>\n\t\t<\/div>\n\t\t\t\t\t\t\t<\/div>\n\t\t\t\n\t\t\t\t<div id=\"ngg-image-11\" class=\"ngg-gallery-thumbnail-box\n\t\t\t\t\t\t\t\tngg-3-columns\t\t\t\"\n\t\t\t>\n\t\t\t\t\t\t<div class=\"ngg-gallery-thumbnail\">\n\t\t<a href=\"https:\/\/www.familledelabrie.fr\/wp-content\/gallery\/fete-de-la-famille-2005-a-champs-sur-marne\/20050505_140535_Arc-Fete-de-la-famille_024.JPG?t=1553781491\"\n\t\t\ttitle=\"\"\n\t\t\tdata-src=\"https:\/\/www.familledelabrie.fr\/wp-content\/gallery\/fete-de-la-famille-2005-a-champs-sur-marne\/20050505_140535_Arc-Fete-de-la-famille_024.JPG?t=1553781491\"\n\t\t\tdata-thumbnail=\"https:\/\/www.familledelabrie.fr\/wp-content\/gallery\/fete-de-la-famille-2005-a-champs-sur-marne\/thumbs\/thumbs_20050505_140535_Arc-Fete-de-la-famille_024.JPG?t=1553781491\"\n\t\t\tdata-image-id=\"38\"\n\t\t\tdata-image-name=\"20050505_140535_Arc-Fete-de-la-famille_024.JPG\"\n\t\t\tdata-title=\"20050505_140535_Arc Fete de la famille_024\"\n\t\t\tdata-description=\"\"\n\t\t\tdata-image-slug=\"20050505_140535_arc-fete-de-la-famille_024\"\n\t\t\t\t\t\t\t\t\t\t\t\t\t\t\t\t\t\t\t\tclass='use_imagebrowser_effect' data-imagebrowser-url='https:\/\/www.familledelabrie.fr\/index.php\/nggallery\/image\/%STUB%?page_id=1113'>\n\t\t\t\t\t\t\t\t<img\n\t\t\t\t\ttitle=\"20050505_140535_Arc Fete de la famille_024\"\n\t\t\t\t\talt=\"20050505_140535_Arc Fete de la famille_024\"\n\t\t\t\t\tsrc=\"https:\/\/www.familledelabrie.fr\/wp-content\/gallery\/fete-de-la-famille-2005-a-champs-sur-marne\/cache\/20050505_140535_Arc-Fete-de-la-famille_024.JPG-nggid0238-ngg0dyn-120x90x100-00f0w010c011r110f110r010t010.JPG?t=1553781491\"\n\t\t\t\t\twidth=\"120\"\n\t\t\t\t\theight=\"90\"\n\t\t\t\t\tstyle=\"max-width:100%;\"\n\t\t\t\t\/>\n\t\t\t<\/a>\n\t\t<\/div>\n\t\t\t\t\t\t\t<\/div>\n\t\t\t\n\t\t\t\t<div id=\"ngg-image-12\" class=\"ngg-gallery-thumbnail-box\n\t\t\t\t\t\t\t\tngg-3-columns\t\t\t\"\n\t\t\t>\n\t\t\t\t\t\t<div class=\"ngg-gallery-thumbnail\">\n\t\t<a href=\"https:\/\/www.familledelabrie.fr\/wp-content\/gallery\/fete-de-la-famille-2005-a-champs-sur-marne\/20050505_140544_Arc-Fete-de-la-famille_025.JPG?t=1553781494\"\n\t\t\ttitle=\"\"\n\t\t\tdata-src=\"https:\/\/www.familledelabrie.fr\/wp-content\/gallery\/fete-de-la-famille-2005-a-champs-sur-marne\/20050505_140544_Arc-Fete-de-la-famille_025.JPG?t=1553781494\"\n\t\t\tdata-thumbnail=\"https:\/\/www.familledelabrie.fr\/wp-content\/gallery\/fete-de-la-famille-2005-a-champs-sur-marne\/thumbs\/thumbs_20050505_140544_Arc-Fete-de-la-famille_025.JPG?t=1553781494\"\n\t\t\tdata-image-id=\"39\"\n\t\t\tdata-image-name=\"20050505_140544_Arc-Fete-de-la-famille_025.JPG\"\n\t\t\tdata-title=\"20050505_140544_Arc Fete de la famille_025\"\n\t\t\tdata-description=\"\"\n\t\t\tdata-image-slug=\"20050505_140544_arc-fete-de-la-famille_025\"\n\t\t\t\t\t\t\t\t\t\t\t\t\t\t\t\t\t\t\t\tclass='use_imagebrowser_effect' data-imagebrowser-url='https:\/\/www.familledelabrie.fr\/index.php\/nggallery\/image\/%STUB%?page_id=1113'>\n\t\t\t\t\t\t\t\t<img\n\t\t\t\t\ttitle=\"20050505_140544_Arc Fete de la famille_025\"\n\t\t\t\t\talt=\"20050505_140544_Arc Fete de la famille_025\"\n\t\t\t\t\tsrc=\"https:\/\/www.familledelabrie.fr\/wp-content\/gallery\/fete-de-la-famille-2005-a-champs-sur-marne\/cache\/20050505_140544_Arc-Fete-de-la-famille_025.JPG-nggid0239-ngg0dyn-120x90x100-00f0w010c011r110f110r010t010.JPG?t=1553781494\"\n\t\t\t\t\twidth=\"120\"\n\t\t\t\t\theight=\"90\"\n\t\t\t\t\tstyle=\"max-width:100%;\"\n\t\t\t\t\/>\n\t\t\t<\/a>\n\t\t<\/div>\n\t\t\t\t\t\t\t<\/div>\n\t\t\t\n\t\t\t\t<div id=\"ngg-image-13\" class=\"ngg-gallery-thumbnail-box\n\t\t\t\t\t\t\t\tngg-3-columns\t\t\t\"\n\t\t\t>\n\t\t\t\t\t\t<div class=\"ngg-gallery-thumbnail\">\n\t\t<a href=\"https:\/\/www.familledelabrie.fr\/wp-content\/gallery\/fete-de-la-famille-2005-a-champs-sur-marne\/20050505_140550_Arc-Fete-de-la-famille_026.JPG?t=1553781497\"\n\t\t\ttitle=\"\"\n\t\t\tdata-src=\"https:\/\/www.familledelabrie.fr\/wp-content\/gallery\/fete-de-la-famille-2005-a-champs-sur-marne\/20050505_140550_Arc-Fete-de-la-famille_026.JPG?t=1553781497\"\n\t\t\tdata-thumbnail=\"https:\/\/www.familledelabrie.fr\/wp-content\/gallery\/fete-de-la-famille-2005-a-champs-sur-marne\/thumbs\/thumbs_20050505_140550_Arc-Fete-de-la-famille_026.JPG?t=1553781497\"\n\t\t\tdata-image-id=\"40\"\n\t\t\tdata-image-name=\"20050505_140550_Arc-Fete-de-la-famille_026.JPG\"\n\t\t\tdata-title=\"20050505_140550_Arc Fete de la famille_026\"\n\t\t\tdata-description=\"\"\n\t\t\tdata-image-slug=\"20050505_140550_arc-fete-de-la-famille_026\"\n\t\t\t\t\t\t\t\t\t\t\t\t\t\t\t\t\t\t\t\tclass='use_imagebrowser_effect' data-imagebrowser-url='https:\/\/www.familledelabrie.fr\/index.php\/nggallery\/image\/%STUB%?page_id=1113'>\n\t\t\t\t\t\t\t\t<img\n\t\t\t\t\ttitle=\"20050505_140550_Arc Fete de la famille_026\"\n\t\t\t\t\talt=\"20050505_140550_Arc Fete de la famille_026\"\n\t\t\t\t\tsrc=\"https:\/\/www.familledelabrie.fr\/wp-content\/gallery\/fete-de-la-famille-2005-a-champs-sur-marne\/cache\/20050505_140550_Arc-Fete-de-la-famille_026.JPG-nggid0240-ngg0dyn-120x90x100-00f0w010c011r110f110r010t010.JPG?t=1553781497\"\n\t\t\t\t\twidth=\"120\"\n\t\t\t\t\theight=\"90\"\n\t\t\t\t\tstyle=\"max-width:100%;\"\n\t\t\t\t\/>\n\t\t\t<\/a>\n\t\t<\/div>\n\t\t\t\t\t\t\t<\/div>\n\t\t\t\n\t\t\t\t<div id=\"ngg-image-14\" class=\"ngg-gallery-thumbnail-box\n\t\t\t\t\t\t\t\tngg-3-columns\t\t\t\"\n\t\t\t>\n\t\t\t\t\t\t<div class=\"ngg-gallery-thumbnail\">\n\t\t<a href=\"https:\/\/www.familledelabrie.fr\/wp-content\/gallery\/fete-de-la-famille-2005-a-champs-sur-marne\/20050505_141723_Arc-Fete-de-la-famille_034.JPG?t=1553781499\"\n\t\t\ttitle=\"\"\n\t\t\tdata-src=\"https:\/\/www.familledelabrie.fr\/wp-content\/gallery\/fete-de-la-famille-2005-a-champs-sur-marne\/20050505_141723_Arc-Fete-de-la-famille_034.JPG?t=1553781499\"\n\t\t\tdata-thumbnail=\"https:\/\/www.familledelabrie.fr\/wp-content\/gallery\/fete-de-la-famille-2005-a-champs-sur-marne\/thumbs\/thumbs_20050505_141723_Arc-Fete-de-la-famille_034.JPG?t=1553781499\"\n\t\t\tdata-image-id=\"41\"\n\t\t\tdata-image-name=\"20050505_141723_Arc-Fete-de-la-famille_034.JPG\"\n\t\t\tdata-title=\"20050505_141723_Arc Fete de la famille_034\"\n\t\t\tdata-description=\"\"\n\t\t\tdata-image-slug=\"20050505_141723_arc-fete-de-la-famille_034\"\n\t\t\t\t\t\t\t\t\t\t\t\t\t\t\t\t\t\t\t\tclass='use_imagebrowser_effect' data-imagebrowser-url='https:\/\/www.familledelabrie.fr\/index.php\/nggallery\/image\/%STUB%?page_id=1113'>\n\t\t\t\t\t\t\t\t<img\n\t\t\t\t\ttitle=\"20050505_141723_Arc Fete de la famille_034\"\n\t\t\t\t\talt=\"20050505_141723_Arc Fete de la famille_034\"\n\t\t\t\t\tsrc=\"https:\/\/www.familledelabrie.fr\/wp-content\/gallery\/fete-de-la-famille-2005-a-champs-sur-marne\/cache\/20050505_141723_Arc-Fete-de-la-famille_034.JPG-nggid0241-ngg0dyn-120x90x100-00f0w010c011r110f110r010t010.JPG?t=1553781499\"\n\t\t\t\t\twidth=\"120\"\n\t\t\t\t\theight=\"90\"\n\t\t\t\t\tstyle=\"max-width:100%;\"\n\t\t\t\t\/>\n\t\t\t<\/a>\n\t\t<\/div>\n\t\t\t\t\t\t\t<\/div>\n\t\t\t\n\t\t\t\t<div id=\"ngg-image-15\" class=\"ngg-gallery-thumbnail-box\n\t\t\t\t\t\t\t\tngg-3-columns\t\t\t\"\n\t\t\t>\n\t\t\t\t\t\t<div class=\"ngg-gallery-thumbnail\">\n\t\t<a href=\"https:\/\/www.familledelabrie.fr\/wp-content\/gallery\/fete-de-la-famille-2005-a-champs-sur-marne\/20050505_141757_Arc-Fete-de-la-famille_035.JPG?t=1553781501\"\n\t\t\ttitle=\"\"\n\t\t\tdata-src=\"https:\/\/www.familledelabrie.fr\/wp-content\/gallery\/fete-de-la-famille-2005-a-champs-sur-marne\/20050505_141757_Arc-Fete-de-la-famille_035.JPG?t=1553781501\"\n\t\t\tdata-thumbnail=\"https:\/\/www.familledelabrie.fr\/wp-content\/gallery\/fete-de-la-famille-2005-a-champs-sur-marne\/thumbs\/thumbs_20050505_141757_Arc-Fete-de-la-famille_035.JPG?t=1553781501\"\n\t\t\tdata-image-id=\"42\"\n\t\t\tdata-image-name=\"20050505_141757_Arc-Fete-de-la-famille_035.JPG\"\n\t\t\tdata-title=\"20050505_141757_Arc Fete de la famille_035\"\n\t\t\tdata-description=\"\"\n\t\t\tdata-image-slug=\"20050505_141757_arc-fete-de-la-famille_035\"\n\t\t\t\t\t\t\t\t\t\t\t\t\t\t\t\t\t\t\t\tclass='use_imagebrowser_effect' data-imagebrowser-url='https:\/\/www.familledelabrie.fr\/index.php\/nggallery\/image\/%STUB%?page_id=1113'>\n\t\t\t\t\t\t\t\t<img\n\t\t\t\t\ttitle=\"20050505_141757_Arc Fete de la famille_035\"\n\t\t\t\t\talt=\"20050505_141757_Arc Fete de la famille_035\"\n\t\t\t\t\tsrc=\"https:\/\/www.familledelabrie.fr\/wp-content\/gallery\/fete-de-la-famille-2005-a-champs-sur-marne\/cache\/20050505_141757_Arc-Fete-de-la-famille_035.JPG-nggid0242-ngg0dyn-120x90x100-00f0w010c011r110f110r010t010.JPG?t=1553781501\"\n\t\t\t\t\twidth=\"120\"\n\t\t\t\t\theight=\"90\"\n\t\t\t\t\tstyle=\"max-width:100%;\"\n\t\t\t\t\/>\n\t\t\t<\/a>\n\t\t<\/div>\n\t\t\t\t\t\t\t<\/div>\n\t\t\t\n\t\t\t\t<div id=\"ngg-image-16\" class=\"ngg-gallery-thumbnail-box\n\t\t\t\t\t\t\t\tngg-3-columns\t\t\t\"\n\t\t\t>\n\t\t\t\t\t\t<div class=\"ngg-gallery-thumbnail\">\n\t\t<a href=\"https:\/\/www.familledelabrie.fr\/wp-content\/gallery\/fete-de-la-famille-2005-a-champs-sur-marne\/20050505_141836_Arc-Fete-de-la-famille_037.JPG?t=1553781503\"\n\t\t\ttitle=\"\"\n\t\t\tdata-src=\"https:\/\/www.familledelabrie.fr\/wp-content\/gallery\/fete-de-la-famille-2005-a-champs-sur-marne\/20050505_141836_Arc-Fete-de-la-famille_037.JPG?t=1553781503\"\n\t\t\tdata-thumbnail=\"https:\/\/www.familledelabrie.fr\/wp-content\/gallery\/fete-de-la-famille-2005-a-champs-sur-marne\/thumbs\/thumbs_20050505_141836_Arc-Fete-de-la-famille_037.JPG?t=1553781503\"\n\t\t\tdata-image-id=\"43\"\n\t\t\tdata-image-name=\"20050505_141836_Arc-Fete-de-la-famille_037.JPG\"\n\t\t\tdata-title=\"20050505_141836_Arc Fete de la famille_037\"\n\t\t\tdata-description=\"\"\n\t\t\tdata-image-slug=\"20050505_141836_arc-fete-de-la-famille_037\"\n\t\t\t\t\t\t\t\t\t\t\t\t\t\t\t\t\t\t\t\tclass='use_imagebrowser_effect' data-imagebrowser-url='https:\/\/www.familledelabrie.fr\/index.php\/nggallery\/image\/%STUB%?page_id=1113'>\n\t\t\t\t\t\t\t\t<img\n\t\t\t\t\ttitle=\"20050505_141836_Arc Fete de la famille_037\"\n\t\t\t\t\talt=\"20050505_141836_Arc Fete de la famille_037\"\n\t\t\t\t\tsrc=\"https:\/\/www.familledelabrie.fr\/wp-content\/gallery\/fete-de-la-famille-2005-a-champs-sur-marne\/cache\/20050505_141836_Arc-Fete-de-la-famille_037.JPG-nggid0243-ngg0dyn-120x90x100-00f0w010c011r110f110r010t010.JPG?t=1553781503\"\n\t\t\t\t\twidth=\"120\"\n\t\t\t\t\theight=\"90\"\n\t\t\t\t\tstyle=\"max-width:100%;\"\n\t\t\t\t\/>\n\t\t\t<\/a>\n\t\t<\/div>\n\t\t\t\t\t\t\t<\/div>\n\t\t\t\n\t\t\t\t<div id=\"ngg-image-17\" class=\"ngg-gallery-thumbnail-box\n\t\t\t\t\t\t\t\tngg-3-columns\t\t\t\"\n\t\t\t>\n\t\t\t\t\t\t<div class=\"ngg-gallery-thumbnail\">\n\t\t<a href=\"https:\/\/www.familledelabrie.fr\/wp-content\/gallery\/fete-de-la-famille-2005-a-champs-sur-marne\/20050505_142353_Arc-Fete-de-la-famille_038.JPG?t=1553781505\"\n\t\t\ttitle=\"\"\n\t\t\tdata-src=\"https:\/\/www.familledelabrie.fr\/wp-content\/gallery\/fete-de-la-famille-2005-a-champs-sur-marne\/20050505_142353_Arc-Fete-de-la-famille_038.JPG?t=1553781505\"\n\t\t\tdata-thumbnail=\"https:\/\/www.familledelabrie.fr\/wp-content\/gallery\/fete-de-la-famille-2005-a-champs-sur-marne\/thumbs\/thumbs_20050505_142353_Arc-Fete-de-la-famille_038.JPG?t=1553781505\"\n\t\t\tdata-image-id=\"44\"\n\t\t\tdata-image-name=\"20050505_142353_Arc-Fete-de-la-famille_038.JPG\"\n\t\t\tdata-title=\"20050505_142353_Arc Fete de la famille_038\"\n\t\t\tdata-description=\"\"\n\t\t\tdata-image-slug=\"20050505_142353_arc-fete-de-la-famille_038\"\n\t\t\t\t\t\t\t\t\t\t\t\t\t\t\t\t\t\t\t\tclass='use_imagebrowser_effect' data-imagebrowser-url='https:\/\/www.familledelabrie.fr\/index.php\/nggallery\/image\/%STUB%?page_id=1113'>\n\t\t\t\t\t\t\t\t<img\n\t\t\t\t\ttitle=\"20050505_142353_Arc Fete de la famille_038\"\n\t\t\t\t\talt=\"20050505_142353_Arc Fete de la famille_038\"\n\t\t\t\t\tsrc=\"https:\/\/www.familledelabrie.fr\/wp-content\/gallery\/fete-de-la-famille-2005-a-champs-sur-marne\/cache\/20050505_142353_Arc-Fete-de-la-famille_038.JPG-nggid0244-ngg0dyn-120x90x100-00f0w010c011r110f110r010t010.JPG?t=1553781505\"\n\t\t\t\t\twidth=\"120\"\n\t\t\t\t\theight=\"90\"\n\t\t\t\t\tstyle=\"max-width:100%;\"\n\t\t\t\t\/>\n\t\t\t<\/a>\n\t\t<\/div>\n\t\t\t\t\t\t\t<\/div>\n\t\t\t\n\t\t\t\t<div id=\"ngg-image-18\" class=\"ngg-gallery-thumbnail-box\n\t\t\t\t\t\t\t\tngg-3-columns\t\t\t\"\n\t\t\t>\n\t\t\t\t\t\t<div class=\"ngg-gallery-thumbnail\">\n\t\t<a href=\"https:\/\/www.familledelabrie.fr\/wp-content\/gallery\/fete-de-la-famille-2005-a-champs-sur-marne\/20050505_143719_Arc-Fete-de-la-famille_043.JPG?t=1553781508\"\n\t\t\ttitle=\"\"\n\t\t\tdata-src=\"https:\/\/www.familledelabrie.fr\/wp-content\/gallery\/fete-de-la-famille-2005-a-champs-sur-marne\/20050505_143719_Arc-Fete-de-la-famille_043.JPG?t=1553781508\"\n\t\t\tdata-thumbnail=\"https:\/\/www.familledelabrie.fr\/wp-content\/gallery\/fete-de-la-famille-2005-a-champs-sur-marne\/thumbs\/thumbs_20050505_143719_Arc-Fete-de-la-famille_043.JPG?t=1553781508\"\n\t\t\tdata-image-id=\"45\"\n\t\t\tdata-image-name=\"20050505_143719_Arc-Fete-de-la-famille_043.JPG\"\n\t\t\tdata-title=\"20050505_143719_Arc Fete de la famille_043\"\n\t\t\tdata-description=\"\"\n\t\t\tdata-image-slug=\"20050505_143719_arc-fete-de-la-famille_043\"\n\t\t\t\t\t\t\t\t\t\t\t\t\t\t\t\t\t\t\t\tclass='use_imagebrowser_effect' data-imagebrowser-url='https:\/\/www.familledelabrie.fr\/index.php\/nggallery\/image\/%STUB%?page_id=1113'>\n\t\t\t\t\t\t\t\t<img\n\t\t\t\t\ttitle=\"20050505_143719_Arc Fete de la famille_043\"\n\t\t\t\t\talt=\"20050505_143719_Arc Fete de la famille_043\"\n\t\t\t\t\tsrc=\"https:\/\/www.familledelabrie.fr\/wp-content\/gallery\/fete-de-la-famille-2005-a-champs-sur-marne\/cache\/20050505_143719_Arc-Fete-de-la-famille_043.JPG-nggid0245-ngg0dyn-120x90x100-00f0w010c011r110f110r010t010.JPG?t=1553781508\"\n\t\t\t\t\twidth=\"120\"\n\t\t\t\t\theight=\"90\"\n\t\t\t\t\tstyle=\"max-width:100%;\"\n\t\t\t\t\/>\n\t\t\t<\/a>\n\t\t<\/div>\n\t\t\t\t\t\t\t<\/div>\n\t\t\t\n\t\t\t\t<div id=\"ngg-image-19\" class=\"ngg-gallery-thumbnail-box\n\t\t\t\t\t\t\t\tngg-3-columns\t\t\t\"\n\t\t\t>\n\t\t\t\t\t\t<div class=\"ngg-gallery-thumbnail\">\n\t\t<a href=\"https:\/\/www.familledelabrie.fr\/wp-content\/gallery\/fete-de-la-famille-2005-a-champs-sur-marne\/20050505_143751_Arc-Fete-de-la-famille_044.JPG?t=1553781511\"\n\t\t\ttitle=\"\"\n\t\t\tdata-src=\"https:\/\/www.familledelabrie.fr\/wp-content\/gallery\/fete-de-la-famille-2005-a-champs-sur-marne\/20050505_143751_Arc-Fete-de-la-famille_044.JPG?t=1553781511\"\n\t\t\tdata-thumbnail=\"https:\/\/www.familledelabrie.fr\/wp-content\/gallery\/fete-de-la-famille-2005-a-champs-sur-marne\/thumbs\/thumbs_20050505_143751_Arc-Fete-de-la-famille_044.JPG?t=1553781511\"\n\t\t\tdata-image-id=\"46\"\n\t\t\tdata-image-name=\"20050505_143751_Arc-Fete-de-la-famille_044.JPG\"\n\t\t\tdata-title=\"20050505_143751_Arc Fete de la famille_044\"\n\t\t\tdata-description=\"\"\n\t\t\tdata-image-slug=\"20050505_143751_arc-fete-de-la-famille_044\"\n\t\t\t\t\t\t\t\t\t\t\t\t\t\t\t\t\t\t\t\tclass='use_imagebrowser_effect' data-imagebrowser-url='https:\/\/www.familledelabrie.fr\/index.php\/nggallery\/image\/%STUB%?page_id=1113'>\n\t\t\t\t\t\t\t\t<img\n\t\t\t\t\ttitle=\"20050505_143751_Arc Fete de la famille_044\"\n\t\t\t\t\talt=\"20050505_143751_Arc Fete de la famille_044\"\n\t\t\t\t\tsrc=\"https:\/\/www.familledelabrie.fr\/wp-content\/gallery\/fete-de-la-famille-2005-a-champs-sur-marne\/cache\/20050505_143751_Arc-Fete-de-la-famille_044.JPG-nggid0246-ngg0dyn-120x90x100-00f0w010c011r110f110r010t010.JPG?t=1553781511\"\n\t\t\t\t\twidth=\"120\"\n\t\t\t\t\theight=\"90\"\n\t\t\t\t\tstyle=\"max-width:100%;\"\n\t\t\t\t\/>\n\t\t\t<\/a>\n\t\t<\/div>\n\t\t\t\t\t\t\t<\/div>\n\t\t\t\n\t\t\t\t<div id=\"ngg-image-20\" class=\"ngg-gallery-thumbnail-box\n\t\t\t\t\t\t\t\tngg-3-columns\t\t\t\"\n\t\t\t>\n\t\t\t\t\t\t<div class=\"ngg-gallery-thumbnail\">\n\t\t<a href=\"https:\/\/www.familledelabrie.fr\/wp-content\/gallery\/fete-de-la-famille-2005-a-champs-sur-marne\/20050505_143823_Arc-Fete-de-la-famille_047.JPG?t=1553781513\"\n\t\t\ttitle=\"\"\n\t\t\tdata-src=\"https:\/\/www.familledelabrie.fr\/wp-content\/gallery\/fete-de-la-famille-2005-a-champs-sur-marne\/20050505_143823_Arc-Fete-de-la-famille_047.JPG?t=1553781513\"\n\t\t\tdata-thumbnail=\"https:\/\/www.familledelabrie.fr\/wp-content\/gallery\/fete-de-la-famille-2005-a-champs-sur-marne\/thumbs\/thumbs_20050505_143823_Arc-Fete-de-la-famille_047.JPG?t=1553781513\"\n\t\t\tdata-image-id=\"47\"\n\t\t\tdata-image-name=\"20050505_143823_Arc-Fete-de-la-famille_047.JPG\"\n\t\t\tdata-title=\"20050505_143823_Arc Fete de la famille_047\"\n\t\t\tdata-description=\"\"\n\t\t\tdata-image-slug=\"20050505_143823_arc-fete-de-la-famille_047\"\n\t\t\t\t\t\t\t\t\t\t\t\t\t\t\t\t\t\t\t\tclass='use_imagebrowser_effect' data-imagebrowser-url='https:\/\/www.familledelabrie.fr\/index.php\/nggallery\/image\/%STUB%?page_id=1113'>\n\t\t\t\t\t\t\t\t<img\n\t\t\t\t\ttitle=\"20050505_143823_Arc Fete de la famille_047\"\n\t\t\t\t\talt=\"20050505_143823_Arc Fete de la famille_047\"\n\t\t\t\t\tsrc=\"https:\/\/www.familledelabrie.fr\/wp-content\/gallery\/fete-de-la-famille-2005-a-champs-sur-marne\/cache\/20050505_143823_Arc-Fete-de-la-famille_047.JPG-nggid0247-ngg0dyn-120x90x100-00f0w010c011r110f110r010t010.JPG?t=1553781513\"\n\t\t\t\t\twidth=\"120\"\n\t\t\t\t\theight=\"90\"\n\t\t\t\t\tstyle=\"max-width:100%;\"\n\t\t\t\t\/>\n\t\t\t<\/a>\n\t\t<\/div>\n\t\t\t\t\t\t\t<\/div>\n\t\t\t\n\t\t\t\t<div id=\"ngg-image-21\" class=\"ngg-gallery-thumbnail-box\n\t\t\t\t\t\t\t\tngg-3-columns\t\t\t\"\n\t\t\t>\n\t\t\t\t\t\t<div class=\"ngg-gallery-thumbnail\">\n\t\t<a href=\"https:\/\/www.familledelabrie.fr\/wp-content\/gallery\/fete-de-la-famille-2005-a-champs-sur-marne\/20050505_143837_Arc-Fete-de-la-famille_048.JPG?t=1553781515\"\n\t\t\ttitle=\"\"\n\t\t\tdata-src=\"https:\/\/www.familledelabrie.fr\/wp-content\/gallery\/fete-de-la-famille-2005-a-champs-sur-marne\/20050505_143837_Arc-Fete-de-la-famille_048.JPG?t=1553781515\"\n\t\t\tdata-thumbnail=\"https:\/\/www.familledelabrie.fr\/wp-content\/gallery\/fete-de-la-famille-2005-a-champs-sur-marne\/thumbs\/thumbs_20050505_143837_Arc-Fete-de-la-famille_048.JPG?t=1553781515\"\n\t\t\tdata-image-id=\"48\"\n\t\t\tdata-image-name=\"20050505_143837_Arc-Fete-de-la-famille_048.JPG\"\n\t\t\tdata-title=\"20050505_143837_Arc Fete de la famille_048\"\n\t\t\tdata-description=\"\"\n\t\t\tdata-image-slug=\"20050505_143837_arc-fete-de-la-famille_048\"\n\t\t\t\t\t\t\t\t\t\t\t\t\t\t\t\t\t\t\t\tclass='use_imagebrowser_effect' data-imagebrowser-url='https:\/\/www.familledelabrie.fr\/index.php\/nggallery\/image\/%STUB%?page_id=1113'>\n\t\t\t\t\t\t\t\t<img\n\t\t\t\t\ttitle=\"20050505_143837_Arc Fete de la famille_048\"\n\t\t\t\t\talt=\"20050505_143837_Arc Fete de la famille_048\"\n\t\t\t\t\tsrc=\"https:\/\/www.familledelabrie.fr\/wp-content\/gallery\/fete-de-la-famille-2005-a-champs-sur-marne\/cache\/20050505_143837_Arc-Fete-de-la-famille_048.JPG-nggid0248-ngg0dyn-120x90x100-00f0w010c011r110f110r010t010.JPG?t=1553781515\"\n\t\t\t\t\twidth=\"120\"\n\t\t\t\t\theight=\"90\"\n\t\t\t\t\tstyle=\"max-width:100%;\"\n\t\t\t\t\/>\n\t\t\t<\/a>\n\t\t<\/div>\n\t\t\t\t\t\t\t<\/div>\n\t\t\t\n\t\t\t\t<div id=\"ngg-image-22\" class=\"ngg-gallery-thumbnail-box\n\t\t\t\t\t\t\t\tngg-3-columns\t\t\t\"\n\t\t\t>\n\t\t\t\t\t\t<div class=\"ngg-gallery-thumbnail\">\n\t\t<a href=\"https:\/\/www.familledelabrie.fr\/wp-content\/gallery\/fete-de-la-famille-2005-a-champs-sur-marne\/20050505_144355_Arc-Fete-de-la-famille_052.JPG?t=1553781516\"\n\t\t\ttitle=\"\"\n\t\t\tdata-src=\"https:\/\/www.familledelabrie.fr\/wp-content\/gallery\/fete-de-la-famille-2005-a-champs-sur-marne\/20050505_144355_Arc-Fete-de-la-famille_052.JPG?t=1553781516\"\n\t\t\tdata-thumbnail=\"https:\/\/www.familledelabrie.fr\/wp-content\/gallery\/fete-de-la-famille-2005-a-champs-sur-marne\/thumbs\/thumbs_20050505_144355_Arc-Fete-de-la-famille_052.JPG?t=1553781516\"\n\t\t\tdata-image-id=\"49\"\n\t\t\tdata-image-name=\"20050505_144355_Arc-Fete-de-la-famille_052.JPG\"\n\t\t\tdata-title=\"20050505_144355_Arc Fete de la famille_052\"\n\t\t\tdata-description=\"\"\n\t\t\tdata-image-slug=\"20050505_144355_arc-fete-de-la-famille_052\"\n\t\t\t\t\t\t\t\t\t\t\t\t\t\t\t\t\t\t\t\tclass='use_imagebrowser_effect' data-imagebrowser-url='https:\/\/www.familledelabrie.fr\/index.php\/nggallery\/image\/%STUB%?page_id=1113'>\n\t\t\t\t\t\t\t\t<img\n\t\t\t\t\ttitle=\"20050505_144355_Arc Fete de la famille_052\"\n\t\t\t\t\talt=\"20050505_144355_Arc Fete de la famille_052\"\n\t\t\t\t\tsrc=\"https:\/\/www.familledelabrie.fr\/wp-content\/gallery\/fete-de-la-famille-2005-a-champs-sur-marne\/cache\/20050505_144355_Arc-Fete-de-la-famille_052.JPG-nggid0249-ngg0dyn-120x90x100-00f0w010c011r110f110r010t010.JPG?t=1553781516\"\n\t\t\t\t\twidth=\"120\"\n\t\t\t\t\theight=\"90\"\n\t\t\t\t\tstyle=\"max-width:100%;\"\n\t\t\t\t\/>\n\t\t\t<\/a>\n\t\t<\/div>\n\t\t\t\t\t\t\t<\/div>\n\t\t\t\n\t\t\t\t<div id=\"ngg-image-23\" class=\"ngg-gallery-thumbnail-box\n\t\t\t\t\t\t\t\tngg-3-columns\t\t\t\"\n\t\t\t>\n\t\t\t\t\t\t<div class=\"ngg-gallery-thumbnail\">\n\t\t<a href=\"https:\/\/www.familledelabrie.fr\/wp-content\/gallery\/fete-de-la-famille-2005-a-champs-sur-marne\/20050505_144428_Arc-Fete-de-la-famille_055.JPG?t=1553781518\"\n\t\t\ttitle=\"\"\n\t\t\tdata-src=\"https:\/\/www.familledelabrie.fr\/wp-content\/gallery\/fete-de-la-famille-2005-a-champs-sur-marne\/20050505_144428_Arc-Fete-de-la-famille_055.JPG?t=1553781518\"\n\t\t\tdata-thumbnail=\"https:\/\/www.familledelabrie.fr\/wp-content\/gallery\/fete-de-la-famille-2005-a-champs-sur-marne\/thumbs\/thumbs_20050505_144428_Arc-Fete-de-la-famille_055.JPG?t=1553781518\"\n\t\t\tdata-image-id=\"50\"\n\t\t\tdata-image-name=\"20050505_144428_Arc-Fete-de-la-famille_055.JPG\"\n\t\t\tdata-title=\"20050505_144428_Arc Fete de la famille_055\"\n\t\t\tdata-description=\"\"\n\t\t\tdata-image-slug=\"20050505_144428_arc-fete-de-la-famille_055\"\n\t\t\t\t\t\t\t\t\t\t\t\t\t\t\t\t\t\t\t\tclass='use_imagebrowser_effect' data-imagebrowser-url='https:\/\/www.familledelabrie.fr\/index.php\/nggallery\/image\/%STUB%?page_id=1113'>\n\t\t\t\t\t\t\t\t<img\n\t\t\t\t\ttitle=\"20050505_144428_Arc Fete de la famille_055\"\n\t\t\t\t\talt=\"20050505_144428_Arc Fete de la famille_055\"\n\t\t\t\t\tsrc=\"https:\/\/www.familledelabrie.fr\/wp-content\/gallery\/fete-de-la-famille-2005-a-champs-sur-marne\/cache\/20050505_144428_Arc-Fete-de-la-famille_055.JPG-nggid0250-ngg0dyn-120x90x100-00f0w010c011r110f110r010t010.JPG?t=1553781518\"\n\t\t\t\t\twidth=\"120\"\n\t\t\t\t\theight=\"90\"\n\t\t\t\t\tstyle=\"max-width:100%;\"\n\t\t\t\t\/>\n\t\t\t<\/a>\n\t\t<\/div>\n\t\t\t\t\t\t\t<\/div>\n\t\t\t\n\t\t\t\t<div id=\"ngg-image-24\" class=\"ngg-gallery-thumbnail-box\n\t\t\t\t\t\t\t\tngg-3-columns\t\t\t\"\n\t\t\t>\n\t\t\t\t\t\t<div class=\"ngg-gallery-thumbnail\">\n\t\t<a href=\"https:\/\/www.familledelabrie.fr\/wp-content\/gallery\/fete-de-la-famille-2005-a-champs-sur-marne\/20050505_165657_Arc-Fete-de-la-famille_069.JPG?t=1553781521\"\n\t\t\ttitle=\"\"\n\t\t\tdata-src=\"https:\/\/www.familledelabrie.fr\/wp-content\/gallery\/fete-de-la-famille-2005-a-champs-sur-marne\/20050505_165657_Arc-Fete-de-la-famille_069.JPG?t=1553781521\"\n\t\t\tdata-thumbnail=\"https:\/\/www.familledelabrie.fr\/wp-content\/gallery\/fete-de-la-famille-2005-a-champs-sur-marne\/thumbs\/thumbs_20050505_165657_Arc-Fete-de-la-famille_069.JPG?t=1553781521\"\n\t\t\tdata-image-id=\"51\"\n\t\t\tdata-image-name=\"20050505_165657_Arc-Fete-de-la-famille_069.JPG\"\n\t\t\tdata-title=\"20050505_165657_Arc Fete de la famille_069\"\n\t\t\tdata-description=\"\"\n\t\t\tdata-image-slug=\"20050505_165657_arc-fete-de-la-famille_069\"\n\t\t\t\t\t\t\t\t\t\t\t\t\t\t\t\t\t\t\t\tclass='use_imagebrowser_effect' data-imagebrowser-url='https:\/\/www.familledelabrie.fr\/index.php\/nggallery\/image\/%STUB%?page_id=1113'>\n\t\t\t\t\t\t\t\t<img\n\t\t\t\t\ttitle=\"20050505_165657_Arc Fete de la famille_069\"\n\t\t\t\t\talt=\"20050505_165657_Arc Fete de la famille_069\"\n\t\t\t\t\tsrc=\"https:\/\/www.familledelabrie.fr\/wp-content\/gallery\/fete-de-la-famille-2005-a-champs-sur-marne\/cache\/20050505_165657_Arc-Fete-de-la-famille_069.JPG-nggid0251-ngg0dyn-120x90x100-00f0w010c011r110f110r010t010.JPG?t=1553781521\"\n\t\t\t\t\twidth=\"120\"\n\t\t\t\t\theight=\"90\"\n\t\t\t\t\tstyle=\"max-width:100%;\"\n\t\t\t\t\/>\n\t\t\t<\/a>\n\t\t<\/div>\n\t\t\t\t\t\t\t<\/div>\n\t\t\t\n\t\t\t\t<div id=\"ngg-image-25\" class=\"ngg-gallery-thumbnail-box\n\t\t\t\t\t\t\t\tngg-3-columns\t\t\t\"\n\t\t\t>\n\t\t\t\t\t\t<div class=\"ngg-gallery-thumbnail\">\n\t\t<a href=\"https:\/\/www.familledelabrie.fr\/wp-content\/gallery\/fete-de-la-famille-2005-a-champs-sur-marne\/20050505_170000_Arc-Fete-de-la-famille_070.JPG?t=1553781523\"\n\t\t\ttitle=\"\"\n\t\t\tdata-src=\"https:\/\/www.familledelabrie.fr\/wp-content\/gallery\/fete-de-la-famille-2005-a-champs-sur-marne\/20050505_170000_Arc-Fete-de-la-famille_070.JPG?t=1553781523\"\n\t\t\tdata-thumbnail=\"https:\/\/www.familledelabrie.fr\/wp-content\/gallery\/fete-de-la-famille-2005-a-champs-sur-marne\/thumbs\/thumbs_20050505_170000_Arc-Fete-de-la-famille_070.JPG?t=1553781523\"\n\t\t\tdata-image-id=\"52\"\n\t\t\tdata-image-name=\"20050505_170000_Arc-Fete-de-la-famille_070.JPG\"\n\t\t\tdata-title=\"20050505_170000_Arc Fete de la famille_070\"\n\t\t\tdata-description=\"\"\n\t\t\tdata-image-slug=\"20050505_170000_arc-fete-de-la-famille_070\"\n\t\t\t\t\t\t\t\t\t\t\t\t\t\t\t\t\t\t\t\tclass='use_imagebrowser_effect' data-imagebrowser-url='https:\/\/www.familledelabrie.fr\/index.php\/nggallery\/image\/%STUB%?page_id=1113'>\n\t\t\t\t\t\t\t\t<img\n\t\t\t\t\ttitle=\"20050505_170000_Arc Fete de la famille_070\"\n\t\t\t\t\talt=\"20050505_170000_Arc Fete de la famille_070\"\n\t\t\t\t\tsrc=\"https:\/\/www.familledelabrie.fr\/wp-content\/gallery\/fete-de-la-famille-2005-a-champs-sur-marne\/cache\/20050505_170000_Arc-Fete-de-la-famille_070.JPG-nggid0252-ngg0dyn-120x90x100-00f0w010c011r110f110r010t010.JPG?t=1553781523\"\n\t\t\t\t\twidth=\"120\"\n\t\t\t\t\theight=\"90\"\n\t\t\t\t\tstyle=\"max-width:100%;\"\n\t\t\t\t\/>\n\t\t\t<\/a>\n\t\t<\/div>\n\t\t\t\t\t\t\t<\/div>\n\t\t\t\n\t\t\t\t<div id=\"ngg-image-26\" class=\"ngg-gallery-thumbnail-box\n\t\t\t\t\t\t\t\tngg-3-columns\t\t\t\"\n\t\t\t>\n\t\t\t\t\t\t<div class=\"ngg-gallery-thumbnail\">\n\t\t<a href=\"https:\/\/www.familledelabrie.fr\/wp-content\/gallery\/fete-de-la-famille-2005-a-champs-sur-marne\/20050505_170037_Arc-Fete-de-la-famille_071.JPG?t=1553781525\"\n\t\t\ttitle=\"\"\n\t\t\tdata-src=\"https:\/\/www.familledelabrie.fr\/wp-content\/gallery\/fete-de-la-famille-2005-a-champs-sur-marne\/20050505_170037_Arc-Fete-de-la-famille_071.JPG?t=1553781525\"\n\t\t\tdata-thumbnail=\"https:\/\/www.familledelabrie.fr\/wp-content\/gallery\/fete-de-la-famille-2005-a-champs-sur-marne\/thumbs\/thumbs_20050505_170037_Arc-Fete-de-la-famille_071.JPG?t=1553781525\"\n\t\t\tdata-image-id=\"53\"\n\t\t\tdata-image-name=\"20050505_170037_Arc-Fete-de-la-famille_071.JPG\"\n\t\t\tdata-title=\"20050505_170037_Arc Fete de la famille_071\"\n\t\t\tdata-description=\"\"\n\t\t\tdata-image-slug=\"20050505_170037_arc-fete-de-la-famille_071\"\n\t\t\t\t\t\t\t\t\t\t\t\t\t\t\t\t\t\t\t\tclass='use_imagebrowser_effect' data-imagebrowser-url='https:\/\/www.familledelabrie.fr\/index.php\/nggallery\/image\/%STUB%?page_id=1113'>\n\t\t\t\t\t\t\t\t<img\n\t\t\t\t\ttitle=\"20050505_170037_Arc Fete de la famille_071\"\n\t\t\t\t\talt=\"20050505_170037_Arc Fete de la famille_071\"\n\t\t\t\t\tsrc=\"https:\/\/www.familledelabrie.fr\/wp-content\/gallery\/fete-de-la-famille-2005-a-champs-sur-marne\/cache\/20050505_170037_Arc-Fete-de-la-famille_071.JPG-nggid0253-ngg0dyn-120x90x100-00f0w010c011r110f110r010t010.JPG?t=1553781525\"\n\t\t\t\t\twidth=\"120\"\n\t\t\t\t\theight=\"90\"\n\t\t\t\t\tstyle=\"max-width:100%;\"\n\t\t\t\t\/>\n\t\t\t<\/a>\n\t\t<\/div>\n\t\t\t\t\t\t\t<\/div>\n\t\t\t\n\t\t\t\t<div id=\"ngg-image-27\" class=\"ngg-gallery-thumbnail-box\n\t\t\t\t\t\t\t\tngg-3-columns\t\t\t\"\n\t\t\t>\n\t\t\t\t\t\t<div class=\"ngg-gallery-thumbnail\">\n\t\t<a href=\"https:\/\/www.familledelabrie.fr\/wp-content\/gallery\/fete-de-la-famille-2005-a-champs-sur-marne\/20050505_170143_Arc-Fete-de-la-famille_072.JPG?t=1553781527\"\n\t\t\ttitle=\"\"\n\t\t\tdata-src=\"https:\/\/www.familledelabrie.fr\/wp-content\/gallery\/fete-de-la-famille-2005-a-champs-sur-marne\/20050505_170143_Arc-Fete-de-la-famille_072.JPG?t=1553781527\"\n\t\t\tdata-thumbnail=\"https:\/\/www.familledelabrie.fr\/wp-content\/gallery\/fete-de-la-famille-2005-a-champs-sur-marne\/thumbs\/thumbs_20050505_170143_Arc-Fete-de-la-famille_072.JPG?t=1553781527\"\n\t\t\tdata-image-id=\"54\"\n\t\t\tdata-image-name=\"20050505_170143_Arc-Fete-de-la-famille_072.JPG\"\n\t\t\tdata-title=\"20050505_170143_Arc Fete de la famille_072\"\n\t\t\tdata-description=\"\"\n\t\t\tdata-image-slug=\"20050505_170143_arc-fete-de-la-famille_072\"\n\t\t\t\t\t\t\t\t\t\t\t\t\t\t\t\t\t\t\t\tclass='use_imagebrowser_effect' data-imagebrowser-url='https:\/\/www.familledelabrie.fr\/index.php\/nggallery\/image\/%STUB%?page_id=1113'>\n\t\t\t\t\t\t\t\t<img\n\t\t\t\t\ttitle=\"20050505_170143_Arc Fete de la famille_072\"\n\t\t\t\t\talt=\"20050505_170143_Arc Fete de la famille_072\"\n\t\t\t\t\tsrc=\"https:\/\/www.familledelabrie.fr\/wp-content\/gallery\/fete-de-la-famille-2005-a-champs-sur-marne\/cache\/20050505_170143_Arc-Fete-de-la-famille_072.JPG-nggid0254-ngg0dyn-120x90x100-00f0w010c011r110f110r010t010.JPG?t=1553781527\"\n\t\t\t\t\twidth=\"120\"\n\t\t\t\t\theight=\"90\"\n\t\t\t\t\tstyle=\"max-width:100%;\"\n\t\t\t\t\/>\n\t\t\t<\/a>\n\t\t<\/div>\n\t\t\t\t\t\t\t<\/div>\n\t\t\t\n\t\t\t\t<div id=\"ngg-image-28\" class=\"ngg-gallery-thumbnail-box\n\t\t\t\t\t\t\t\tngg-3-columns\t\t\t\"\n\t\t\t>\n\t\t\t\t\t\t<div class=\"ngg-gallery-thumbnail\">\n\t\t<a href=\"https:\/\/www.familledelabrie.fr\/wp-content\/gallery\/fete-de-la-famille-2005-a-champs-sur-marne\/20050505_170337_Arc-Fete-de-la-famille_076.JPG?t=1553781529\"\n\t\t\ttitle=\"\"\n\t\t\tdata-src=\"https:\/\/www.familledelabrie.fr\/wp-content\/gallery\/fete-de-la-famille-2005-a-champs-sur-marne\/20050505_170337_Arc-Fete-de-la-famille_076.JPG?t=1553781529\"\n\t\t\tdata-thumbnail=\"https:\/\/www.familledelabrie.fr\/wp-content\/gallery\/fete-de-la-famille-2005-a-champs-sur-marne\/thumbs\/thumbs_20050505_170337_Arc-Fete-de-la-famille_076.JPG?t=1553781529\"\n\t\t\tdata-image-id=\"55\"\n\t\t\tdata-image-name=\"20050505_170337_Arc-Fete-de-la-famille_076.JPG\"\n\t\t\tdata-title=\"20050505_170337_Arc Fete de la famille_076\"\n\t\t\tdata-description=\"\"\n\t\t\tdata-image-slug=\"20050505_170337_arc-fete-de-la-famille_076\"\n\t\t\t\t\t\t\t\t\t\t\t\t\t\t\t\t\t\t\t\tclass='use_imagebrowser_effect' data-imagebrowser-url='https:\/\/www.familledelabrie.fr\/index.php\/nggallery\/image\/%STUB%?page_id=1113'>\n\t\t\t\t\t\t\t\t<img\n\t\t\t\t\ttitle=\"20050505_170337_Arc Fete de la famille_076\"\n\t\t\t\t\talt=\"20050505_170337_Arc Fete de la famille_076\"\n\t\t\t\t\tsrc=\"https:\/\/www.familledelabrie.fr\/wp-content\/gallery\/fete-de-la-famille-2005-a-champs-sur-marne\/cache\/20050505_170337_Arc-Fete-de-la-famille_076.JPG-nggid0255-ngg0dyn-120x90x100-00f0w010c011r110f110r010t010.JPG?t=1553781529\"\n\t\t\t\t\twidth=\"120\"\n\t\t\t\t\theight=\"90\"\n\t\t\t\t\tstyle=\"max-width:100%;\"\n\t\t\t\t\/>\n\t\t\t<\/a>\n\t\t<\/div>\n\t\t\t\t\t\t\t<\/div>\n\t\t\t\n\t\t\t\t<div id=\"ngg-image-29\" class=\"ngg-gallery-thumbnail-box\n\t\t\t\t\t\t\t\tngg-3-columns\t\t\t\"\n\t\t\t>\n\t\t\t\t\t\t<div class=\"ngg-gallery-thumbnail\">\n\t\t<a href=\"https:\/\/www.familledelabrie.fr\/wp-content\/gallery\/fete-de-la-famille-2005-a-champs-sur-marne\/20050505_170355_Arc-Fete-de-la-famille_077.JPG?t=1553781532\"\n\t\t\ttitle=\"\"\n\t\t\tdata-src=\"https:\/\/www.familledelabrie.fr\/wp-content\/gallery\/fete-de-la-famille-2005-a-champs-sur-marne\/20050505_170355_Arc-Fete-de-la-famille_077.JPG?t=1553781532\"\n\t\t\tdata-thumbnail=\"https:\/\/www.familledelabrie.fr\/wp-content\/gallery\/fete-de-la-famille-2005-a-champs-sur-marne\/thumbs\/thumbs_20050505_170355_Arc-Fete-de-la-famille_077.JPG?t=1553781532\"\n\t\t\tdata-image-id=\"56\"\n\t\t\tdata-image-name=\"20050505_170355_Arc-Fete-de-la-famille_077.JPG\"\n\t\t\tdata-title=\"20050505_170355_Arc Fete de la famille_077\"\n\t\t\tdata-description=\"\"\n\t\t\tdata-image-slug=\"20050505_170355_arc-fete-de-la-famille_077\"\n\t\t\t\t\t\t\t\t\t\t\t\t\t\t\t\t\t\t\t\tclass='use_imagebrowser_effect' data-imagebrowser-url='https:\/\/www.familledelabrie.fr\/index.php\/nggallery\/image\/%STUB%?page_id=1113'>\n\t\t\t\t\t\t\t\t<img\n\t\t\t\t\ttitle=\"20050505_170355_Arc Fete de la famille_077\"\n\t\t\t\t\talt=\"20050505_170355_Arc Fete de la famille_077\"\n\t\t\t\t\tsrc=\"https:\/\/www.familledelabrie.fr\/wp-content\/gallery\/fete-de-la-famille-2005-a-champs-sur-marne\/cache\/20050505_170355_Arc-Fete-de-la-famille_077.JPG-nggid0256-ngg0dyn-120x90x100-00f0w010c011r110f110r010t010.JPG?t=1553781532\"\n\t\t\t\t\twidth=\"120\"\n\t\t\t\t\theight=\"90\"\n\t\t\t\t\tstyle=\"max-width:100%;\"\n\t\t\t\t\/>\n\t\t\t<\/a>\n\t\t<\/div>\n\t\t\t\t\t\t\t<\/div>\n\t\t\t\n\t\n\t<br style=\"clear: both\" \/>\n\n\t\t<div class=\"slideshowlink\">\n\t\t<a href='https:\/\/www.familledelabrie.fr\/index.php\/nggallery\/slideshow?page_id=1113'>[Show slideshow]<\/a>\n\n\t<\/div>\n\t\n\t\t<!-- Pagination -->\n\t\t<div class='ngg-navigation'><span class='current'>1<\/span>\n<a class='page-numbers' data-pageid='2' href='https:\/\/www.familledelabrie.fr\/index.php\/nggallery\/page\/2?page_id=1113'>2<\/a>\n<a class='prev' href='https:\/\/www.familledelabrie.fr\/index.php\/nggallery\/page\/2?page_id=1113' data-pageid=\"2\">&#9658;<\/a><\/div>\t<\/div>\n<\/p>\n<p>&nbsp;<\/p>\n<p>&nbsp;<\/p>\n","protected":false},"excerpt":{"rendered":"<p>Les photos de la f\u00eate de la famille 2005 \u00e0 Champs sur Marne [Show slideshow] 1 2 &#9658; &nbsp; &nbsp;<\/p>\n","protected":false},"author":1,"featured_media":0,"parent":0,"menu_order":0,"comment_status":"open","ping_status":"open","template":"","meta":{"_bbp_topic_count":0,"_bbp_reply_count":0,"_bbp_total_topic_count":0,"_bbp_total_reply_count":0,"_bbp_voice_count":0,"_bbp_anonymous_reply_count":0,"_bbp_topic_count_hidden":0,"_bbp_reply_count_hidden":0,"_bbp_forum_subforum_count":0,"ngg_post_thumbnail":0,"footnotes":""},"class_list":["post-1113","page","type-page","status-publish","hentry"],"_links":{"self":[{"href":"https:\/\/www.familledelabrie.fr\/index.php?rest_route=\/wp\/v2\/pages\/1113","targetHints":{"allow":["GET"]}}],"collection":[{"href":"https:\/\/www.familledelabrie.fr\/index.php?rest_route=\/wp\/v2\/pages"}],"about":[{"href":"https:\/\/www.familledelabrie.fr\/index.php?rest_route=\/wp\/v2\/types\/page"}],"author":[{"embeddable":true,"href":"https:\/\/www.familledelabrie.fr\/index.php?rest_route=\/wp\/v2\/users\/1"}],"replies":[{"embeddable":true,"href":"https:\/\/www.familledelabrie.fr\/index.php?rest_route=%2Fwp%2Fv2%2Fcomments&post=1113"}],"version-history":[{"count":3,"href":"https:\/\/www.familledelabrie.fr\/index.php?rest_route=\/wp\/v2\/pages\/1113\/revisions"}],"predecessor-version":[{"id":1398,"href":"https:\/\/www.familledelabrie.fr\/index.php?rest_route=\/wp\/v2\/pages\/1113\/revisions\/1398"}],"wp:attachment":[{"href":"https:\/\/www.familledelabrie.fr\/index.php?rest_route=%2Fwp%2Fv2%2Fmedia&parent=1113"}],"curies":[{"name":"wp","href":"https:\/\/api.w.org\/{rel}","templated":true}]}}