{"id":1070,"date":"2014-03-31T20:36:42","date_gmt":"2014-03-31T19:36:42","guid":{"rendered":"http:\/\/www.familledelabrie.fr\/\/?page_id=1070"},"modified":"2014-08-16T11:09:13","modified_gmt":"2014-08-16T10:09:13","slug":"fete-de-la-famille-2008-a-montry","status":"publish","type":"page","link":"https:\/\/www.familledelabrie.fr\/?page_id=1070","title":{"rendered":"F\u00eate de la famille 2008 \u00e0 Montry"},"content":{"rendered":"<p>Des images de la f\u00eate de la famille 2008 \u00e0 Montry<\/p>\n<p><!-- default-view.php -->\n<div\n\tclass=\"ngg-galleryoverview default-view\n\t\t\"\n\tid=\"ngg-gallery-b78ec093307d4b5486f7e77a1d8974ee-1\"\n\tdata-nextgen-gallery-id=\"4\"\n\tdata-gallery-id=\"4\"\n\t\tdata-gallery-name=\"galerie f\u00eate de la famille 2008 \u00e0 Montry\"\n\t>\n\n\t\t<!-- Thumbnails -->\n\t\t\t\t<div id=\"ngg-image-0\" class=\"ngg-gallery-thumbnail-box\n\t\t\t\t\t\t\t\tngg-3-columns\t\t\t\"\n\t\t\t>\n\t\t\t\t\t\t<div class=\"ngg-gallery-thumbnail\">\n\t\t<a href=\"https:\/\/www.familledelabrie.fr\/wp-content\/gallery\/galerie-fete-de-la-famille-2008-a-montry\/reduction_1ere-touche.jpg?t=1553795733\"\n\t\t\ttitle=\"\"\n\t\t\tdata-src=\"https:\/\/www.familledelabrie.fr\/wp-content\/gallery\/galerie-fete-de-la-famille-2008-a-montry\/reduction_1ere-touche.jpg?t=1553795733\"\n\t\t\tdata-thumbnail=\"https:\/\/www.familledelabrie.fr\/wp-content\/gallery\/galerie-fete-de-la-famille-2008-a-montry\/thumbs\/thumbs_reduction_1ere-touche.jpg?t=1553795733\"\n\t\t\tdata-image-id=\"105\"\n\t\t\tdata-image-name=\"reduction_1ere-touche.jpg\"\n\t\t\tdata-title=\"reduction_1ere touche\"\n\t\t\tdata-description=\"\"\n\t\t\tdata-image-slug=\"reduction_1ere-touche\"\n\t\t\t\t\t\t\t\t\t\t\t\t\t\t\t\t\t\t\t\tclass='use_imagebrowser_effect' data-imagebrowser-url='https:\/\/www.familledelabrie.fr\/index.php\/nggallery\/image\/%STUB%?page_id=1070'>\n\t\t\t\t\t\t\t\t<img\n\t\t\t\t\ttitle=\"reduction_1ere touche\"\n\t\t\t\t\talt=\"reduction_1ere touche\"\n\t\t\t\t\tsrc=\"https:\/\/www.familledelabrie.fr\/wp-content\/gallery\/galerie-fete-de-la-famille-2008-a-montry\/cache\/reduction_1ere-touche.jpg-nggid03105-ngg0dyn-120x90x100-00f0w010c011r110f110r010t010.jpg?t=1553795733\"\n\t\t\t\t\twidth=\"120\"\n\t\t\t\t\theight=\"90\"\n\t\t\t\t\tstyle=\"max-width:100%;\"\n\t\t\t\t\/>\n\t\t\t<\/a>\n\t\t<\/div>\n\t\t\t\t\t\t\t<\/div>\n\t\t\t\n\t\t\t\t<div id=\"ngg-image-1\" class=\"ngg-gallery-thumbnail-box\n\t\t\t\t\t\t\t\tngg-3-columns\t\t\t\"\n\t\t\t>\n\t\t\t\t\t\t<div class=\"ngg-gallery-thumbnail\">\n\t\t<a href=\"https:\/\/www.familledelabrie.fr\/wp-content\/gallery\/galerie-fete-de-la-famille-2008-a-montry\/reduction_IMGP6404.jpg?t=1553795733\"\n\t\t\ttitle=\"\"\n\t\t\tdata-src=\"https:\/\/www.familledelabrie.fr\/wp-content\/gallery\/galerie-fete-de-la-famille-2008-a-montry\/reduction_IMGP6404.jpg?t=1553795733\"\n\t\t\tdata-thumbnail=\"https:\/\/www.familledelabrie.fr\/wp-content\/gallery\/galerie-fete-de-la-famille-2008-a-montry\/thumbs\/thumbs_reduction_IMGP6404.jpg?t=1553795733\"\n\t\t\tdata-image-id=\"106\"\n\t\t\tdata-image-name=\"reduction_IMGP6404.jpg\"\n\t\t\tdata-title=\"reduction_IMGP6404\"\n\t\t\tdata-description=\"\"\n\t\t\tdata-image-slug=\"reduction_imgp6404\"\n\t\t\t\t\t\t\t\t\t\t\t\t\t\t\t\t\t\t\t\tclass='use_imagebrowser_effect' data-imagebrowser-url='https:\/\/www.familledelabrie.fr\/index.php\/nggallery\/image\/%STUB%?page_id=1070'>\n\t\t\t\t\t\t\t\t<img\n\t\t\t\t\ttitle=\"reduction_IMGP6404\"\n\t\t\t\t\talt=\"reduction_IMGP6404\"\n\t\t\t\t\tsrc=\"https:\/\/www.familledelabrie.fr\/wp-content\/gallery\/galerie-fete-de-la-famille-2008-a-montry\/cache\/reduction_IMGP6404.jpg-nggid03106-ngg0dyn-120x90x100-00f0w010c011r110f110r010t010.jpg?t=1553795733\"\n\t\t\t\t\twidth=\"120\"\n\t\t\t\t\theight=\"90\"\n\t\t\t\t\tstyle=\"max-width:100%;\"\n\t\t\t\t\/>\n\t\t\t<\/a>\n\t\t<\/div>\n\t\t\t\t\t\t\t<\/div>\n\t\t\t\n\t\t\t\t<div id=\"ngg-image-2\" class=\"ngg-gallery-thumbnail-box\n\t\t\t\t\t\t\t\tngg-3-columns\t\t\t\"\n\t\t\t>\n\t\t\t\t\t\t<div class=\"ngg-gallery-thumbnail\">\n\t\t<a href=\"https:\/\/www.familledelabrie.fr\/wp-content\/gallery\/galerie-fete-de-la-famille-2008-a-montry\/reduction_IMGP6405.jpg?t=1553795733\"\n\t\t\ttitle=\"\"\n\t\t\tdata-src=\"https:\/\/www.familledelabrie.fr\/wp-content\/gallery\/galerie-fete-de-la-famille-2008-a-montry\/reduction_IMGP6405.jpg?t=1553795733\"\n\t\t\tdata-thumbnail=\"https:\/\/www.familledelabrie.fr\/wp-content\/gallery\/galerie-fete-de-la-famille-2008-a-montry\/thumbs\/thumbs_reduction_IMGP6405.jpg?t=1553795733\"\n\t\t\tdata-image-id=\"107\"\n\t\t\tdata-image-name=\"reduction_IMGP6405.jpg\"\n\t\t\tdata-title=\"reduction_IMGP6405\"\n\t\t\tdata-description=\"\"\n\t\t\tdata-image-slug=\"reduction_imgp6405\"\n\t\t\t\t\t\t\t\t\t\t\t\t\t\t\t\t\t\t\t\tclass='use_imagebrowser_effect' data-imagebrowser-url='https:\/\/www.familledelabrie.fr\/index.php\/nggallery\/image\/%STUB%?page_id=1070'>\n\t\t\t\t\t\t\t\t<img\n\t\t\t\t\ttitle=\"reduction_IMGP6405\"\n\t\t\t\t\talt=\"reduction_IMGP6405\"\n\t\t\t\t\tsrc=\"https:\/\/www.familledelabrie.fr\/wp-content\/gallery\/galerie-fete-de-la-famille-2008-a-montry\/cache\/reduction_IMGP6405.jpg-nggid03107-ngg0dyn-120x90x100-00f0w010c011r110f110r010t010.jpg?t=1553795733\"\n\t\t\t\t\twidth=\"120\"\n\t\t\t\t\theight=\"90\"\n\t\t\t\t\tstyle=\"max-width:100%;\"\n\t\t\t\t\/>\n\t\t\t<\/a>\n\t\t<\/div>\n\t\t\t\t\t\t\t<\/div>\n\t\t\t\n\t\t\t\t<div id=\"ngg-image-3\" class=\"ngg-gallery-thumbnail-box\n\t\t\t\t\t\t\t\tngg-3-columns\t\t\t\"\n\t\t\t>\n\t\t\t\t\t\t<div class=\"ngg-gallery-thumbnail\">\n\t\t<a href=\"https:\/\/www.familledelabrie.fr\/wp-content\/gallery\/galerie-fete-de-la-famille-2008-a-montry\/reduction_IMGP6407.JPG?t=1553795734\"\n\t\t\ttitle=\"\"\n\t\t\tdata-src=\"https:\/\/www.familledelabrie.fr\/wp-content\/gallery\/galerie-fete-de-la-famille-2008-a-montry\/reduction_IMGP6407.JPG?t=1553795734\"\n\t\t\tdata-thumbnail=\"https:\/\/www.familledelabrie.fr\/wp-content\/gallery\/galerie-fete-de-la-famille-2008-a-montry\/thumbs\/thumbs_reduction_IMGP6407.JPG?t=1553795734\"\n\t\t\tdata-image-id=\"108\"\n\t\t\tdata-image-name=\"reduction_IMGP6407.JPG\"\n\t\t\tdata-title=\"reduction_IMGP6407\"\n\t\t\tdata-description=\"\"\n\t\t\tdata-image-slug=\"reduction_imgp6407\"\n\t\t\t\t\t\t\t\t\t\t\t\t\t\t\t\t\t\t\t\tclass='use_imagebrowser_effect' data-imagebrowser-url='https:\/\/www.familledelabrie.fr\/index.php\/nggallery\/image\/%STUB%?page_id=1070'>\n\t\t\t\t\t\t\t\t<img\n\t\t\t\t\ttitle=\"reduction_IMGP6407\"\n\t\t\t\t\talt=\"reduction_IMGP6407\"\n\t\t\t\t\tsrc=\"https:\/\/www.familledelabrie.fr\/wp-content\/gallery\/galerie-fete-de-la-famille-2008-a-montry\/cache\/reduction_IMGP6407.JPG-nggid03108-ngg0dyn-120x90x100-00f0w010c011r110f110r010t010.JPG?t=1553795734\"\n\t\t\t\t\twidth=\"120\"\n\t\t\t\t\theight=\"90\"\n\t\t\t\t\tstyle=\"max-width:100%;\"\n\t\t\t\t\/>\n\t\t\t<\/a>\n\t\t<\/div>\n\t\t\t\t\t\t\t<\/div>\n\t\t\t\n\t\t\t\t<div id=\"ngg-image-4\" class=\"ngg-gallery-thumbnail-box\n\t\t\t\t\t\t\t\tngg-3-columns\t\t\t\"\n\t\t\t>\n\t\t\t\t\t\t<div class=\"ngg-gallery-thumbnail\">\n\t\t<a href=\"https:\/\/www.familledelabrie.fr\/wp-content\/gallery\/galerie-fete-de-la-famille-2008-a-montry\/reduction_IMGP6423.JPG?t=1553795734\"\n\t\t\ttitle=\"\"\n\t\t\tdata-src=\"https:\/\/www.familledelabrie.fr\/wp-content\/gallery\/galerie-fete-de-la-famille-2008-a-montry\/reduction_IMGP6423.JPG?t=1553795734\"\n\t\t\tdata-thumbnail=\"https:\/\/www.familledelabrie.fr\/wp-content\/gallery\/galerie-fete-de-la-famille-2008-a-montry\/thumbs\/thumbs_reduction_IMGP6423.JPG?t=1553795734\"\n\t\t\tdata-image-id=\"109\"\n\t\t\tdata-image-name=\"reduction_IMGP6423.JPG\"\n\t\t\tdata-title=\"reduction_IMGP6423\"\n\t\t\tdata-description=\"\"\n\t\t\tdata-image-slug=\"reduction_imgp6423\"\n\t\t\t\t\t\t\t\t\t\t\t\t\t\t\t\t\t\t\t\tclass='use_imagebrowser_effect' data-imagebrowser-url='https:\/\/www.familledelabrie.fr\/index.php\/nggallery\/image\/%STUB%?page_id=1070'>\n\t\t\t\t\t\t\t\t<img\n\t\t\t\t\ttitle=\"reduction_IMGP6423\"\n\t\t\t\t\talt=\"reduction_IMGP6423\"\n\t\t\t\t\tsrc=\"https:\/\/www.familledelabrie.fr\/wp-content\/gallery\/galerie-fete-de-la-famille-2008-a-montry\/cache\/reduction_IMGP6423.JPG-nggid03109-ngg0dyn-120x90x100-00f0w010c011r110f110r010t010.JPG?t=1553795734\"\n\t\t\t\t\twidth=\"120\"\n\t\t\t\t\theight=\"90\"\n\t\t\t\t\tstyle=\"max-width:100%;\"\n\t\t\t\t\/>\n\t\t\t<\/a>\n\t\t<\/div>\n\t\t\t\t\t\t\t<\/div>\n\t\t\t\n\t\t\t\t<div id=\"ngg-image-5\" class=\"ngg-gallery-thumbnail-box\n\t\t\t\t\t\t\t\tngg-3-columns\t\t\t\"\n\t\t\t>\n\t\t\t\t\t\t<div class=\"ngg-gallery-thumbnail\">\n\t\t<a href=\"https:\/\/www.familledelabrie.fr\/wp-content\/gallery\/galerie-fete-de-la-famille-2008-a-montry\/reduction_IMGP6408.jpg?t=1553795734\"\n\t\t\ttitle=\"\"\n\t\t\tdata-src=\"https:\/\/www.familledelabrie.fr\/wp-content\/gallery\/galerie-fete-de-la-famille-2008-a-montry\/reduction_IMGP6408.jpg?t=1553795734\"\n\t\t\tdata-thumbnail=\"https:\/\/www.familledelabrie.fr\/wp-content\/gallery\/galerie-fete-de-la-famille-2008-a-montry\/thumbs\/thumbs_reduction_IMGP6408.jpg?t=1553795734\"\n\t\t\tdata-image-id=\"110\"\n\t\t\tdata-image-name=\"reduction_IMGP6408.jpg\"\n\t\t\tdata-title=\"reduction_IMGP6408\"\n\t\t\tdata-description=\"\"\n\t\t\tdata-image-slug=\"reduction_imgp6408\"\n\t\t\t\t\t\t\t\t\t\t\t\t\t\t\t\t\t\t\t\tclass='use_imagebrowser_effect' data-imagebrowser-url='https:\/\/www.familledelabrie.fr\/index.php\/nggallery\/image\/%STUB%?page_id=1070'>\n\t\t\t\t\t\t\t\t<img\n\t\t\t\t\ttitle=\"reduction_IMGP6408\"\n\t\t\t\t\talt=\"reduction_IMGP6408\"\n\t\t\t\t\tsrc=\"https:\/\/www.familledelabrie.fr\/wp-content\/gallery\/galerie-fete-de-la-famille-2008-a-montry\/cache\/reduction_IMGP6408.jpg-nggid03110-ngg0dyn-120x90x100-00f0w010c011r110f110r010t010.jpg?t=1553795734\"\n\t\t\t\t\twidth=\"120\"\n\t\t\t\t\theight=\"90\"\n\t\t\t\t\tstyle=\"max-width:100%;\"\n\t\t\t\t\/>\n\t\t\t<\/a>\n\t\t<\/div>\n\t\t\t\t\t\t\t<\/div>\n\t\t\t\n\t\t\t\t<div id=\"ngg-image-6\" class=\"ngg-gallery-thumbnail-box\n\t\t\t\t\t\t\t\tngg-3-columns\t\t\t\"\n\t\t\t>\n\t\t\t\t\t\t<div class=\"ngg-gallery-thumbnail\">\n\t\t<a href=\"https:\/\/www.familledelabrie.fr\/wp-content\/gallery\/galerie-fete-de-la-famille-2008-a-montry\/reduction_IMGP6409.jpg?t=1553795735\"\n\t\t\ttitle=\"\"\n\t\t\tdata-src=\"https:\/\/www.familledelabrie.fr\/wp-content\/gallery\/galerie-fete-de-la-famille-2008-a-montry\/reduction_IMGP6409.jpg?t=1553795735\"\n\t\t\tdata-thumbnail=\"https:\/\/www.familledelabrie.fr\/wp-content\/gallery\/galerie-fete-de-la-famille-2008-a-montry\/thumbs\/thumbs_reduction_IMGP6409.jpg?t=1553795735\"\n\t\t\tdata-image-id=\"111\"\n\t\t\tdata-image-name=\"reduction_IMGP6409.jpg\"\n\t\t\tdata-title=\"reduction_IMGP6409\"\n\t\t\tdata-description=\"\"\n\t\t\tdata-image-slug=\"reduction_imgp6409\"\n\t\t\t\t\t\t\t\t\t\t\t\t\t\t\t\t\t\t\t\tclass='use_imagebrowser_effect' data-imagebrowser-url='https:\/\/www.familledelabrie.fr\/index.php\/nggallery\/image\/%STUB%?page_id=1070'>\n\t\t\t\t\t\t\t\t<img\n\t\t\t\t\ttitle=\"reduction_IMGP6409\"\n\t\t\t\t\talt=\"reduction_IMGP6409\"\n\t\t\t\t\tsrc=\"https:\/\/www.familledelabrie.fr\/wp-content\/gallery\/galerie-fete-de-la-famille-2008-a-montry\/cache\/reduction_IMGP6409.jpg-nggid03111-ngg0dyn-120x90x100-00f0w010c011r110f110r010t010.jpg?t=1553795735\"\n\t\t\t\t\twidth=\"120\"\n\t\t\t\t\theight=\"90\"\n\t\t\t\t\tstyle=\"max-width:100%;\"\n\t\t\t\t\/>\n\t\t\t<\/a>\n\t\t<\/div>\n\t\t\t\t\t\t\t<\/div>\n\t\t\t\n\t\t\t\t<div id=\"ngg-image-7\" class=\"ngg-gallery-thumbnail-box\n\t\t\t\t\t\t\t\tngg-3-columns\t\t\t\"\n\t\t\t>\n\t\t\t\t\t\t<div class=\"ngg-gallery-thumbnail\">\n\t\t<a href=\"https:\/\/www.familledelabrie.fr\/wp-content\/gallery\/galerie-fete-de-la-famille-2008-a-montry\/reduction_IMGP6413.JPG?t=1553795735\"\n\t\t\ttitle=\"\"\n\t\t\tdata-src=\"https:\/\/www.familledelabrie.fr\/wp-content\/gallery\/galerie-fete-de-la-famille-2008-a-montry\/reduction_IMGP6413.JPG?t=1553795735\"\n\t\t\tdata-thumbnail=\"https:\/\/www.familledelabrie.fr\/wp-content\/gallery\/galerie-fete-de-la-famille-2008-a-montry\/thumbs\/thumbs_reduction_IMGP6413.JPG?t=1553795735\"\n\t\t\tdata-image-id=\"112\"\n\t\t\tdata-image-name=\"reduction_IMGP6413.JPG\"\n\t\t\tdata-title=\"reduction_IMGP6413\"\n\t\t\tdata-description=\"\"\n\t\t\tdata-image-slug=\"reduction_imgp6413\"\n\t\t\t\t\t\t\t\t\t\t\t\t\t\t\t\t\t\t\t\tclass='use_imagebrowser_effect' data-imagebrowser-url='https:\/\/www.familledelabrie.fr\/index.php\/nggallery\/image\/%STUB%?page_id=1070'>\n\t\t\t\t\t\t\t\t<img\n\t\t\t\t\ttitle=\"reduction_IMGP6413\"\n\t\t\t\t\talt=\"reduction_IMGP6413\"\n\t\t\t\t\tsrc=\"https:\/\/www.familledelabrie.fr\/wp-content\/gallery\/galerie-fete-de-la-famille-2008-a-montry\/cache\/reduction_IMGP6413.JPG-nggid03112-ngg0dyn-120x90x100-00f0w010c011r110f110r010t010.JPG?t=1553795735\"\n\t\t\t\t\twidth=\"120\"\n\t\t\t\t\theight=\"90\"\n\t\t\t\t\tstyle=\"max-width:100%;\"\n\t\t\t\t\/>\n\t\t\t<\/a>\n\t\t<\/div>\n\t\t\t\t\t\t\t<\/div>\n\t\t\t\n\t\t\t\t<div id=\"ngg-image-8\" class=\"ngg-gallery-thumbnail-box\n\t\t\t\t\t\t\t\tngg-3-columns\t\t\t\"\n\t\t\t>\n\t\t\t\t\t\t<div class=\"ngg-gallery-thumbnail\">\n\t\t<a href=\"https:\/\/www.familledelabrie.fr\/wp-content\/gallery\/galerie-fete-de-la-famille-2008-a-montry\/reduction_IMGP6417.JPG?t=1553795736\"\n\t\t\ttitle=\"\"\n\t\t\tdata-src=\"https:\/\/www.familledelabrie.fr\/wp-content\/gallery\/galerie-fete-de-la-famille-2008-a-montry\/reduction_IMGP6417.JPG?t=1553795736\"\n\t\t\tdata-thumbnail=\"https:\/\/www.familledelabrie.fr\/wp-content\/gallery\/galerie-fete-de-la-famille-2008-a-montry\/thumbs\/thumbs_reduction_IMGP6417.JPG?t=1553795736\"\n\t\t\tdata-image-id=\"113\"\n\t\t\tdata-image-name=\"reduction_IMGP6417.JPG\"\n\t\t\tdata-title=\"reduction_IMGP6417\"\n\t\t\tdata-description=\"\"\n\t\t\tdata-image-slug=\"reduction_imgp6417\"\n\t\t\t\t\t\t\t\t\t\t\t\t\t\t\t\t\t\t\t\tclass='use_imagebrowser_effect' data-imagebrowser-url='https:\/\/www.familledelabrie.fr\/index.php\/nggallery\/image\/%STUB%?page_id=1070'>\n\t\t\t\t\t\t\t\t<img\n\t\t\t\t\ttitle=\"reduction_IMGP6417\"\n\t\t\t\t\talt=\"reduction_IMGP6417\"\n\t\t\t\t\tsrc=\"https:\/\/www.familledelabrie.fr\/wp-content\/gallery\/galerie-fete-de-la-famille-2008-a-montry\/cache\/reduction_IMGP6417.JPG-nggid03113-ngg0dyn-120x90x100-00f0w010c011r110f110r010t010.JPG?t=1553795736\"\n\t\t\t\t\twidth=\"120\"\n\t\t\t\t\theight=\"90\"\n\t\t\t\t\tstyle=\"max-width:100%;\"\n\t\t\t\t\/>\n\t\t\t<\/a>\n\t\t<\/div>\n\t\t\t\t\t\t\t<\/div>\n\t\t\t\n\t\t\t\t<div id=\"ngg-image-9\" class=\"ngg-gallery-thumbnail-box\n\t\t\t\t\t\t\t\tngg-3-columns\t\t\t\"\n\t\t\t>\n\t\t\t\t\t\t<div class=\"ngg-gallery-thumbnail\">\n\t\t<a href=\"https:\/\/www.familledelabrie.fr\/wp-content\/gallery\/galerie-fete-de-la-famille-2008-a-montry\/reduction_IMGP6423.JPG?t=1553795736\"\n\t\t\ttitle=\"\"\n\t\t\tdata-src=\"https:\/\/www.familledelabrie.fr\/wp-content\/gallery\/galerie-fete-de-la-famille-2008-a-montry\/reduction_IMGP6423.JPG?t=1553795736\"\n\t\t\tdata-thumbnail=\"https:\/\/www.familledelabrie.fr\/wp-content\/gallery\/galerie-fete-de-la-famille-2008-a-montry\/thumbs\/thumbs_reduction_IMGP6423.JPG?t=1553795736\"\n\t\t\tdata-image-id=\"114\"\n\t\t\tdata-image-name=\"reduction_IMGP6423.JPG\"\n\t\t\tdata-title=\"reduction_IMGP6423\"\n\t\t\tdata-description=\"\"\n\t\t\tdata-image-slug=\"reduction_imgp6423-1\"\n\t\t\t\t\t\t\t\t\t\t\t\t\t\t\t\t\t\t\t\tclass='use_imagebrowser_effect' data-imagebrowser-url='https:\/\/www.familledelabrie.fr\/index.php\/nggallery\/image\/%STUB%?page_id=1070'>\n\t\t\t\t\t\t\t\t<img\n\t\t\t\t\ttitle=\"reduction_IMGP6423\"\n\t\t\t\t\talt=\"reduction_IMGP6423\"\n\t\t\t\t\tsrc=\"https:\/\/www.familledelabrie.fr\/wp-content\/gallery\/galerie-fete-de-la-famille-2008-a-montry\/cache\/reduction_IMGP6423.JPG-nggid03114-ngg0dyn-120x90x100-00f0w010c011r110f110r010t010.JPG?t=1553795736\"\n\t\t\t\t\twidth=\"120\"\n\t\t\t\t\theight=\"90\"\n\t\t\t\t\tstyle=\"max-width:100%;\"\n\t\t\t\t\/>\n\t\t\t<\/a>\n\t\t<\/div>\n\t\t\t\t\t\t\t<\/div>\n\t\t\t\n\t\t\t\t<div id=\"ngg-image-10\" class=\"ngg-gallery-thumbnail-box\n\t\t\t\t\t\t\t\tngg-3-columns\t\t\t\"\n\t\t\t>\n\t\t\t\t\t\t<div class=\"ngg-gallery-thumbnail\">\n\t\t<a href=\"https:\/\/www.familledelabrie.fr\/wp-content\/gallery\/galerie-fete-de-la-famille-2008-a-montry\/reduction_IMGP6427.jpg?t=1553795736\"\n\t\t\ttitle=\"\"\n\t\t\tdata-src=\"https:\/\/www.familledelabrie.fr\/wp-content\/gallery\/galerie-fete-de-la-famille-2008-a-montry\/reduction_IMGP6427.jpg?t=1553795736\"\n\t\t\tdata-thumbnail=\"https:\/\/www.familledelabrie.fr\/wp-content\/gallery\/galerie-fete-de-la-famille-2008-a-montry\/thumbs\/thumbs_reduction_IMGP6427.jpg?t=1553795736\"\n\t\t\tdata-image-id=\"115\"\n\t\t\tdata-image-name=\"reduction_IMGP6427.jpg\"\n\t\t\tdata-title=\"reduction_IMGP6427\"\n\t\t\tdata-description=\"\"\n\t\t\tdata-image-slug=\"reduction_imgp6427\"\n\t\t\t\t\t\t\t\t\t\t\t\t\t\t\t\t\t\t\t\tclass='use_imagebrowser_effect' data-imagebrowser-url='https:\/\/www.familledelabrie.fr\/index.php\/nggallery\/image\/%STUB%?page_id=1070'>\n\t\t\t\t\t\t\t\t<img\n\t\t\t\t\ttitle=\"reduction_IMGP6427\"\n\t\t\t\t\talt=\"reduction_IMGP6427\"\n\t\t\t\t\tsrc=\"https:\/\/www.familledelabrie.fr\/wp-content\/gallery\/galerie-fete-de-la-famille-2008-a-montry\/cache\/reduction_IMGP6427.jpg-nggid03115-ngg0dyn-120x90x100-00f0w010c011r110f110r010t010.jpg?t=1553795736\"\n\t\t\t\t\twidth=\"120\"\n\t\t\t\t\theight=\"90\"\n\t\t\t\t\tstyle=\"max-width:100%;\"\n\t\t\t\t\/>\n\t\t\t<\/a>\n\t\t<\/div>\n\t\t\t\t\t\t\t<\/div>\n\t\t\t\n\t\t\t\t<div id=\"ngg-image-11\" class=\"ngg-gallery-thumbnail-box\n\t\t\t\t\t\t\t\tngg-3-columns\t\t\t\"\n\t\t\t>\n\t\t\t\t\t\t<div class=\"ngg-gallery-thumbnail\">\n\t\t<a href=\"https:\/\/www.familledelabrie.fr\/wp-content\/gallery\/galerie-fete-de-la-famille-2008-a-montry\/reduction_IMGP6428.JPG?t=1553795737\"\n\t\t\ttitle=\"\"\n\t\t\tdata-src=\"https:\/\/www.familledelabrie.fr\/wp-content\/gallery\/galerie-fete-de-la-famille-2008-a-montry\/reduction_IMGP6428.JPG?t=1553795737\"\n\t\t\tdata-thumbnail=\"https:\/\/www.familledelabrie.fr\/wp-content\/gallery\/galerie-fete-de-la-famille-2008-a-montry\/thumbs\/thumbs_reduction_IMGP6428.JPG?t=1553795737\"\n\t\t\tdata-image-id=\"116\"\n\t\t\tdata-image-name=\"reduction_IMGP6428.JPG\"\n\t\t\tdata-title=\"reduction_IMGP6428\"\n\t\t\tdata-description=\"\"\n\t\t\tdata-image-slug=\"reduction_imgp6428\"\n\t\t\t\t\t\t\t\t\t\t\t\t\t\t\t\t\t\t\t\tclass='use_imagebrowser_effect' data-imagebrowser-url='https:\/\/www.familledelabrie.fr\/index.php\/nggallery\/image\/%STUB%?page_id=1070'>\n\t\t\t\t\t\t\t\t<img\n\t\t\t\t\ttitle=\"reduction_IMGP6428\"\n\t\t\t\t\talt=\"reduction_IMGP6428\"\n\t\t\t\t\tsrc=\"https:\/\/www.familledelabrie.fr\/wp-content\/gallery\/galerie-fete-de-la-famille-2008-a-montry\/cache\/reduction_IMGP6428.JPG-nggid03116-ngg0dyn-120x90x100-00f0w010c011r110f110r010t010.JPG?t=1553795737\"\n\t\t\t\t\twidth=\"120\"\n\t\t\t\t\theight=\"90\"\n\t\t\t\t\tstyle=\"max-width:100%;\"\n\t\t\t\t\/>\n\t\t\t<\/a>\n\t\t<\/div>\n\t\t\t\t\t\t\t<\/div>\n\t\t\t\n\t\t\t\t<div id=\"ngg-image-12\" class=\"ngg-gallery-thumbnail-box\n\t\t\t\t\t\t\t\tngg-3-columns\t\t\t\"\n\t\t\t>\n\t\t\t\t\t\t<div class=\"ngg-gallery-thumbnail\">\n\t\t<a href=\"https:\/\/www.familledelabrie.fr\/wp-content\/gallery\/galerie-fete-de-la-famille-2008-a-montry\/reduction_IMGP6429.JPG?t=1553795737\"\n\t\t\ttitle=\"\"\n\t\t\tdata-src=\"https:\/\/www.familledelabrie.fr\/wp-content\/gallery\/galerie-fete-de-la-famille-2008-a-montry\/reduction_IMGP6429.JPG?t=1553795737\"\n\t\t\tdata-thumbnail=\"https:\/\/www.familledelabrie.fr\/wp-content\/gallery\/galerie-fete-de-la-famille-2008-a-montry\/thumbs\/thumbs_reduction_IMGP6429.JPG?t=1553795737\"\n\t\t\tdata-image-id=\"117\"\n\t\t\tdata-image-name=\"reduction_IMGP6429.JPG\"\n\t\t\tdata-title=\"reduction_IMGP6429\"\n\t\t\tdata-description=\"\"\n\t\t\tdata-image-slug=\"reduction_imgp6429\"\n\t\t\t\t\t\t\t\t\t\t\t\t\t\t\t\t\t\t\t\tclass='use_imagebrowser_effect' data-imagebrowser-url='https:\/\/www.familledelabrie.fr\/index.php\/nggallery\/image\/%STUB%?page_id=1070'>\n\t\t\t\t\t\t\t\t<img\n\t\t\t\t\ttitle=\"reduction_IMGP6429\"\n\t\t\t\t\talt=\"reduction_IMGP6429\"\n\t\t\t\t\tsrc=\"https:\/\/www.familledelabrie.fr\/wp-content\/gallery\/galerie-fete-de-la-famille-2008-a-montry\/cache\/reduction_IMGP6429.JPG-nggid03117-ngg0dyn-120x90x100-00f0w010c011r110f110r010t010.JPG?t=1553795737\"\n\t\t\t\t\twidth=\"120\"\n\t\t\t\t\theight=\"90\"\n\t\t\t\t\tstyle=\"max-width:100%;\"\n\t\t\t\t\/>\n\t\t\t<\/a>\n\t\t<\/div>\n\t\t\t\t\t\t\t<\/div>\n\t\t\t\n\t\t\t\t<div id=\"ngg-image-13\" class=\"ngg-gallery-thumbnail-box\n\t\t\t\t\t\t\t\tngg-3-columns\t\t\t\"\n\t\t\t>\n\t\t\t\t\t\t<div class=\"ngg-gallery-thumbnail\">\n\t\t<a href=\"https:\/\/www.familledelabrie.fr\/wp-content\/gallery\/galerie-fete-de-la-famille-2008-a-montry\/reduction_IMGP6433.JPG?t=1553795738\"\n\t\t\ttitle=\"\"\n\t\t\tdata-src=\"https:\/\/www.familledelabrie.fr\/wp-content\/gallery\/galerie-fete-de-la-famille-2008-a-montry\/reduction_IMGP6433.JPG?t=1553795738\"\n\t\t\tdata-thumbnail=\"https:\/\/www.familledelabrie.fr\/wp-content\/gallery\/galerie-fete-de-la-famille-2008-a-montry\/thumbs\/thumbs_reduction_IMGP6433.JPG?t=1553795738\"\n\t\t\tdata-image-id=\"118\"\n\t\t\tdata-image-name=\"reduction_IMGP6433.JPG\"\n\t\t\tdata-title=\"reduction_IMGP6433\"\n\t\t\tdata-description=\"\"\n\t\t\tdata-image-slug=\"reduction_imgp6433\"\n\t\t\t\t\t\t\t\t\t\t\t\t\t\t\t\t\t\t\t\tclass='use_imagebrowser_effect' data-imagebrowser-url='https:\/\/www.familledelabrie.fr\/index.php\/nggallery\/image\/%STUB%?page_id=1070'>\n\t\t\t\t\t\t\t\t<img\n\t\t\t\t\ttitle=\"reduction_IMGP6433\"\n\t\t\t\t\talt=\"reduction_IMGP6433\"\n\t\t\t\t\tsrc=\"https:\/\/www.familledelabrie.fr\/wp-content\/gallery\/galerie-fete-de-la-famille-2008-a-montry\/cache\/reduction_IMGP6433.JPG-nggid03118-ngg0dyn-120x90x100-00f0w010c011r110f110r010t010.JPG?t=1553795738\"\n\t\t\t\t\twidth=\"120\"\n\t\t\t\t\theight=\"90\"\n\t\t\t\t\tstyle=\"max-width:100%;\"\n\t\t\t\t\/>\n\t\t\t<\/a>\n\t\t<\/div>\n\t\t\t\t\t\t\t<\/div>\n\t\t\t\n\t\t\t\t<div id=\"ngg-image-14\" class=\"ngg-gallery-thumbnail-box\n\t\t\t\t\t\t\t\tngg-3-columns\t\t\t\"\n\t\t\t>\n\t\t\t\t\t\t<div class=\"ngg-gallery-thumbnail\">\n\t\t<a href=\"https:\/\/www.familledelabrie.fr\/wp-content\/gallery\/galerie-fete-de-la-famille-2008-a-montry\/reduction_IMGP6434.JPG?t=1553795738\"\n\t\t\ttitle=\"\"\n\t\t\tdata-src=\"https:\/\/www.familledelabrie.fr\/wp-content\/gallery\/galerie-fete-de-la-famille-2008-a-montry\/reduction_IMGP6434.JPG?t=1553795738\"\n\t\t\tdata-thumbnail=\"https:\/\/www.familledelabrie.fr\/wp-content\/gallery\/galerie-fete-de-la-famille-2008-a-montry\/thumbs\/thumbs_reduction_IMGP6434.JPG?t=1553795738\"\n\t\t\tdata-image-id=\"119\"\n\t\t\tdata-image-name=\"reduction_IMGP6434.JPG\"\n\t\t\tdata-title=\"reduction_IMGP6434\"\n\t\t\tdata-description=\"\"\n\t\t\tdata-image-slug=\"reduction_imgp6434\"\n\t\t\t\t\t\t\t\t\t\t\t\t\t\t\t\t\t\t\t\tclass='use_imagebrowser_effect' data-imagebrowser-url='https:\/\/www.familledelabrie.fr\/index.php\/nggallery\/image\/%STUB%?page_id=1070'>\n\t\t\t\t\t\t\t\t<img\n\t\t\t\t\ttitle=\"reduction_IMGP6434\"\n\t\t\t\t\talt=\"reduction_IMGP6434\"\n\t\t\t\t\tsrc=\"https:\/\/www.familledelabrie.fr\/wp-content\/gallery\/galerie-fete-de-la-famille-2008-a-montry\/cache\/reduction_IMGP6434.JPG-nggid03119-ngg0dyn-120x90x100-00f0w010c011r110f110r010t010.JPG?t=1553795738\"\n\t\t\t\t\twidth=\"120\"\n\t\t\t\t\theight=\"90\"\n\t\t\t\t\tstyle=\"max-width:100%;\"\n\t\t\t\t\/>\n\t\t\t<\/a>\n\t\t<\/div>\n\t\t\t\t\t\t\t<\/div>\n\t\t\t\n\t\t\t\t<div id=\"ngg-image-15\" class=\"ngg-gallery-thumbnail-box\n\t\t\t\t\t\t\t\tngg-3-columns\t\t\t\"\n\t\t\t>\n\t\t\t\t\t\t<div class=\"ngg-gallery-thumbnail\">\n\t\t<a href=\"https:\/\/www.familledelabrie.fr\/wp-content\/gallery\/galerie-fete-de-la-famille-2008-a-montry\/reduction_IMGP6435.JPG?t=1553795739\"\n\t\t\ttitle=\"\"\n\t\t\tdata-src=\"https:\/\/www.familledelabrie.fr\/wp-content\/gallery\/galerie-fete-de-la-famille-2008-a-montry\/reduction_IMGP6435.JPG?t=1553795739\"\n\t\t\tdata-thumbnail=\"https:\/\/www.familledelabrie.fr\/wp-content\/gallery\/galerie-fete-de-la-famille-2008-a-montry\/thumbs\/thumbs_reduction_IMGP6435.JPG?t=1553795739\"\n\t\t\tdata-image-id=\"120\"\n\t\t\tdata-image-name=\"reduction_IMGP6435.JPG\"\n\t\t\tdata-title=\"reduction_IMGP6435\"\n\t\t\tdata-description=\"\"\n\t\t\tdata-image-slug=\"reduction_imgp6435\"\n\t\t\t\t\t\t\t\t\t\t\t\t\t\t\t\t\t\t\t\tclass='use_imagebrowser_effect' data-imagebrowser-url='https:\/\/www.familledelabrie.fr\/index.php\/nggallery\/image\/%STUB%?page_id=1070'>\n\t\t\t\t\t\t\t\t<img\n\t\t\t\t\ttitle=\"reduction_IMGP6435\"\n\t\t\t\t\talt=\"reduction_IMGP6435\"\n\t\t\t\t\tsrc=\"https:\/\/www.familledelabrie.fr\/wp-content\/gallery\/galerie-fete-de-la-famille-2008-a-montry\/cache\/reduction_IMGP6435.JPG-nggid03120-ngg0dyn-120x90x100-00f0w010c011r110f110r010t010.JPG?t=1553795739\"\n\t\t\t\t\twidth=\"120\"\n\t\t\t\t\theight=\"90\"\n\t\t\t\t\tstyle=\"max-width:100%;\"\n\t\t\t\t\/>\n\t\t\t<\/a>\n\t\t<\/div>\n\t\t\t\t\t\t\t<\/div>\n\t\t\t\n\t\t\t\t<div id=\"ngg-image-16\" class=\"ngg-gallery-thumbnail-box\n\t\t\t\t\t\t\t\tngg-3-columns\t\t\t\"\n\t\t\t>\n\t\t\t\t\t\t<div class=\"ngg-gallery-thumbnail\">\n\t\t<a href=\"https:\/\/www.familledelabrie.fr\/wp-content\/gallery\/galerie-fete-de-la-famille-2008-a-montry\/reduction_IMGP6439.jpg?t=1553795739\"\n\t\t\ttitle=\"\"\n\t\t\tdata-src=\"https:\/\/www.familledelabrie.fr\/wp-content\/gallery\/galerie-fete-de-la-famille-2008-a-montry\/reduction_IMGP6439.jpg?t=1553795739\"\n\t\t\tdata-thumbnail=\"https:\/\/www.familledelabrie.fr\/wp-content\/gallery\/galerie-fete-de-la-famille-2008-a-montry\/thumbs\/thumbs_reduction_IMGP6439.jpg?t=1553795739\"\n\t\t\tdata-image-id=\"121\"\n\t\t\tdata-image-name=\"reduction_IMGP6439.jpg\"\n\t\t\tdata-title=\"reduction_IMGP6439\"\n\t\t\tdata-description=\"\"\n\t\t\tdata-image-slug=\"reduction_imgp6439\"\n\t\t\t\t\t\t\t\t\t\t\t\t\t\t\t\t\t\t\t\tclass='use_imagebrowser_effect' data-imagebrowser-url='https:\/\/www.familledelabrie.fr\/index.php\/nggallery\/image\/%STUB%?page_id=1070'>\n\t\t\t\t\t\t\t\t<img\n\t\t\t\t\ttitle=\"reduction_IMGP6439\"\n\t\t\t\t\talt=\"reduction_IMGP6439\"\n\t\t\t\t\tsrc=\"https:\/\/www.familledelabrie.fr\/wp-content\/gallery\/galerie-fete-de-la-famille-2008-a-montry\/cache\/reduction_IMGP6439.jpg-nggid03121-ngg0dyn-120x90x100-00f0w010c011r110f110r010t010.jpg?t=1553795739\"\n\t\t\t\t\twidth=\"120\"\n\t\t\t\t\theight=\"90\"\n\t\t\t\t\tstyle=\"max-width:100%;\"\n\t\t\t\t\/>\n\t\t\t<\/a>\n\t\t<\/div>\n\t\t\t\t\t\t\t<\/div>\n\t\t\t\n\t\t\t\t<div id=\"ngg-image-17\" class=\"ngg-gallery-thumbnail-box\n\t\t\t\t\t\t\t\tngg-3-columns\t\t\t\"\n\t\t\t>\n\t\t\t\t\t\t<div class=\"ngg-gallery-thumbnail\">\n\t\t<a href=\"https:\/\/www.familledelabrie.fr\/wp-content\/gallery\/galerie-fete-de-la-famille-2008-a-montry\/reduction_IMGP6442.jpg?t=1553795739\"\n\t\t\ttitle=\"\"\n\t\t\tdata-src=\"https:\/\/www.familledelabrie.fr\/wp-content\/gallery\/galerie-fete-de-la-famille-2008-a-montry\/reduction_IMGP6442.jpg?t=1553795739\"\n\t\t\tdata-thumbnail=\"https:\/\/www.familledelabrie.fr\/wp-content\/gallery\/galerie-fete-de-la-famille-2008-a-montry\/thumbs\/thumbs_reduction_IMGP6442.jpg?t=1553795739\"\n\t\t\tdata-image-id=\"122\"\n\t\t\tdata-image-name=\"reduction_IMGP6442.jpg\"\n\t\t\tdata-title=\"reduction_IMGP6442\"\n\t\t\tdata-description=\"\"\n\t\t\tdata-image-slug=\"reduction_imgp6442\"\n\t\t\t\t\t\t\t\t\t\t\t\t\t\t\t\t\t\t\t\tclass='use_imagebrowser_effect' data-imagebrowser-url='https:\/\/www.familledelabrie.fr\/index.php\/nggallery\/image\/%STUB%?page_id=1070'>\n\t\t\t\t\t\t\t\t<img\n\t\t\t\t\ttitle=\"reduction_IMGP6442\"\n\t\t\t\t\talt=\"reduction_IMGP6442\"\n\t\t\t\t\tsrc=\"https:\/\/www.familledelabrie.fr\/wp-content\/gallery\/galerie-fete-de-la-famille-2008-a-montry\/cache\/reduction_IMGP6442.jpg-nggid03122-ngg0dyn-120x90x100-00f0w010c011r110f110r010t010.jpg?t=1553795739\"\n\t\t\t\t\twidth=\"120\"\n\t\t\t\t\theight=\"90\"\n\t\t\t\t\tstyle=\"max-width:100%;\"\n\t\t\t\t\/>\n\t\t\t<\/a>\n\t\t<\/div>\n\t\t\t\t\t\t\t<\/div>\n\t\t\t\n\t\t\t\t<div id=\"ngg-image-18\" class=\"ngg-gallery-thumbnail-box\n\t\t\t\t\t\t\t\tngg-3-columns\t\t\t\"\n\t\t\t>\n\t\t\t\t\t\t<div class=\"ngg-gallery-thumbnail\">\n\t\t<a href=\"https:\/\/www.familledelabrie.fr\/wp-content\/gallery\/galerie-fete-de-la-famille-2008-a-montry\/reduction_IMGP6443.jpg?t=1553795740\"\n\t\t\ttitle=\"\"\n\t\t\tdata-src=\"https:\/\/www.familledelabrie.fr\/wp-content\/gallery\/galerie-fete-de-la-famille-2008-a-montry\/reduction_IMGP6443.jpg?t=1553795740\"\n\t\t\tdata-thumbnail=\"https:\/\/www.familledelabrie.fr\/wp-content\/gallery\/galerie-fete-de-la-famille-2008-a-montry\/thumbs\/thumbs_reduction_IMGP6443.jpg?t=1553795740\"\n\t\t\tdata-image-id=\"123\"\n\t\t\tdata-image-name=\"reduction_IMGP6443.jpg\"\n\t\t\tdata-title=\"reduction_IMGP6443\"\n\t\t\tdata-description=\"\"\n\t\t\tdata-image-slug=\"reduction_imgp6443\"\n\t\t\t\t\t\t\t\t\t\t\t\t\t\t\t\t\t\t\t\tclass='use_imagebrowser_effect' data-imagebrowser-url='https:\/\/www.familledelabrie.fr\/index.php\/nggallery\/image\/%STUB%?page_id=1070'>\n\t\t\t\t\t\t\t\t<img\n\t\t\t\t\ttitle=\"reduction_IMGP6443\"\n\t\t\t\t\talt=\"reduction_IMGP6443\"\n\t\t\t\t\tsrc=\"https:\/\/www.familledelabrie.fr\/wp-content\/gallery\/galerie-fete-de-la-famille-2008-a-montry\/cache\/reduction_IMGP6443.jpg-nggid03123-ngg0dyn-120x90x100-00f0w010c011r110f110r010t010.jpg?t=1553795740\"\n\t\t\t\t\twidth=\"120\"\n\t\t\t\t\theight=\"90\"\n\t\t\t\t\tstyle=\"max-width:100%;\"\n\t\t\t\t\/>\n\t\t\t<\/a>\n\t\t<\/div>\n\t\t\t\t\t\t\t<\/div>\n\t\t\t\n\t\t\t\t<div id=\"ngg-image-19\" class=\"ngg-gallery-thumbnail-box\n\t\t\t\t\t\t\t\tngg-3-columns\t\t\t\"\n\t\t\t>\n\t\t\t\t\t\t<div class=\"ngg-gallery-thumbnail\">\n\t\t<a href=\"https:\/\/www.familledelabrie.fr\/wp-content\/gallery\/galerie-fete-de-la-famille-2008-a-montry\/reduction_IMGP6444.jpg?t=1553795740\"\n\t\t\ttitle=\"\"\n\t\t\tdata-src=\"https:\/\/www.familledelabrie.fr\/wp-content\/gallery\/galerie-fete-de-la-famille-2008-a-montry\/reduction_IMGP6444.jpg?t=1553795740\"\n\t\t\tdata-thumbnail=\"https:\/\/www.familledelabrie.fr\/wp-content\/gallery\/galerie-fete-de-la-famille-2008-a-montry\/thumbs\/thumbs_reduction_IMGP6444.jpg?t=1553795740\"\n\t\t\tdata-image-id=\"124\"\n\t\t\tdata-image-name=\"reduction_IMGP6444.jpg\"\n\t\t\tdata-title=\"reduction_IMGP6444\"\n\t\t\tdata-description=\"\"\n\t\t\tdata-image-slug=\"reduction_imgp6444\"\n\t\t\t\t\t\t\t\t\t\t\t\t\t\t\t\t\t\t\t\tclass='use_imagebrowser_effect' data-imagebrowser-url='https:\/\/www.familledelabrie.fr\/index.php\/nggallery\/image\/%STUB%?page_id=1070'>\n\t\t\t\t\t\t\t\t<img\n\t\t\t\t\ttitle=\"reduction_IMGP6444\"\n\t\t\t\t\talt=\"reduction_IMGP6444\"\n\t\t\t\t\tsrc=\"https:\/\/www.familledelabrie.fr\/wp-content\/gallery\/galerie-fete-de-la-famille-2008-a-montry\/cache\/reduction_IMGP6444.jpg-nggid03124-ngg0dyn-120x90x100-00f0w010c011r110f110r010t010.jpg?t=1553795740\"\n\t\t\t\t\twidth=\"120\"\n\t\t\t\t\theight=\"90\"\n\t\t\t\t\tstyle=\"max-width:100%;\"\n\t\t\t\t\/>\n\t\t\t<\/a>\n\t\t<\/div>\n\t\t\t\t\t\t\t<\/div>\n\t\t\t\n\t\t\t\t<div id=\"ngg-image-20\" class=\"ngg-gallery-thumbnail-box\n\t\t\t\t\t\t\t\tngg-3-columns\t\t\t\"\n\t\t\t>\n\t\t\t\t\t\t<div class=\"ngg-gallery-thumbnail\">\n\t\t<a href=\"https:\/\/www.familledelabrie.fr\/wp-content\/gallery\/galerie-fete-de-la-famille-2008-a-montry\/reduction_IMGP6445.jpg?t=1553795741\"\n\t\t\ttitle=\"\"\n\t\t\tdata-src=\"https:\/\/www.familledelabrie.fr\/wp-content\/gallery\/galerie-fete-de-la-famille-2008-a-montry\/reduction_IMGP6445.jpg?t=1553795741\"\n\t\t\tdata-thumbnail=\"https:\/\/www.familledelabrie.fr\/wp-content\/gallery\/galerie-fete-de-la-famille-2008-a-montry\/thumbs\/thumbs_reduction_IMGP6445.jpg?t=1553795741\"\n\t\t\tdata-image-id=\"125\"\n\t\t\tdata-image-name=\"reduction_IMGP6445.jpg\"\n\t\t\tdata-title=\"reduction_IMGP6445\"\n\t\t\tdata-description=\"\"\n\t\t\tdata-image-slug=\"reduction_imgp6445\"\n\t\t\t\t\t\t\t\t\t\t\t\t\t\t\t\t\t\t\t\tclass='use_imagebrowser_effect' data-imagebrowser-url='https:\/\/www.familledelabrie.fr\/index.php\/nggallery\/image\/%STUB%?page_id=1070'>\n\t\t\t\t\t\t\t\t<img\n\t\t\t\t\ttitle=\"reduction_IMGP6445\"\n\t\t\t\t\talt=\"reduction_IMGP6445\"\n\t\t\t\t\tsrc=\"https:\/\/www.familledelabrie.fr\/wp-content\/gallery\/galerie-fete-de-la-famille-2008-a-montry\/cache\/reduction_IMGP6445.jpg-nggid03125-ngg0dyn-120x90x100-00f0w010c011r110f110r010t010.jpg?t=1553795741\"\n\t\t\t\t\twidth=\"120\"\n\t\t\t\t\theight=\"90\"\n\t\t\t\t\tstyle=\"max-width:100%;\"\n\t\t\t\t\/>\n\t\t\t<\/a>\n\t\t<\/div>\n\t\t\t\t\t\t\t<\/div>\n\t\t\t\n\t\t\t\t<div id=\"ngg-image-21\" class=\"ngg-gallery-thumbnail-box\n\t\t\t\t\t\t\t\tngg-3-columns\t\t\t\"\n\t\t\t>\n\t\t\t\t\t\t<div class=\"ngg-gallery-thumbnail\">\n\t\t<a href=\"https:\/\/www.familledelabrie.fr\/wp-content\/gallery\/galerie-fete-de-la-famille-2008-a-montry\/reduction_IMGP6446.jpg?t=1553795741\"\n\t\t\ttitle=\"\"\n\t\t\tdata-src=\"https:\/\/www.familledelabrie.fr\/wp-content\/gallery\/galerie-fete-de-la-famille-2008-a-montry\/reduction_IMGP6446.jpg?t=1553795741\"\n\t\t\tdata-thumbnail=\"https:\/\/www.familledelabrie.fr\/wp-content\/gallery\/galerie-fete-de-la-famille-2008-a-montry\/thumbs\/thumbs_reduction_IMGP6446.jpg?t=1553795741\"\n\t\t\tdata-image-id=\"126\"\n\t\t\tdata-image-name=\"reduction_IMGP6446.jpg\"\n\t\t\tdata-title=\"reduction_IMGP6446\"\n\t\t\tdata-description=\"\"\n\t\t\tdata-image-slug=\"reduction_imgp6446\"\n\t\t\t\t\t\t\t\t\t\t\t\t\t\t\t\t\t\t\t\tclass='use_imagebrowser_effect' data-imagebrowser-url='https:\/\/www.familledelabrie.fr\/index.php\/nggallery\/image\/%STUB%?page_id=1070'>\n\t\t\t\t\t\t\t\t<img\n\t\t\t\t\ttitle=\"reduction_IMGP6446\"\n\t\t\t\t\talt=\"reduction_IMGP6446\"\n\t\t\t\t\tsrc=\"https:\/\/www.familledelabrie.fr\/wp-content\/gallery\/galerie-fete-de-la-famille-2008-a-montry\/cache\/reduction_IMGP6446.jpg-nggid03126-ngg0dyn-120x90x100-00f0w010c011r110f110r010t010.jpg?t=1553795741\"\n\t\t\t\t\twidth=\"120\"\n\t\t\t\t\theight=\"90\"\n\t\t\t\t\tstyle=\"max-width:100%;\"\n\t\t\t\t\/>\n\t\t\t<\/a>\n\t\t<\/div>\n\t\t\t\t\t\t\t<\/div>\n\t\t\t\n\t\t\t\t<div id=\"ngg-image-22\" class=\"ngg-gallery-thumbnail-box\n\t\t\t\t\t\t\t\tngg-3-columns\t\t\t\"\n\t\t\t>\n\t\t\t\t\t\t<div class=\"ngg-gallery-thumbnail\">\n\t\t<a href=\"https:\/\/www.familledelabrie.fr\/wp-content\/gallery\/galerie-fete-de-la-famille-2008-a-montry\/reduction_IMGP6448.jpg?t=1553795742\"\n\t\t\ttitle=\"\"\n\t\t\tdata-src=\"https:\/\/www.familledelabrie.fr\/wp-content\/gallery\/galerie-fete-de-la-famille-2008-a-montry\/reduction_IMGP6448.jpg?t=1553795742\"\n\t\t\tdata-thumbnail=\"https:\/\/www.familledelabrie.fr\/wp-content\/gallery\/galerie-fete-de-la-famille-2008-a-montry\/thumbs\/thumbs_reduction_IMGP6448.jpg?t=1553795742\"\n\t\t\tdata-image-id=\"127\"\n\t\t\tdata-image-name=\"reduction_IMGP6448.jpg\"\n\t\t\tdata-title=\"reduction_IMGP6448\"\n\t\t\tdata-description=\"\"\n\t\t\tdata-image-slug=\"reduction_imgp6448\"\n\t\t\t\t\t\t\t\t\t\t\t\t\t\t\t\t\t\t\t\tclass='use_imagebrowser_effect' data-imagebrowser-url='https:\/\/www.familledelabrie.fr\/index.php\/nggallery\/image\/%STUB%?page_id=1070'>\n\t\t\t\t\t\t\t\t<img\n\t\t\t\t\ttitle=\"reduction_IMGP6448\"\n\t\t\t\t\talt=\"reduction_IMGP6448\"\n\t\t\t\t\tsrc=\"https:\/\/www.familledelabrie.fr\/wp-content\/gallery\/galerie-fete-de-la-famille-2008-a-montry\/cache\/reduction_IMGP6448.jpg-nggid03127-ngg0dyn-120x90x100-00f0w010c011r110f110r010t010.jpg?t=1553795742\"\n\t\t\t\t\twidth=\"120\"\n\t\t\t\t\theight=\"90\"\n\t\t\t\t\tstyle=\"max-width:100%;\"\n\t\t\t\t\/>\n\t\t\t<\/a>\n\t\t<\/div>\n\t\t\t\t\t\t\t<\/div>\n\t\t\t\n\t\t\t\t<div id=\"ngg-image-23\" class=\"ngg-gallery-thumbnail-box\n\t\t\t\t\t\t\t\tngg-3-columns\t\t\t\"\n\t\t\t>\n\t\t\t\t\t\t<div class=\"ngg-gallery-thumbnail\">\n\t\t<a href=\"https:\/\/www.familledelabrie.fr\/wp-content\/gallery\/galerie-fete-de-la-famille-2008-a-montry\/reduction_IMGP6450.jpg?t=1553795742\"\n\t\t\ttitle=\"\"\n\t\t\tdata-src=\"https:\/\/www.familledelabrie.fr\/wp-content\/gallery\/galerie-fete-de-la-famille-2008-a-montry\/reduction_IMGP6450.jpg?t=1553795742\"\n\t\t\tdata-thumbnail=\"https:\/\/www.familledelabrie.fr\/wp-content\/gallery\/galerie-fete-de-la-famille-2008-a-montry\/thumbs\/thumbs_reduction_IMGP6450.jpg?t=1553795742\"\n\t\t\tdata-image-id=\"128\"\n\t\t\tdata-image-name=\"reduction_IMGP6450.jpg\"\n\t\t\tdata-title=\"reduction_IMGP6450\"\n\t\t\tdata-description=\"\"\n\t\t\tdata-image-slug=\"reduction_imgp6450\"\n\t\t\t\t\t\t\t\t\t\t\t\t\t\t\t\t\t\t\t\tclass='use_imagebrowser_effect' data-imagebrowser-url='https:\/\/www.familledelabrie.fr\/index.php\/nggallery\/image\/%STUB%?page_id=1070'>\n\t\t\t\t\t\t\t\t<img\n\t\t\t\t\ttitle=\"reduction_IMGP6450\"\n\t\t\t\t\talt=\"reduction_IMGP6450\"\n\t\t\t\t\tsrc=\"https:\/\/www.familledelabrie.fr\/wp-content\/gallery\/galerie-fete-de-la-famille-2008-a-montry\/cache\/reduction_IMGP6450.jpg-nggid03128-ngg0dyn-120x90x100-00f0w010c011r110f110r010t010.jpg?t=1553795742\"\n\t\t\t\t\twidth=\"120\"\n\t\t\t\t\theight=\"90\"\n\t\t\t\t\tstyle=\"max-width:100%;\"\n\t\t\t\t\/>\n\t\t\t<\/a>\n\t\t<\/div>\n\t\t\t\t\t\t\t<\/div>\n\t\t\t\n\t\t\t\t<div id=\"ngg-image-24\" class=\"ngg-gallery-thumbnail-box\n\t\t\t\t\t\t\t\tngg-3-columns\t\t\t\"\n\t\t\t>\n\t\t\t\t\t\t<div class=\"ngg-gallery-thumbnail\">\n\t\t<a href=\"https:\/\/www.familledelabrie.fr\/wp-content\/gallery\/galerie-fete-de-la-famille-2008-a-montry\/reduction_IMGP6459.jpg?t=1553795742\"\n\t\t\ttitle=\"\"\n\t\t\tdata-src=\"https:\/\/www.familledelabrie.fr\/wp-content\/gallery\/galerie-fete-de-la-famille-2008-a-montry\/reduction_IMGP6459.jpg?t=1553795742\"\n\t\t\tdata-thumbnail=\"https:\/\/www.familledelabrie.fr\/wp-content\/gallery\/galerie-fete-de-la-famille-2008-a-montry\/thumbs\/thumbs_reduction_IMGP6459.jpg?t=1553795742\"\n\t\t\tdata-image-id=\"129\"\n\t\t\tdata-image-name=\"reduction_IMGP6459.jpg\"\n\t\t\tdata-title=\"reduction_IMGP6459\"\n\t\t\tdata-description=\"\"\n\t\t\tdata-image-slug=\"reduction_imgp6459\"\n\t\t\t\t\t\t\t\t\t\t\t\t\t\t\t\t\t\t\t\tclass='use_imagebrowser_effect' data-imagebrowser-url='https:\/\/www.familledelabrie.fr\/index.php\/nggallery\/image\/%STUB%?page_id=1070'>\n\t\t\t\t\t\t\t\t<img\n\t\t\t\t\ttitle=\"reduction_IMGP6459\"\n\t\t\t\t\talt=\"reduction_IMGP6459\"\n\t\t\t\t\tsrc=\"https:\/\/www.familledelabrie.fr\/wp-content\/gallery\/galerie-fete-de-la-famille-2008-a-montry\/cache\/reduction_IMGP6459.jpg-nggid03129-ngg0dyn-120x90x100-00f0w010c011r110f110r010t010.jpg?t=1553795742\"\n\t\t\t\t\twidth=\"120\"\n\t\t\t\t\theight=\"90\"\n\t\t\t\t\tstyle=\"max-width:100%;\"\n\t\t\t\t\/>\n\t\t\t<\/a>\n\t\t<\/div>\n\t\t\t\t\t\t\t<\/div>\n\t\t\t\n\t\t\t\t<div id=\"ngg-image-25\" class=\"ngg-gallery-thumbnail-box\n\t\t\t\t\t\t\t\tngg-3-columns\t\t\t\"\n\t\t\t>\n\t\t\t\t\t\t<div class=\"ngg-gallery-thumbnail\">\n\t\t<a href=\"https:\/\/www.familledelabrie.fr\/wp-content\/gallery\/galerie-fete-de-la-famille-2008-a-montry\/reduction_IMGP6461.jpg?t=1553795743\"\n\t\t\ttitle=\"\"\n\t\t\tdata-src=\"https:\/\/www.familledelabrie.fr\/wp-content\/gallery\/galerie-fete-de-la-famille-2008-a-montry\/reduction_IMGP6461.jpg?t=1553795743\"\n\t\t\tdata-thumbnail=\"https:\/\/www.familledelabrie.fr\/wp-content\/gallery\/galerie-fete-de-la-famille-2008-a-montry\/thumbs\/thumbs_reduction_IMGP6461.jpg?t=1553795743\"\n\t\t\tdata-image-id=\"130\"\n\t\t\tdata-image-name=\"reduction_IMGP6461.jpg\"\n\t\t\tdata-title=\"reduction_IMGP6461\"\n\t\t\tdata-description=\"\"\n\t\t\tdata-image-slug=\"reduction_imgp6461\"\n\t\t\t\t\t\t\t\t\t\t\t\t\t\t\t\t\t\t\t\tclass='use_imagebrowser_effect' data-imagebrowser-url='https:\/\/www.familledelabrie.fr\/index.php\/nggallery\/image\/%STUB%?page_id=1070'>\n\t\t\t\t\t\t\t\t<img\n\t\t\t\t\ttitle=\"reduction_IMGP6461\"\n\t\t\t\t\talt=\"reduction_IMGP6461\"\n\t\t\t\t\tsrc=\"https:\/\/www.familledelabrie.fr\/wp-content\/gallery\/galerie-fete-de-la-famille-2008-a-montry\/cache\/reduction_IMGP6461.jpg-nggid03130-ngg0dyn-120x90x100-00f0w010c011r110f110r010t010.jpg?t=1553795743\"\n\t\t\t\t\twidth=\"120\"\n\t\t\t\t\theight=\"90\"\n\t\t\t\t\tstyle=\"max-width:100%;\"\n\t\t\t\t\/>\n\t\t\t<\/a>\n\t\t<\/div>\n\t\t\t\t\t\t\t<\/div>\n\t\t\t\n\t\t\t\t<div id=\"ngg-image-26\" class=\"ngg-gallery-thumbnail-box\n\t\t\t\t\t\t\t\tngg-3-columns\t\t\t\"\n\t\t\t>\n\t\t\t\t\t\t<div class=\"ngg-gallery-thumbnail\">\n\t\t<a href=\"https:\/\/www.familledelabrie.fr\/wp-content\/gallery\/galerie-fete-de-la-famille-2008-a-montry\/reduction_IMGP6462.jpg?t=1553795743\"\n\t\t\ttitle=\"\"\n\t\t\tdata-src=\"https:\/\/www.familledelabrie.fr\/wp-content\/gallery\/galerie-fete-de-la-famille-2008-a-montry\/reduction_IMGP6462.jpg?t=1553795743\"\n\t\t\tdata-thumbnail=\"https:\/\/www.familledelabrie.fr\/wp-content\/gallery\/galerie-fete-de-la-famille-2008-a-montry\/thumbs\/thumbs_reduction_IMGP6462.jpg?t=1553795743\"\n\t\t\tdata-image-id=\"131\"\n\t\t\tdata-image-name=\"reduction_IMGP6462.jpg\"\n\t\t\tdata-title=\"reduction_IMGP6462\"\n\t\t\tdata-description=\"\"\n\t\t\tdata-image-slug=\"reduction_imgp6462\"\n\t\t\t\t\t\t\t\t\t\t\t\t\t\t\t\t\t\t\t\tclass='use_imagebrowser_effect' data-imagebrowser-url='https:\/\/www.familledelabrie.fr\/index.php\/nggallery\/image\/%STUB%?page_id=1070'>\n\t\t\t\t\t\t\t\t<img\n\t\t\t\t\ttitle=\"reduction_IMGP6462\"\n\t\t\t\t\talt=\"reduction_IMGP6462\"\n\t\t\t\t\tsrc=\"https:\/\/www.familledelabrie.fr\/wp-content\/gallery\/galerie-fete-de-la-famille-2008-a-montry\/cache\/reduction_IMGP6462.jpg-nggid03131-ngg0dyn-120x90x100-00f0w010c011r110f110r010t010.jpg?t=1553795743\"\n\t\t\t\t\twidth=\"120\"\n\t\t\t\t\theight=\"90\"\n\t\t\t\t\tstyle=\"max-width:100%;\"\n\t\t\t\t\/>\n\t\t\t<\/a>\n\t\t<\/div>\n\t\t\t\t\t\t\t<\/div>\n\t\t\t\n\t\t\t\t<div id=\"ngg-image-27\" class=\"ngg-gallery-thumbnail-box\n\t\t\t\t\t\t\t\tngg-3-columns\t\t\t\"\n\t\t\t>\n\t\t\t\t\t\t<div class=\"ngg-gallery-thumbnail\">\n\t\t<a href=\"https:\/\/www.familledelabrie.fr\/wp-content\/gallery\/galerie-fete-de-la-famille-2008-a-montry\/reduction_IMGP6464.jpg?t=1553795743\"\n\t\t\ttitle=\"\"\n\t\t\tdata-src=\"https:\/\/www.familledelabrie.fr\/wp-content\/gallery\/galerie-fete-de-la-famille-2008-a-montry\/reduction_IMGP6464.jpg?t=1553795743\"\n\t\t\tdata-thumbnail=\"https:\/\/www.familledelabrie.fr\/wp-content\/gallery\/galerie-fete-de-la-famille-2008-a-montry\/thumbs\/thumbs_reduction_IMGP6464.jpg?t=1553795743\"\n\t\t\tdata-image-id=\"132\"\n\t\t\tdata-image-name=\"reduction_IMGP6464.jpg\"\n\t\t\tdata-title=\"reduction_IMGP6464\"\n\t\t\tdata-description=\"\"\n\t\t\tdata-image-slug=\"reduction_imgp6464\"\n\t\t\t\t\t\t\t\t\t\t\t\t\t\t\t\t\t\t\t\tclass='use_imagebrowser_effect' data-imagebrowser-url='https:\/\/www.familledelabrie.fr\/index.php\/nggallery\/image\/%STUB%?page_id=1070'>\n\t\t\t\t\t\t\t\t<img\n\t\t\t\t\ttitle=\"reduction_IMGP6464\"\n\t\t\t\t\talt=\"reduction_IMGP6464\"\n\t\t\t\t\tsrc=\"https:\/\/www.familledelabrie.fr\/wp-content\/gallery\/galerie-fete-de-la-famille-2008-a-montry\/cache\/reduction_IMGP6464.jpg-nggid03132-ngg0dyn-120x90x100-00f0w010c011r110f110r010t010.jpg?t=1553795743\"\n\t\t\t\t\twidth=\"120\"\n\t\t\t\t\theight=\"90\"\n\t\t\t\t\tstyle=\"max-width:100%;\"\n\t\t\t\t\/>\n\t\t\t<\/a>\n\t\t<\/div>\n\t\t\t\t\t\t\t<\/div>\n\t\t\t\n\t\t\t\t<div id=\"ngg-image-28\" class=\"ngg-gallery-thumbnail-box\n\t\t\t\t\t\t\t\tngg-3-columns\t\t\t\"\n\t\t\t>\n\t\t\t\t\t\t<div class=\"ngg-gallery-thumbnail\">\n\t\t<a href=\"https:\/\/www.familledelabrie.fr\/wp-content\/gallery\/galerie-fete-de-la-famille-2008-a-montry\/reduction_IMGP6471.jpg?t=1553795744\"\n\t\t\ttitle=\"\"\n\t\t\tdata-src=\"https:\/\/www.familledelabrie.fr\/wp-content\/gallery\/galerie-fete-de-la-famille-2008-a-montry\/reduction_IMGP6471.jpg?t=1553795744\"\n\t\t\tdata-thumbnail=\"https:\/\/www.familledelabrie.fr\/wp-content\/gallery\/galerie-fete-de-la-famille-2008-a-montry\/thumbs\/thumbs_reduction_IMGP6471.jpg?t=1553795744\"\n\t\t\tdata-image-id=\"133\"\n\t\t\tdata-image-name=\"reduction_IMGP6471.jpg\"\n\t\t\tdata-title=\"reduction_IMGP6471\"\n\t\t\tdata-description=\"\"\n\t\t\tdata-image-slug=\"reduction_imgp6471\"\n\t\t\t\t\t\t\t\t\t\t\t\t\t\t\t\t\t\t\t\tclass='use_imagebrowser_effect' data-imagebrowser-url='https:\/\/www.familledelabrie.fr\/index.php\/nggallery\/image\/%STUB%?page_id=1070'>\n\t\t\t\t\t\t\t\t<img\n\t\t\t\t\ttitle=\"reduction_IMGP6471\"\n\t\t\t\t\talt=\"reduction_IMGP6471\"\n\t\t\t\t\tsrc=\"https:\/\/www.familledelabrie.fr\/wp-content\/gallery\/galerie-fete-de-la-famille-2008-a-montry\/cache\/reduction_IMGP6471.jpg-nggid03133-ngg0dyn-120x90x100-00f0w010c011r110f110r010t010.jpg?t=1553795744\"\n\t\t\t\t\twidth=\"120\"\n\t\t\t\t\theight=\"90\"\n\t\t\t\t\tstyle=\"max-width:100%;\"\n\t\t\t\t\/>\n\t\t\t<\/a>\n\t\t<\/div>\n\t\t\t\t\t\t\t<\/div>\n\t\t\t\n\t\t\t\t<div id=\"ngg-image-29\" class=\"ngg-gallery-thumbnail-box\n\t\t\t\t\t\t\t\tngg-3-columns\t\t\t\"\n\t\t\t>\n\t\t\t\t\t\t<div class=\"ngg-gallery-thumbnail\">\n\t\t<a href=\"https:\/\/www.familledelabrie.fr\/wp-content\/gallery\/galerie-fete-de-la-famille-2008-a-montry\/reduction_IMGP6473.jpg?t=1553795744\"\n\t\t\ttitle=\"\"\n\t\t\tdata-src=\"https:\/\/www.familledelabrie.fr\/wp-content\/gallery\/galerie-fete-de-la-famille-2008-a-montry\/reduction_IMGP6473.jpg?t=1553795744\"\n\t\t\tdata-thumbnail=\"https:\/\/www.familledelabrie.fr\/wp-content\/gallery\/galerie-fete-de-la-famille-2008-a-montry\/thumbs\/thumbs_reduction_IMGP6473.jpg?t=1553795744\"\n\t\t\tdata-image-id=\"134\"\n\t\t\tdata-image-name=\"reduction_IMGP6473.jpg\"\n\t\t\tdata-title=\"reduction_IMGP6473\"\n\t\t\tdata-description=\"\"\n\t\t\tdata-image-slug=\"reduction_imgp6473\"\n\t\t\t\t\t\t\t\t\t\t\t\t\t\t\t\t\t\t\t\tclass='use_imagebrowser_effect' data-imagebrowser-url='https:\/\/www.familledelabrie.fr\/index.php\/nggallery\/image\/%STUB%?page_id=1070'>\n\t\t\t\t\t\t\t\t<img\n\t\t\t\t\ttitle=\"reduction_IMGP6473\"\n\t\t\t\t\talt=\"reduction_IMGP6473\"\n\t\t\t\t\tsrc=\"https:\/\/www.familledelabrie.fr\/wp-content\/gallery\/galerie-fete-de-la-famille-2008-a-montry\/cache\/reduction_IMGP6473.jpg-nggid03134-ngg0dyn-120x90x100-00f0w010c011r110f110r010t010.jpg?t=1553795744\"\n\t\t\t\t\twidth=\"120\"\n\t\t\t\t\theight=\"90\"\n\t\t\t\t\tstyle=\"max-width:100%;\"\n\t\t\t\t\/>\n\t\t\t<\/a>\n\t\t<\/div>\n\t\t\t\t\t\t\t<\/div>\n\t\t\t\n\t\n\t<br style=\"clear: both\" \/>\n\n\t\t<div class=\"slideshowlink\">\n\t\t<a href='https:\/\/www.familledelabrie.fr\/index.php\/nggallery\/slideshow?page_id=1070'>[Show slideshow]<\/a>\n\n\t<\/div>\n\t\n\t\t<!-- Pagination -->\n\t\t<div class='ngg-navigation'><span class='current'>1<\/span>\n<a class='page-numbers' data-pageid='2' href='https:\/\/www.familledelabrie.fr\/index.php\/nggallery\/page\/2?page_id=1070'>2<\/a>\n<a class='prev' href='https:\/\/www.familledelabrie.fr\/index.php\/nggallery\/page\/2?page_id=1070' data-pageid=\"2\">&#9658;<\/a><\/div>\t<\/div>\n<\/p>\n","protected":false},"excerpt":{"rendered":"<p>Des images de la f\u00eate de la famille 2008 \u00e0 Montry [Show slideshow] 1 2 &#9658;<\/p>\n","protected":false},"author":1,"featured_media":0,"parent":0,"menu_order":0,"comment_status":"open","ping_status":"open","template":"","meta":{"_bbp_topic_count":0,"_bbp_reply_count":0,"_bbp_total_topic_count":0,"_bbp_total_reply_count":0,"_bbp_voice_count":0,"_bbp_anonymous_reply_count":0,"_bbp_topic_count_hidden":0,"_bbp_reply_count_hidden":0,"_bbp_forum_subforum_count":0,"ngg_post_thumbnail":0,"footnotes":""},"class_list":["post-1070","page","type-page","status-publish","hentry"],"_links":{"self":[{"href":"https:\/\/www.familledelabrie.fr\/index.php?rest_route=\/wp\/v2\/pages\/1070","targetHints":{"allow":["GET"]}}],"collection":[{"href":"https:\/\/www.familledelabrie.fr\/index.php?rest_route=\/wp\/v2\/pages"}],"about":[{"href":"https:\/\/www.familledelabrie.fr\/index.php?rest_route=\/wp\/v2\/types\/page"}],"author":[{"embeddable":true,"href":"https:\/\/www.familledelabrie.fr\/index.php?rest_route=\/wp\/v2\/users\/1"}],"replies":[{"embeddable":true,"href":"https:\/\/www.familledelabrie.fr\/index.php?rest_route=%2Fwp%2Fv2%2Fcomments&post=1070"}],"version-history":[{"count":2,"href":"https:\/\/www.familledelabrie.fr\/index.php?rest_route=\/wp\/v2\/pages\/1070\/revisions"}],"predecessor-version":[{"id":1402,"href":"https:\/\/www.familledelabrie.fr\/index.php?rest_route=\/wp\/v2\/pages\/1070\/revisions\/1402"}],"wp:attachment":[{"href":"https:\/\/www.familledelabrie.fr\/index.php?rest_route=%2Fwp%2Fv2%2Fmedia&parent=1070"}],"curies":[{"name":"wp","href":"https:\/\/api.w.org\/{rel}","templated":true}]}}