{"id":1039,"date":"2014-03-31T20:32:50","date_gmt":"2014-03-31T19:32:50","guid":{"rendered":"http:\/\/www.familledelabrie.fr\/\/?page_id=1039"},"modified":"2014-08-16T11:14:08","modified_gmt":"2014-08-16T10:14:08","slug":"fete-de-la-famille-2013-a-claye","status":"publish","type":"page","link":"https:\/\/www.familledelabrie.fr\/?page_id=1039","title":{"rendered":"F\u00eate de la famille 2013 \u00e0 Claye"},"content":{"rendered":"<p>Des images de la f\u00eate de la famille 2013 \u00e0 Claye<\/p>\n<p><!-- default-view.php -->\n<div\n\tclass=\"ngg-galleryoverview default-view\n\t\t\"\n\tid=\"ngg-gallery-9c86ef3ec185f30173c299b22b2fadfe-1\"\n\tdata-nextgen-gallery-id=\"8\"\n\tdata-gallery-id=\"8\"\n\t\tdata-gallery-name=\"galerie f\u00eate de la famille 2013 \u00e0 Claye\"\n\t>\n\n\t\t<!-- Thumbnails -->\n\t\t\t\t<div id=\"ngg-image-0\" class=\"ngg-gallery-thumbnail-box\n\t\t\t\t\t\t\t\tngg-3-columns\t\t\t\"\n\t\t\t>\n\t\t\t\t\t\t<div class=\"ngg-gallery-thumbnail\">\n\t\t<a href=\"https:\/\/www.familledelabrie.fr\/wp-content\/gallery\/galerie-fete-de-la-famille-2013-a-claye\/reduction_IMGP7237.JPG?t=1553641289\"\n\t\t\ttitle=\"\"\n\t\t\tdata-src=\"https:\/\/www.familledelabrie.fr\/wp-content\/gallery\/galerie-fete-de-la-famille-2013-a-claye\/reduction_IMGP7237.JPG?t=1553641289\"\n\t\t\tdata-thumbnail=\"https:\/\/www.familledelabrie.fr\/wp-content\/gallery\/galerie-fete-de-la-famille-2013-a-claye\/thumbs\/thumbs_reduction_IMGP7237.JPG?t=1553641289\"\n\t\t\tdata-image-id=\"356\"\n\t\t\tdata-image-name=\"reduction_IMGP7237.JPG\"\n\t\t\tdata-title=\"reduction_IMGP7237\"\n\t\t\tdata-description=\"\"\n\t\t\tdata-image-slug=\"reduction_imgp7237\"\n\t\t\t\t\t\t\t\t\t\t\t\t\t\t\t\t\t\t\t\tclass='use_imagebrowser_effect' data-imagebrowser-url='https:\/\/www.familledelabrie.fr\/index.php\/nggallery\/image\/%STUB%?page_id=1039'>\n\t\t\t\t\t\t\t\t<img\n\t\t\t\t\ttitle=\"reduction_IMGP7237\"\n\t\t\t\t\talt=\"reduction_IMGP7237\"\n\t\t\t\t\tsrc=\"https:\/\/www.familledelabrie.fr\/wp-content\/gallery\/galerie-fete-de-la-famille-2013-a-claye\/cache\/reduction_IMGP7237.JPG-nggid03356-ngg0dyn-120x90x100-00f0w010c011r110f110r010t010.JPG?t=1553641289\"\n\t\t\t\t\twidth=\"120\"\n\t\t\t\t\theight=\"90\"\n\t\t\t\t\tstyle=\"max-width:100%;\"\n\t\t\t\t\/>\n\t\t\t<\/a>\n\t\t<\/div>\n\t\t\t\t\t\t\t<\/div>\n\t\t\t\n\t\t\t\t<div id=\"ngg-image-1\" class=\"ngg-gallery-thumbnail-box\n\t\t\t\t\t\t\t\tngg-3-columns\t\t\t\"\n\t\t\t>\n\t\t\t\t\t\t<div class=\"ngg-gallery-thumbnail\">\n\t\t<a href=\"https:\/\/www.familledelabrie.fr\/wp-content\/gallery\/galerie-fete-de-la-famille-2013-a-claye\/reduction_IMGP7241.JPG?t=1553641289\"\n\t\t\ttitle=\"\"\n\t\t\tdata-src=\"https:\/\/www.familledelabrie.fr\/wp-content\/gallery\/galerie-fete-de-la-famille-2013-a-claye\/reduction_IMGP7241.JPG?t=1553641289\"\n\t\t\tdata-thumbnail=\"https:\/\/www.familledelabrie.fr\/wp-content\/gallery\/galerie-fete-de-la-famille-2013-a-claye\/thumbs\/thumbs_reduction_IMGP7241.JPG?t=1553641289\"\n\t\t\tdata-image-id=\"357\"\n\t\t\tdata-image-name=\"reduction_IMGP7241.JPG\"\n\t\t\tdata-title=\"reduction_IMGP7241\"\n\t\t\tdata-description=\"\"\n\t\t\tdata-image-slug=\"reduction_imgp7241\"\n\t\t\t\t\t\t\t\t\t\t\t\t\t\t\t\t\t\t\t\tclass='use_imagebrowser_effect' data-imagebrowser-url='https:\/\/www.familledelabrie.fr\/index.php\/nggallery\/image\/%STUB%?page_id=1039'>\n\t\t\t\t\t\t\t\t<img\n\t\t\t\t\ttitle=\"reduction_IMGP7241\"\n\t\t\t\t\talt=\"reduction_IMGP7241\"\n\t\t\t\t\tsrc=\"https:\/\/www.familledelabrie.fr\/wp-content\/gallery\/galerie-fete-de-la-famille-2013-a-claye\/cache\/reduction_IMGP7241.JPG-nggid03357-ngg0dyn-120x90x100-00f0w010c011r110f110r010t010.JPG?t=1553641289\"\n\t\t\t\t\twidth=\"120\"\n\t\t\t\t\theight=\"90\"\n\t\t\t\t\tstyle=\"max-width:100%;\"\n\t\t\t\t\/>\n\t\t\t<\/a>\n\t\t<\/div>\n\t\t\t\t\t\t\t<\/div>\n\t\t\t\n\t\t\t\t<div id=\"ngg-image-2\" class=\"ngg-gallery-thumbnail-box\n\t\t\t\t\t\t\t\tngg-3-columns\t\t\t\"\n\t\t\t>\n\t\t\t\t\t\t<div class=\"ngg-gallery-thumbnail\">\n\t\t<a href=\"https:\/\/www.familledelabrie.fr\/wp-content\/gallery\/galerie-fete-de-la-famille-2013-a-claye\/reduction_IMGP7243.JPG?t=1553641290\"\n\t\t\ttitle=\"\"\n\t\t\tdata-src=\"https:\/\/www.familledelabrie.fr\/wp-content\/gallery\/galerie-fete-de-la-famille-2013-a-claye\/reduction_IMGP7243.JPG?t=1553641290\"\n\t\t\tdata-thumbnail=\"https:\/\/www.familledelabrie.fr\/wp-content\/gallery\/galerie-fete-de-la-famille-2013-a-claye\/thumbs\/thumbs_reduction_IMGP7243.JPG?t=1553641290\"\n\t\t\tdata-image-id=\"358\"\n\t\t\tdata-image-name=\"reduction_IMGP7243.JPG\"\n\t\t\tdata-title=\"reduction_IMGP7243\"\n\t\t\tdata-description=\"\"\n\t\t\tdata-image-slug=\"reduction_imgp7243\"\n\t\t\t\t\t\t\t\t\t\t\t\t\t\t\t\t\t\t\t\tclass='use_imagebrowser_effect' data-imagebrowser-url='https:\/\/www.familledelabrie.fr\/index.php\/nggallery\/image\/%STUB%?page_id=1039'>\n\t\t\t\t\t\t\t\t<img\n\t\t\t\t\ttitle=\"reduction_IMGP7243\"\n\t\t\t\t\talt=\"reduction_IMGP7243\"\n\t\t\t\t\tsrc=\"https:\/\/www.familledelabrie.fr\/wp-content\/gallery\/galerie-fete-de-la-famille-2013-a-claye\/cache\/reduction_IMGP7243.JPG-nggid03358-ngg0dyn-120x90x100-00f0w010c011r110f110r010t010.JPG?t=1553641290\"\n\t\t\t\t\twidth=\"120\"\n\t\t\t\t\theight=\"90\"\n\t\t\t\t\tstyle=\"max-width:100%;\"\n\t\t\t\t\/>\n\t\t\t<\/a>\n\t\t<\/div>\n\t\t\t\t\t\t\t<\/div>\n\t\t\t\n\t\t\t\t<div id=\"ngg-image-3\" class=\"ngg-gallery-thumbnail-box\n\t\t\t\t\t\t\t\tngg-3-columns\t\t\t\"\n\t\t\t>\n\t\t\t\t\t\t<div class=\"ngg-gallery-thumbnail\">\n\t\t<a href=\"https:\/\/www.familledelabrie.fr\/wp-content\/gallery\/galerie-fete-de-la-famille-2013-a-claye\/reduction_IMGP7245.JPG?t=1553641291\"\n\t\t\ttitle=\"\"\n\t\t\tdata-src=\"https:\/\/www.familledelabrie.fr\/wp-content\/gallery\/galerie-fete-de-la-famille-2013-a-claye\/reduction_IMGP7245.JPG?t=1553641291\"\n\t\t\tdata-thumbnail=\"https:\/\/www.familledelabrie.fr\/wp-content\/gallery\/galerie-fete-de-la-famille-2013-a-claye\/thumbs\/thumbs_reduction_IMGP7245.JPG?t=1553641291\"\n\t\t\tdata-image-id=\"359\"\n\t\t\tdata-image-name=\"reduction_IMGP7245.JPG\"\n\t\t\tdata-title=\"reduction_IMGP7245\"\n\t\t\tdata-description=\"\"\n\t\t\tdata-image-slug=\"reduction_imgp7245\"\n\t\t\t\t\t\t\t\t\t\t\t\t\t\t\t\t\t\t\t\tclass='use_imagebrowser_effect' data-imagebrowser-url='https:\/\/www.familledelabrie.fr\/index.php\/nggallery\/image\/%STUB%?page_id=1039'>\n\t\t\t\t\t\t\t\t<img\n\t\t\t\t\ttitle=\"reduction_IMGP7245\"\n\t\t\t\t\talt=\"reduction_IMGP7245\"\n\t\t\t\t\tsrc=\"https:\/\/www.familledelabrie.fr\/wp-content\/gallery\/galerie-fete-de-la-famille-2013-a-claye\/cache\/reduction_IMGP7245.JPG-nggid03359-ngg0dyn-120x90x100-00f0w010c011r110f110r010t010.JPG?t=1553641291\"\n\t\t\t\t\twidth=\"120\"\n\t\t\t\t\theight=\"90\"\n\t\t\t\t\tstyle=\"max-width:100%;\"\n\t\t\t\t\/>\n\t\t\t<\/a>\n\t\t<\/div>\n\t\t\t\t\t\t\t<\/div>\n\t\t\t\n\t\t\t\t<div id=\"ngg-image-4\" class=\"ngg-gallery-thumbnail-box\n\t\t\t\t\t\t\t\tngg-3-columns\t\t\t\"\n\t\t\t>\n\t\t\t\t\t\t<div class=\"ngg-gallery-thumbnail\">\n\t\t<a href=\"https:\/\/www.familledelabrie.fr\/wp-content\/gallery\/galerie-fete-de-la-famille-2013-a-claye\/reduction_IMGP7247.JPG?t=1553641292\"\n\t\t\ttitle=\"\"\n\t\t\tdata-src=\"https:\/\/www.familledelabrie.fr\/wp-content\/gallery\/galerie-fete-de-la-famille-2013-a-claye\/reduction_IMGP7247.JPG?t=1553641292\"\n\t\t\tdata-thumbnail=\"https:\/\/www.familledelabrie.fr\/wp-content\/gallery\/galerie-fete-de-la-famille-2013-a-claye\/thumbs\/thumbs_reduction_IMGP7247.JPG?t=1553641292\"\n\t\t\tdata-image-id=\"360\"\n\t\t\tdata-image-name=\"reduction_IMGP7247.JPG\"\n\t\t\tdata-title=\"reduction_IMGP7247\"\n\t\t\tdata-description=\"\"\n\t\t\tdata-image-slug=\"reduction_imgp7247\"\n\t\t\t\t\t\t\t\t\t\t\t\t\t\t\t\t\t\t\t\tclass='use_imagebrowser_effect' data-imagebrowser-url='https:\/\/www.familledelabrie.fr\/index.php\/nggallery\/image\/%STUB%?page_id=1039'>\n\t\t\t\t\t\t\t\t<img\n\t\t\t\t\ttitle=\"reduction_IMGP7247\"\n\t\t\t\t\talt=\"reduction_IMGP7247\"\n\t\t\t\t\tsrc=\"https:\/\/www.familledelabrie.fr\/wp-content\/gallery\/galerie-fete-de-la-famille-2013-a-claye\/cache\/reduction_IMGP7247.JPG-nggid03360-ngg0dyn-120x90x100-00f0w010c011r110f110r010t010.JPG?t=1553641292\"\n\t\t\t\t\twidth=\"120\"\n\t\t\t\t\theight=\"90\"\n\t\t\t\t\tstyle=\"max-width:100%;\"\n\t\t\t\t\/>\n\t\t\t<\/a>\n\t\t<\/div>\n\t\t\t\t\t\t\t<\/div>\n\t\t\t\n\t\t\t\t<div id=\"ngg-image-5\" class=\"ngg-gallery-thumbnail-box\n\t\t\t\t\t\t\t\tngg-3-columns\t\t\t\"\n\t\t\t>\n\t\t\t\t\t\t<div class=\"ngg-gallery-thumbnail\">\n\t\t<a href=\"https:\/\/www.familledelabrie.fr\/wp-content\/gallery\/galerie-fete-de-la-famille-2013-a-claye\/reduction_IMGP7248.JPG?t=1553641292\"\n\t\t\ttitle=\"\"\n\t\t\tdata-src=\"https:\/\/www.familledelabrie.fr\/wp-content\/gallery\/galerie-fete-de-la-famille-2013-a-claye\/reduction_IMGP7248.JPG?t=1553641292\"\n\t\t\tdata-thumbnail=\"https:\/\/www.familledelabrie.fr\/wp-content\/gallery\/galerie-fete-de-la-famille-2013-a-claye\/thumbs\/thumbs_reduction_IMGP7248.JPG?t=1553641292\"\n\t\t\tdata-image-id=\"361\"\n\t\t\tdata-image-name=\"reduction_IMGP7248.JPG\"\n\t\t\tdata-title=\"reduction_IMGP7248\"\n\t\t\tdata-description=\"\"\n\t\t\tdata-image-slug=\"reduction_imgp7248\"\n\t\t\t\t\t\t\t\t\t\t\t\t\t\t\t\t\t\t\t\tclass='use_imagebrowser_effect' data-imagebrowser-url='https:\/\/www.familledelabrie.fr\/index.php\/nggallery\/image\/%STUB%?page_id=1039'>\n\t\t\t\t\t\t\t\t<img\n\t\t\t\t\ttitle=\"reduction_IMGP7248\"\n\t\t\t\t\talt=\"reduction_IMGP7248\"\n\t\t\t\t\tsrc=\"https:\/\/www.familledelabrie.fr\/wp-content\/gallery\/galerie-fete-de-la-famille-2013-a-claye\/cache\/reduction_IMGP7248.JPG-nggid03361-ngg0dyn-120x90x100-00f0w010c011r110f110r010t010.JPG?t=1553641292\"\n\t\t\t\t\twidth=\"120\"\n\t\t\t\t\theight=\"90\"\n\t\t\t\t\tstyle=\"max-width:100%;\"\n\t\t\t\t\/>\n\t\t\t<\/a>\n\t\t<\/div>\n\t\t\t\t\t\t\t<\/div>\n\t\t\t\n\t\t\t\t<div id=\"ngg-image-6\" class=\"ngg-gallery-thumbnail-box\n\t\t\t\t\t\t\t\tngg-3-columns\t\t\t\"\n\t\t\t>\n\t\t\t\t\t\t<div class=\"ngg-gallery-thumbnail\">\n\t\t<a href=\"https:\/\/www.familledelabrie.fr\/wp-content\/gallery\/galerie-fete-de-la-famille-2013-a-claye\/reduction_IMGP7250.JPG?t=1553641293\"\n\t\t\ttitle=\"\"\n\t\t\tdata-src=\"https:\/\/www.familledelabrie.fr\/wp-content\/gallery\/galerie-fete-de-la-famille-2013-a-claye\/reduction_IMGP7250.JPG?t=1553641293\"\n\t\t\tdata-thumbnail=\"https:\/\/www.familledelabrie.fr\/wp-content\/gallery\/galerie-fete-de-la-famille-2013-a-claye\/thumbs\/thumbs_reduction_IMGP7250.JPG?t=1553641293\"\n\t\t\tdata-image-id=\"362\"\n\t\t\tdata-image-name=\"reduction_IMGP7250.JPG\"\n\t\t\tdata-title=\"reduction_IMGP7250\"\n\t\t\tdata-description=\"\"\n\t\t\tdata-image-slug=\"reduction_imgp7250\"\n\t\t\t\t\t\t\t\t\t\t\t\t\t\t\t\t\t\t\t\tclass='use_imagebrowser_effect' data-imagebrowser-url='https:\/\/www.familledelabrie.fr\/index.php\/nggallery\/image\/%STUB%?page_id=1039'>\n\t\t\t\t\t\t\t\t<img\n\t\t\t\t\ttitle=\"reduction_IMGP7250\"\n\t\t\t\t\talt=\"reduction_IMGP7250\"\n\t\t\t\t\tsrc=\"https:\/\/www.familledelabrie.fr\/wp-content\/gallery\/galerie-fete-de-la-famille-2013-a-claye\/cache\/reduction_IMGP7250.JPG-nggid03362-ngg0dyn-120x90x100-00f0w010c011r110f110r010t010.JPG?t=1553641293\"\n\t\t\t\t\twidth=\"120\"\n\t\t\t\t\theight=\"90\"\n\t\t\t\t\tstyle=\"max-width:100%;\"\n\t\t\t\t\/>\n\t\t\t<\/a>\n\t\t<\/div>\n\t\t\t\t\t\t\t<\/div>\n\t\t\t\n\t\t\t\t<div id=\"ngg-image-7\" class=\"ngg-gallery-thumbnail-box\n\t\t\t\t\t\t\t\tngg-3-columns\t\t\t\"\n\t\t\t>\n\t\t\t\t\t\t<div class=\"ngg-gallery-thumbnail\">\n\t\t<a href=\"https:\/\/www.familledelabrie.fr\/wp-content\/gallery\/galerie-fete-de-la-famille-2013-a-claye\/reduction_IMGP7251.JPG?t=1553641294\"\n\t\t\ttitle=\"\"\n\t\t\tdata-src=\"https:\/\/www.familledelabrie.fr\/wp-content\/gallery\/galerie-fete-de-la-famille-2013-a-claye\/reduction_IMGP7251.JPG?t=1553641294\"\n\t\t\tdata-thumbnail=\"https:\/\/www.familledelabrie.fr\/wp-content\/gallery\/galerie-fete-de-la-famille-2013-a-claye\/thumbs\/thumbs_reduction_IMGP7251.JPG?t=1553641294\"\n\t\t\tdata-image-id=\"363\"\n\t\t\tdata-image-name=\"reduction_IMGP7251.JPG\"\n\t\t\tdata-title=\"reduction_IMGP7251\"\n\t\t\tdata-description=\"\"\n\t\t\tdata-image-slug=\"reduction_imgp7251\"\n\t\t\t\t\t\t\t\t\t\t\t\t\t\t\t\t\t\t\t\tclass='use_imagebrowser_effect' data-imagebrowser-url='https:\/\/www.familledelabrie.fr\/index.php\/nggallery\/image\/%STUB%?page_id=1039'>\n\t\t\t\t\t\t\t\t<img\n\t\t\t\t\ttitle=\"reduction_IMGP7251\"\n\t\t\t\t\talt=\"reduction_IMGP7251\"\n\t\t\t\t\tsrc=\"https:\/\/www.familledelabrie.fr\/wp-content\/gallery\/galerie-fete-de-la-famille-2013-a-claye\/cache\/reduction_IMGP7251.JPG-nggid03363-ngg0dyn-120x90x100-00f0w010c011r110f110r010t010.JPG?t=1553641294\"\n\t\t\t\t\twidth=\"120\"\n\t\t\t\t\theight=\"90\"\n\t\t\t\t\tstyle=\"max-width:100%;\"\n\t\t\t\t\/>\n\t\t\t<\/a>\n\t\t<\/div>\n\t\t\t\t\t\t\t<\/div>\n\t\t\t\n\t\t\t\t<div id=\"ngg-image-8\" class=\"ngg-gallery-thumbnail-box\n\t\t\t\t\t\t\t\tngg-3-columns\t\t\t\"\n\t\t\t>\n\t\t\t\t\t\t<div class=\"ngg-gallery-thumbnail\">\n\t\t<a href=\"https:\/\/www.familledelabrie.fr\/wp-content\/gallery\/galerie-fete-de-la-famille-2013-a-claye\/reduction_IMGP7252.JPG?t=1553641295\"\n\t\t\ttitle=\"\"\n\t\t\tdata-src=\"https:\/\/www.familledelabrie.fr\/wp-content\/gallery\/galerie-fete-de-la-famille-2013-a-claye\/reduction_IMGP7252.JPG?t=1553641295\"\n\t\t\tdata-thumbnail=\"https:\/\/www.familledelabrie.fr\/wp-content\/gallery\/galerie-fete-de-la-famille-2013-a-claye\/thumbs\/thumbs_reduction_IMGP7252.JPG?t=1553641295\"\n\t\t\tdata-image-id=\"364\"\n\t\t\tdata-image-name=\"reduction_IMGP7252.JPG\"\n\t\t\tdata-title=\"reduction_IMGP7252\"\n\t\t\tdata-description=\"\"\n\t\t\tdata-image-slug=\"reduction_imgp7252\"\n\t\t\t\t\t\t\t\t\t\t\t\t\t\t\t\t\t\t\t\tclass='use_imagebrowser_effect' data-imagebrowser-url='https:\/\/www.familledelabrie.fr\/index.php\/nggallery\/image\/%STUB%?page_id=1039'>\n\t\t\t\t\t\t\t\t<img\n\t\t\t\t\ttitle=\"reduction_IMGP7252\"\n\t\t\t\t\talt=\"reduction_IMGP7252\"\n\t\t\t\t\tsrc=\"https:\/\/www.familledelabrie.fr\/wp-content\/gallery\/galerie-fete-de-la-famille-2013-a-claye\/cache\/reduction_IMGP7252.JPG-nggid03364-ngg0dyn-120x90x100-00f0w010c011r110f110r010t010.JPG?t=1553641295\"\n\t\t\t\t\twidth=\"120\"\n\t\t\t\t\theight=\"90\"\n\t\t\t\t\tstyle=\"max-width:100%;\"\n\t\t\t\t\/>\n\t\t\t<\/a>\n\t\t<\/div>\n\t\t\t\t\t\t\t<\/div>\n\t\t\t\n\t\t\t\t<div id=\"ngg-image-9\" class=\"ngg-gallery-thumbnail-box\n\t\t\t\t\t\t\t\tngg-3-columns\t\t\t\"\n\t\t\t>\n\t\t\t\t\t\t<div class=\"ngg-gallery-thumbnail\">\n\t\t<a href=\"https:\/\/www.familledelabrie.fr\/wp-content\/gallery\/galerie-fete-de-la-famille-2013-a-claye\/reduction_IMGP7254.JPG?t=1553641296\"\n\t\t\ttitle=\"\"\n\t\t\tdata-src=\"https:\/\/www.familledelabrie.fr\/wp-content\/gallery\/galerie-fete-de-la-famille-2013-a-claye\/reduction_IMGP7254.JPG?t=1553641296\"\n\t\t\tdata-thumbnail=\"https:\/\/www.familledelabrie.fr\/wp-content\/gallery\/galerie-fete-de-la-famille-2013-a-claye\/thumbs\/thumbs_reduction_IMGP7254.JPG?t=1553641296\"\n\t\t\tdata-image-id=\"365\"\n\t\t\tdata-image-name=\"reduction_IMGP7254.JPG\"\n\t\t\tdata-title=\"reduction_IMGP7254\"\n\t\t\tdata-description=\"\"\n\t\t\tdata-image-slug=\"reduction_imgp7254\"\n\t\t\t\t\t\t\t\t\t\t\t\t\t\t\t\t\t\t\t\tclass='use_imagebrowser_effect' data-imagebrowser-url='https:\/\/www.familledelabrie.fr\/index.php\/nggallery\/image\/%STUB%?page_id=1039'>\n\t\t\t\t\t\t\t\t<img\n\t\t\t\t\ttitle=\"reduction_IMGP7254\"\n\t\t\t\t\talt=\"reduction_IMGP7254\"\n\t\t\t\t\tsrc=\"https:\/\/www.familledelabrie.fr\/wp-content\/gallery\/galerie-fete-de-la-famille-2013-a-claye\/cache\/reduction_IMGP7254.JPG-nggid03365-ngg0dyn-120x90x100-00f0w010c011r110f110r010t010.JPG?t=1553641296\"\n\t\t\t\t\twidth=\"120\"\n\t\t\t\t\theight=\"90\"\n\t\t\t\t\tstyle=\"max-width:100%;\"\n\t\t\t\t\/>\n\t\t\t<\/a>\n\t\t<\/div>\n\t\t\t\t\t\t\t<\/div>\n\t\t\t\n\t\t\t\t<div id=\"ngg-image-10\" class=\"ngg-gallery-thumbnail-box\n\t\t\t\t\t\t\t\tngg-3-columns\t\t\t\"\n\t\t\t>\n\t\t\t\t\t\t<div class=\"ngg-gallery-thumbnail\">\n\t\t<a href=\"https:\/\/www.familledelabrie.fr\/wp-content\/gallery\/galerie-fete-de-la-famille-2013-a-claye\/reduction_IMGP7255.JPG?t=1553641296\"\n\t\t\ttitle=\"\"\n\t\t\tdata-src=\"https:\/\/www.familledelabrie.fr\/wp-content\/gallery\/galerie-fete-de-la-famille-2013-a-claye\/reduction_IMGP7255.JPG?t=1553641296\"\n\t\t\tdata-thumbnail=\"https:\/\/www.familledelabrie.fr\/wp-content\/gallery\/galerie-fete-de-la-famille-2013-a-claye\/thumbs\/thumbs_reduction_IMGP7255.JPG?t=1553641296\"\n\t\t\tdata-image-id=\"366\"\n\t\t\tdata-image-name=\"reduction_IMGP7255.JPG\"\n\t\t\tdata-title=\"reduction_IMGP7255\"\n\t\t\tdata-description=\"\"\n\t\t\tdata-image-slug=\"reduction_imgp7255\"\n\t\t\t\t\t\t\t\t\t\t\t\t\t\t\t\t\t\t\t\tclass='use_imagebrowser_effect' data-imagebrowser-url='https:\/\/www.familledelabrie.fr\/index.php\/nggallery\/image\/%STUB%?page_id=1039'>\n\t\t\t\t\t\t\t\t<img\n\t\t\t\t\ttitle=\"reduction_IMGP7255\"\n\t\t\t\t\talt=\"reduction_IMGP7255\"\n\t\t\t\t\tsrc=\"https:\/\/www.familledelabrie.fr\/wp-content\/gallery\/galerie-fete-de-la-famille-2013-a-claye\/cache\/reduction_IMGP7255.JPG-nggid03366-ngg0dyn-120x90x100-00f0w010c011r110f110r010t010.JPG?t=1553641296\"\n\t\t\t\t\twidth=\"120\"\n\t\t\t\t\theight=\"90\"\n\t\t\t\t\tstyle=\"max-width:100%;\"\n\t\t\t\t\/>\n\t\t\t<\/a>\n\t\t<\/div>\n\t\t\t\t\t\t\t<\/div>\n\t\t\t\n\t\t\t\t<div id=\"ngg-image-11\" class=\"ngg-gallery-thumbnail-box\n\t\t\t\t\t\t\t\tngg-3-columns\t\t\t\"\n\t\t\t>\n\t\t\t\t\t\t<div class=\"ngg-gallery-thumbnail\">\n\t\t<a href=\"https:\/\/www.familledelabrie.fr\/wp-content\/gallery\/galerie-fete-de-la-famille-2013-a-claye\/reduction_IMGP7259.JPG?t=1553641297\"\n\t\t\ttitle=\"\"\n\t\t\tdata-src=\"https:\/\/www.familledelabrie.fr\/wp-content\/gallery\/galerie-fete-de-la-famille-2013-a-claye\/reduction_IMGP7259.JPG?t=1553641297\"\n\t\t\tdata-thumbnail=\"https:\/\/www.familledelabrie.fr\/wp-content\/gallery\/galerie-fete-de-la-famille-2013-a-claye\/thumbs\/thumbs_reduction_IMGP7259.JPG?t=1553641297\"\n\t\t\tdata-image-id=\"367\"\n\t\t\tdata-image-name=\"reduction_IMGP7259.JPG\"\n\t\t\tdata-title=\"reduction_IMGP7259\"\n\t\t\tdata-description=\"\"\n\t\t\tdata-image-slug=\"reduction_imgp7259\"\n\t\t\t\t\t\t\t\t\t\t\t\t\t\t\t\t\t\t\t\tclass='use_imagebrowser_effect' data-imagebrowser-url='https:\/\/www.familledelabrie.fr\/index.php\/nggallery\/image\/%STUB%?page_id=1039'>\n\t\t\t\t\t\t\t\t<img\n\t\t\t\t\ttitle=\"reduction_IMGP7259\"\n\t\t\t\t\talt=\"reduction_IMGP7259\"\n\t\t\t\t\tsrc=\"https:\/\/www.familledelabrie.fr\/wp-content\/gallery\/galerie-fete-de-la-famille-2013-a-claye\/cache\/reduction_IMGP7259.JPG-nggid03367-ngg0dyn-120x90x100-00f0w010c011r110f110r010t010.JPG?t=1553641297\"\n\t\t\t\t\twidth=\"120\"\n\t\t\t\t\theight=\"90\"\n\t\t\t\t\tstyle=\"max-width:100%;\"\n\t\t\t\t\/>\n\t\t\t<\/a>\n\t\t<\/div>\n\t\t\t\t\t\t\t<\/div>\n\t\t\t\n\t\t\t\t<div id=\"ngg-image-12\" class=\"ngg-gallery-thumbnail-box\n\t\t\t\t\t\t\t\tngg-3-columns\t\t\t\"\n\t\t\t>\n\t\t\t\t\t\t<div class=\"ngg-gallery-thumbnail\">\n\t\t<a href=\"https:\/\/www.familledelabrie.fr\/wp-content\/gallery\/galerie-fete-de-la-famille-2013-a-claye\/reduction_IMGP7263.JPG?t=1553641298\"\n\t\t\ttitle=\"\"\n\t\t\tdata-src=\"https:\/\/www.familledelabrie.fr\/wp-content\/gallery\/galerie-fete-de-la-famille-2013-a-claye\/reduction_IMGP7263.JPG?t=1553641298\"\n\t\t\tdata-thumbnail=\"https:\/\/www.familledelabrie.fr\/wp-content\/gallery\/galerie-fete-de-la-famille-2013-a-claye\/thumbs\/thumbs_reduction_IMGP7263.JPG?t=1553641298\"\n\t\t\tdata-image-id=\"368\"\n\t\t\tdata-image-name=\"reduction_IMGP7263.JPG\"\n\t\t\tdata-title=\"reduction_IMGP7263\"\n\t\t\tdata-description=\"\"\n\t\t\tdata-image-slug=\"reduction_imgp7263\"\n\t\t\t\t\t\t\t\t\t\t\t\t\t\t\t\t\t\t\t\tclass='use_imagebrowser_effect' data-imagebrowser-url='https:\/\/www.familledelabrie.fr\/index.php\/nggallery\/image\/%STUB%?page_id=1039'>\n\t\t\t\t\t\t\t\t<img\n\t\t\t\t\ttitle=\"reduction_IMGP7263\"\n\t\t\t\t\talt=\"reduction_IMGP7263\"\n\t\t\t\t\tsrc=\"https:\/\/www.familledelabrie.fr\/wp-content\/gallery\/galerie-fete-de-la-famille-2013-a-claye\/cache\/reduction_IMGP7263.JPG-nggid03368-ngg0dyn-120x90x100-00f0w010c011r110f110r010t010.JPG?t=1553641298\"\n\t\t\t\t\twidth=\"120\"\n\t\t\t\t\theight=\"90\"\n\t\t\t\t\tstyle=\"max-width:100%;\"\n\t\t\t\t\/>\n\t\t\t<\/a>\n\t\t<\/div>\n\t\t\t\t\t\t\t<\/div>\n\t\t\t\n\t\t\t\t<div id=\"ngg-image-13\" class=\"ngg-gallery-thumbnail-box\n\t\t\t\t\t\t\t\tngg-3-columns\t\t\t\"\n\t\t\t>\n\t\t\t\t\t\t<div class=\"ngg-gallery-thumbnail\">\n\t\t<a href=\"https:\/\/www.familledelabrie.fr\/wp-content\/gallery\/galerie-fete-de-la-famille-2013-a-claye\/reduction_IMGP7266.JPG?t=1553641299\"\n\t\t\ttitle=\"\"\n\t\t\tdata-src=\"https:\/\/www.familledelabrie.fr\/wp-content\/gallery\/galerie-fete-de-la-famille-2013-a-claye\/reduction_IMGP7266.JPG?t=1553641299\"\n\t\t\tdata-thumbnail=\"https:\/\/www.familledelabrie.fr\/wp-content\/gallery\/galerie-fete-de-la-famille-2013-a-claye\/thumbs\/thumbs_reduction_IMGP7266.JPG?t=1553641299\"\n\t\t\tdata-image-id=\"369\"\n\t\t\tdata-image-name=\"reduction_IMGP7266.JPG\"\n\t\t\tdata-title=\"reduction_IMGP7266\"\n\t\t\tdata-description=\"\"\n\t\t\tdata-image-slug=\"reduction_imgp7266\"\n\t\t\t\t\t\t\t\t\t\t\t\t\t\t\t\t\t\t\t\tclass='use_imagebrowser_effect' data-imagebrowser-url='https:\/\/www.familledelabrie.fr\/index.php\/nggallery\/image\/%STUB%?page_id=1039'>\n\t\t\t\t\t\t\t\t<img\n\t\t\t\t\ttitle=\"reduction_IMGP7266\"\n\t\t\t\t\talt=\"reduction_IMGP7266\"\n\t\t\t\t\tsrc=\"https:\/\/www.familledelabrie.fr\/wp-content\/gallery\/galerie-fete-de-la-famille-2013-a-claye\/cache\/reduction_IMGP7266.JPG-nggid03369-ngg0dyn-120x90x100-00f0w010c011r110f110r010t010.JPG?t=1553641299\"\n\t\t\t\t\twidth=\"120\"\n\t\t\t\t\theight=\"90\"\n\t\t\t\t\tstyle=\"max-width:100%;\"\n\t\t\t\t\/>\n\t\t\t<\/a>\n\t\t<\/div>\n\t\t\t\t\t\t\t<\/div>\n\t\t\t\n\t\t\t\t<div id=\"ngg-image-14\" class=\"ngg-gallery-thumbnail-box\n\t\t\t\t\t\t\t\tngg-3-columns\t\t\t\"\n\t\t\t>\n\t\t\t\t\t\t<div class=\"ngg-gallery-thumbnail\">\n\t\t<a href=\"https:\/\/www.familledelabrie.fr\/wp-content\/gallery\/galerie-fete-de-la-famille-2013-a-claye\/reduction_IMGP7269.JPG?t=1553641299\"\n\t\t\ttitle=\"\"\n\t\t\tdata-src=\"https:\/\/www.familledelabrie.fr\/wp-content\/gallery\/galerie-fete-de-la-famille-2013-a-claye\/reduction_IMGP7269.JPG?t=1553641299\"\n\t\t\tdata-thumbnail=\"https:\/\/www.familledelabrie.fr\/wp-content\/gallery\/galerie-fete-de-la-famille-2013-a-claye\/thumbs\/thumbs_reduction_IMGP7269.JPG?t=1553641299\"\n\t\t\tdata-image-id=\"370\"\n\t\t\tdata-image-name=\"reduction_IMGP7269.JPG\"\n\t\t\tdata-title=\"reduction_IMGP7269\"\n\t\t\tdata-description=\"\"\n\t\t\tdata-image-slug=\"reduction_imgp7269\"\n\t\t\t\t\t\t\t\t\t\t\t\t\t\t\t\t\t\t\t\tclass='use_imagebrowser_effect' data-imagebrowser-url='https:\/\/www.familledelabrie.fr\/index.php\/nggallery\/image\/%STUB%?page_id=1039'>\n\t\t\t\t\t\t\t\t<img\n\t\t\t\t\ttitle=\"reduction_IMGP7269\"\n\t\t\t\t\talt=\"reduction_IMGP7269\"\n\t\t\t\t\tsrc=\"https:\/\/www.familledelabrie.fr\/wp-content\/gallery\/galerie-fete-de-la-famille-2013-a-claye\/cache\/reduction_IMGP7269.JPG-nggid03370-ngg0dyn-120x90x100-00f0w010c011r110f110r010t010.JPG?t=1553641299\"\n\t\t\t\t\twidth=\"120\"\n\t\t\t\t\theight=\"90\"\n\t\t\t\t\tstyle=\"max-width:100%;\"\n\t\t\t\t\/>\n\t\t\t<\/a>\n\t\t<\/div>\n\t\t\t\t\t\t\t<\/div>\n\t\t\t\n\t\t\t\t<div id=\"ngg-image-15\" class=\"ngg-gallery-thumbnail-box\n\t\t\t\t\t\t\t\tngg-3-columns\t\t\t\"\n\t\t\t>\n\t\t\t\t\t\t<div class=\"ngg-gallery-thumbnail\">\n\t\t<a href=\"https:\/\/www.familledelabrie.fr\/wp-content\/gallery\/galerie-fete-de-la-famille-2013-a-claye\/reduction_IMGP7270.JPG?t=1553641300\"\n\t\t\ttitle=\"\"\n\t\t\tdata-src=\"https:\/\/www.familledelabrie.fr\/wp-content\/gallery\/galerie-fete-de-la-famille-2013-a-claye\/reduction_IMGP7270.JPG?t=1553641300\"\n\t\t\tdata-thumbnail=\"https:\/\/www.familledelabrie.fr\/wp-content\/gallery\/galerie-fete-de-la-famille-2013-a-claye\/thumbs\/thumbs_reduction_IMGP7270.JPG?t=1553641300\"\n\t\t\tdata-image-id=\"371\"\n\t\t\tdata-image-name=\"reduction_IMGP7270.JPG\"\n\t\t\tdata-title=\"reduction_IMGP7270\"\n\t\t\tdata-description=\"\"\n\t\t\tdata-image-slug=\"reduction_imgp7270\"\n\t\t\t\t\t\t\t\t\t\t\t\t\t\t\t\t\t\t\t\tclass='use_imagebrowser_effect' data-imagebrowser-url='https:\/\/www.familledelabrie.fr\/index.php\/nggallery\/image\/%STUB%?page_id=1039'>\n\t\t\t\t\t\t\t\t<img\n\t\t\t\t\ttitle=\"reduction_IMGP7270\"\n\t\t\t\t\talt=\"reduction_IMGP7270\"\n\t\t\t\t\tsrc=\"https:\/\/www.familledelabrie.fr\/wp-content\/gallery\/galerie-fete-de-la-famille-2013-a-claye\/cache\/reduction_IMGP7270.JPG-nggid03371-ngg0dyn-120x90x100-00f0w010c011r110f110r010t010.JPG?t=1553641300\"\n\t\t\t\t\twidth=\"120\"\n\t\t\t\t\theight=\"90\"\n\t\t\t\t\tstyle=\"max-width:100%;\"\n\t\t\t\t\/>\n\t\t\t<\/a>\n\t\t<\/div>\n\t\t\t\t\t\t\t<\/div>\n\t\t\t\n\t\t\t\t<div id=\"ngg-image-16\" class=\"ngg-gallery-thumbnail-box\n\t\t\t\t\t\t\t\tngg-3-columns\t\t\t\"\n\t\t\t>\n\t\t\t\t\t\t<div class=\"ngg-gallery-thumbnail\">\n\t\t<a href=\"https:\/\/www.familledelabrie.fr\/wp-content\/gallery\/galerie-fete-de-la-famille-2013-a-claye\/reduction_IMGP7275.JPG?t=1553641301\"\n\t\t\ttitle=\"\"\n\t\t\tdata-src=\"https:\/\/www.familledelabrie.fr\/wp-content\/gallery\/galerie-fete-de-la-famille-2013-a-claye\/reduction_IMGP7275.JPG?t=1553641301\"\n\t\t\tdata-thumbnail=\"https:\/\/www.familledelabrie.fr\/wp-content\/gallery\/galerie-fete-de-la-famille-2013-a-claye\/thumbs\/thumbs_reduction_IMGP7275.JPG?t=1553641301\"\n\t\t\tdata-image-id=\"372\"\n\t\t\tdata-image-name=\"reduction_IMGP7275.JPG\"\n\t\t\tdata-title=\"reduction_IMGP7275\"\n\t\t\tdata-description=\"\"\n\t\t\tdata-image-slug=\"reduction_imgp7275\"\n\t\t\t\t\t\t\t\t\t\t\t\t\t\t\t\t\t\t\t\tclass='use_imagebrowser_effect' data-imagebrowser-url='https:\/\/www.familledelabrie.fr\/index.php\/nggallery\/image\/%STUB%?page_id=1039'>\n\t\t\t\t\t\t\t\t<img\n\t\t\t\t\ttitle=\"reduction_IMGP7275\"\n\t\t\t\t\talt=\"reduction_IMGP7275\"\n\t\t\t\t\tsrc=\"https:\/\/www.familledelabrie.fr\/wp-content\/gallery\/galerie-fete-de-la-famille-2013-a-claye\/cache\/reduction_IMGP7275.JPG-nggid03372-ngg0dyn-120x90x100-00f0w010c011r110f110r010t010.JPG?t=1553641301\"\n\t\t\t\t\twidth=\"120\"\n\t\t\t\t\theight=\"90\"\n\t\t\t\t\tstyle=\"max-width:100%;\"\n\t\t\t\t\/>\n\t\t\t<\/a>\n\t\t<\/div>\n\t\t\t\t\t\t\t<\/div>\n\t\t\t\n\t\t\t\t<div id=\"ngg-image-17\" class=\"ngg-gallery-thumbnail-box\n\t\t\t\t\t\t\t\tngg-3-columns\t\t\t\"\n\t\t\t>\n\t\t\t\t\t\t<div class=\"ngg-gallery-thumbnail\">\n\t\t<a href=\"https:\/\/www.familledelabrie.fr\/wp-content\/gallery\/galerie-fete-de-la-famille-2013-a-claye\/reduction_IMGP7278.JPG?t=1553641302\"\n\t\t\ttitle=\"\"\n\t\t\tdata-src=\"https:\/\/www.familledelabrie.fr\/wp-content\/gallery\/galerie-fete-de-la-famille-2013-a-claye\/reduction_IMGP7278.JPG?t=1553641302\"\n\t\t\tdata-thumbnail=\"https:\/\/www.familledelabrie.fr\/wp-content\/gallery\/galerie-fete-de-la-famille-2013-a-claye\/thumbs\/thumbs_reduction_IMGP7278.JPG?t=1553641302\"\n\t\t\tdata-image-id=\"373\"\n\t\t\tdata-image-name=\"reduction_IMGP7278.JPG\"\n\t\t\tdata-title=\"reduction_IMGP7278\"\n\t\t\tdata-description=\"\"\n\t\t\tdata-image-slug=\"reduction_imgp7278\"\n\t\t\t\t\t\t\t\t\t\t\t\t\t\t\t\t\t\t\t\tclass='use_imagebrowser_effect' data-imagebrowser-url='https:\/\/www.familledelabrie.fr\/index.php\/nggallery\/image\/%STUB%?page_id=1039'>\n\t\t\t\t\t\t\t\t<img\n\t\t\t\t\ttitle=\"reduction_IMGP7278\"\n\t\t\t\t\talt=\"reduction_IMGP7278\"\n\t\t\t\t\tsrc=\"https:\/\/www.familledelabrie.fr\/wp-content\/gallery\/galerie-fete-de-la-famille-2013-a-claye\/cache\/reduction_IMGP7278.JPG-nggid03373-ngg0dyn-120x90x100-00f0w010c011r110f110r010t010.JPG?t=1553641302\"\n\t\t\t\t\twidth=\"120\"\n\t\t\t\t\theight=\"90\"\n\t\t\t\t\tstyle=\"max-width:100%;\"\n\t\t\t\t\/>\n\t\t\t<\/a>\n\t\t<\/div>\n\t\t\t\t\t\t\t<\/div>\n\t\t\t\n\t\t\t\t<div id=\"ngg-image-18\" class=\"ngg-gallery-thumbnail-box\n\t\t\t\t\t\t\t\tngg-3-columns\t\t\t\"\n\t\t\t>\n\t\t\t\t\t\t<div class=\"ngg-gallery-thumbnail\">\n\t\t<a href=\"https:\/\/www.familledelabrie.fr\/wp-content\/gallery\/galerie-fete-de-la-famille-2013-a-claye\/reduction_IMGP7289.JPG?t=1553641303\"\n\t\t\ttitle=\"\"\n\t\t\tdata-src=\"https:\/\/www.familledelabrie.fr\/wp-content\/gallery\/galerie-fete-de-la-famille-2013-a-claye\/reduction_IMGP7289.JPG?t=1553641303\"\n\t\t\tdata-thumbnail=\"https:\/\/www.familledelabrie.fr\/wp-content\/gallery\/galerie-fete-de-la-famille-2013-a-claye\/thumbs\/thumbs_reduction_IMGP7289.JPG?t=1553641303\"\n\t\t\tdata-image-id=\"374\"\n\t\t\tdata-image-name=\"reduction_IMGP7289.JPG\"\n\t\t\tdata-title=\"reduction_IMGP7289\"\n\t\t\tdata-description=\"\"\n\t\t\tdata-image-slug=\"reduction_imgp7289\"\n\t\t\t\t\t\t\t\t\t\t\t\t\t\t\t\t\t\t\t\tclass='use_imagebrowser_effect' data-imagebrowser-url='https:\/\/www.familledelabrie.fr\/index.php\/nggallery\/image\/%STUB%?page_id=1039'>\n\t\t\t\t\t\t\t\t<img\n\t\t\t\t\ttitle=\"reduction_IMGP7289\"\n\t\t\t\t\talt=\"reduction_IMGP7289\"\n\t\t\t\t\tsrc=\"https:\/\/www.familledelabrie.fr\/wp-content\/gallery\/galerie-fete-de-la-famille-2013-a-claye\/cache\/reduction_IMGP7289.JPG-nggid03374-ngg0dyn-120x90x100-00f0w010c011r110f110r010t010.JPG?t=1553641303\"\n\t\t\t\t\twidth=\"120\"\n\t\t\t\t\theight=\"90\"\n\t\t\t\t\tstyle=\"max-width:100%;\"\n\t\t\t\t\/>\n\t\t\t<\/a>\n\t\t<\/div>\n\t\t\t\t\t\t\t<\/div>\n\t\t\t\n\t\t\t\t<div id=\"ngg-image-19\" class=\"ngg-gallery-thumbnail-box\n\t\t\t\t\t\t\t\tngg-3-columns\t\t\t\"\n\t\t\t>\n\t\t\t\t\t\t<div class=\"ngg-gallery-thumbnail\">\n\t\t<a href=\"https:\/\/www.familledelabrie.fr\/wp-content\/gallery\/galerie-fete-de-la-famille-2013-a-claye\/reduction_IMGP7293.JPG?t=1553641303\"\n\t\t\ttitle=\"\"\n\t\t\tdata-src=\"https:\/\/www.familledelabrie.fr\/wp-content\/gallery\/galerie-fete-de-la-famille-2013-a-claye\/reduction_IMGP7293.JPG?t=1553641303\"\n\t\t\tdata-thumbnail=\"https:\/\/www.familledelabrie.fr\/wp-content\/gallery\/galerie-fete-de-la-famille-2013-a-claye\/thumbs\/thumbs_reduction_IMGP7293.JPG?t=1553641303\"\n\t\t\tdata-image-id=\"375\"\n\t\t\tdata-image-name=\"reduction_IMGP7293.JPG\"\n\t\t\tdata-title=\"reduction_IMGP7293\"\n\t\t\tdata-description=\"\"\n\t\t\tdata-image-slug=\"reduction_imgp7293\"\n\t\t\t\t\t\t\t\t\t\t\t\t\t\t\t\t\t\t\t\tclass='use_imagebrowser_effect' data-imagebrowser-url='https:\/\/www.familledelabrie.fr\/index.php\/nggallery\/image\/%STUB%?page_id=1039'>\n\t\t\t\t\t\t\t\t<img\n\t\t\t\t\ttitle=\"reduction_IMGP7293\"\n\t\t\t\t\talt=\"reduction_IMGP7293\"\n\t\t\t\t\tsrc=\"https:\/\/www.familledelabrie.fr\/wp-content\/gallery\/galerie-fete-de-la-famille-2013-a-claye\/cache\/reduction_IMGP7293.JPG-nggid03375-ngg0dyn-120x90x100-00f0w010c011r110f110r010t010.JPG?t=1553641303\"\n\t\t\t\t\twidth=\"120\"\n\t\t\t\t\theight=\"90\"\n\t\t\t\t\tstyle=\"max-width:100%;\"\n\t\t\t\t\/>\n\t\t\t<\/a>\n\t\t<\/div>\n\t\t\t\t\t\t\t<\/div>\n\t\t\t\n\t\t\t\t<div id=\"ngg-image-20\" class=\"ngg-gallery-thumbnail-box\n\t\t\t\t\t\t\t\tngg-3-columns\t\t\t\"\n\t\t\t>\n\t\t\t\t\t\t<div class=\"ngg-gallery-thumbnail\">\n\t\t<a href=\"https:\/\/www.familledelabrie.fr\/wp-content\/gallery\/galerie-fete-de-la-famille-2013-a-claye\/reduction_IMGP7295.JPG?t=1553641304\"\n\t\t\ttitle=\"\"\n\t\t\tdata-src=\"https:\/\/www.familledelabrie.fr\/wp-content\/gallery\/galerie-fete-de-la-famille-2013-a-claye\/reduction_IMGP7295.JPG?t=1553641304\"\n\t\t\tdata-thumbnail=\"https:\/\/www.familledelabrie.fr\/wp-content\/gallery\/galerie-fete-de-la-famille-2013-a-claye\/thumbs\/thumbs_reduction_IMGP7295.JPG?t=1553641304\"\n\t\t\tdata-image-id=\"376\"\n\t\t\tdata-image-name=\"reduction_IMGP7295.JPG\"\n\t\t\tdata-title=\"reduction_IMGP7295\"\n\t\t\tdata-description=\"\"\n\t\t\tdata-image-slug=\"reduction_imgp7295\"\n\t\t\t\t\t\t\t\t\t\t\t\t\t\t\t\t\t\t\t\tclass='use_imagebrowser_effect' data-imagebrowser-url='https:\/\/www.familledelabrie.fr\/index.php\/nggallery\/image\/%STUB%?page_id=1039'>\n\t\t\t\t\t\t\t\t<img\n\t\t\t\t\ttitle=\"reduction_IMGP7295\"\n\t\t\t\t\talt=\"reduction_IMGP7295\"\n\t\t\t\t\tsrc=\"https:\/\/www.familledelabrie.fr\/wp-content\/gallery\/galerie-fete-de-la-famille-2013-a-claye\/cache\/reduction_IMGP7295.JPG-nggid03376-ngg0dyn-120x90x100-00f0w010c011r110f110r010t010.JPG?t=1553641304\"\n\t\t\t\t\twidth=\"120\"\n\t\t\t\t\theight=\"90\"\n\t\t\t\t\tstyle=\"max-width:100%;\"\n\t\t\t\t\/>\n\t\t\t<\/a>\n\t\t<\/div>\n\t\t\t\t\t\t\t<\/div>\n\t\t\t\n\t\t\t\t<div id=\"ngg-image-21\" class=\"ngg-gallery-thumbnail-box\n\t\t\t\t\t\t\t\tngg-3-columns\t\t\t\"\n\t\t\t>\n\t\t\t\t\t\t<div class=\"ngg-gallery-thumbnail\">\n\t\t<a href=\"https:\/\/www.familledelabrie.fr\/wp-content\/gallery\/galerie-fete-de-la-famille-2013-a-claye\/reduction_IMGP7299.JPG?t=1553641304\"\n\t\t\ttitle=\"\"\n\t\t\tdata-src=\"https:\/\/www.familledelabrie.fr\/wp-content\/gallery\/galerie-fete-de-la-famille-2013-a-claye\/reduction_IMGP7299.JPG?t=1553641304\"\n\t\t\tdata-thumbnail=\"https:\/\/www.familledelabrie.fr\/wp-content\/gallery\/galerie-fete-de-la-famille-2013-a-claye\/thumbs\/thumbs_reduction_IMGP7299.JPG?t=1553641304\"\n\t\t\tdata-image-id=\"377\"\n\t\t\tdata-image-name=\"reduction_IMGP7299.JPG\"\n\t\t\tdata-title=\"reduction_IMGP7299\"\n\t\t\tdata-description=\"\"\n\t\t\tdata-image-slug=\"reduction_imgp7299\"\n\t\t\t\t\t\t\t\t\t\t\t\t\t\t\t\t\t\t\t\tclass='use_imagebrowser_effect' data-imagebrowser-url='https:\/\/www.familledelabrie.fr\/index.php\/nggallery\/image\/%STUB%?page_id=1039'>\n\t\t\t\t\t\t\t\t<img\n\t\t\t\t\ttitle=\"reduction_IMGP7299\"\n\t\t\t\t\talt=\"reduction_IMGP7299\"\n\t\t\t\t\tsrc=\"https:\/\/www.familledelabrie.fr\/wp-content\/gallery\/galerie-fete-de-la-famille-2013-a-claye\/cache\/reduction_IMGP7299.JPG-nggid03377-ngg0dyn-120x90x100-00f0w010c011r110f110r010t010.JPG?t=1553641304\"\n\t\t\t\t\twidth=\"120\"\n\t\t\t\t\theight=\"90\"\n\t\t\t\t\tstyle=\"max-width:100%;\"\n\t\t\t\t\/>\n\t\t\t<\/a>\n\t\t<\/div>\n\t\t\t\t\t\t\t<\/div>\n\t\t\t\n\t\t\t\t<div id=\"ngg-image-22\" class=\"ngg-gallery-thumbnail-box\n\t\t\t\t\t\t\t\tngg-3-columns\t\t\t\"\n\t\t\t>\n\t\t\t\t\t\t<div class=\"ngg-gallery-thumbnail\">\n\t\t<a href=\"https:\/\/www.familledelabrie.fr\/wp-content\/gallery\/galerie-fete-de-la-famille-2013-a-claye\/reduction_IMGP7303.JPG?t=1553641305\"\n\t\t\ttitle=\"\"\n\t\t\tdata-src=\"https:\/\/www.familledelabrie.fr\/wp-content\/gallery\/galerie-fete-de-la-famille-2013-a-claye\/reduction_IMGP7303.JPG?t=1553641305\"\n\t\t\tdata-thumbnail=\"https:\/\/www.familledelabrie.fr\/wp-content\/gallery\/galerie-fete-de-la-famille-2013-a-claye\/thumbs\/thumbs_reduction_IMGP7303.JPG?t=1553641305\"\n\t\t\tdata-image-id=\"378\"\n\t\t\tdata-image-name=\"reduction_IMGP7303.JPG\"\n\t\t\tdata-title=\"reduction_IMGP7303\"\n\t\t\tdata-description=\"\"\n\t\t\tdata-image-slug=\"reduction_imgp7303\"\n\t\t\t\t\t\t\t\t\t\t\t\t\t\t\t\t\t\t\t\tclass='use_imagebrowser_effect' data-imagebrowser-url='https:\/\/www.familledelabrie.fr\/index.php\/nggallery\/image\/%STUB%?page_id=1039'>\n\t\t\t\t\t\t\t\t<img\n\t\t\t\t\ttitle=\"reduction_IMGP7303\"\n\t\t\t\t\talt=\"reduction_IMGP7303\"\n\t\t\t\t\tsrc=\"https:\/\/www.familledelabrie.fr\/wp-content\/gallery\/galerie-fete-de-la-famille-2013-a-claye\/cache\/reduction_IMGP7303.JPG-nggid03378-ngg0dyn-120x90x100-00f0w010c011r110f110r010t010.JPG?t=1553641305\"\n\t\t\t\t\twidth=\"120\"\n\t\t\t\t\theight=\"90\"\n\t\t\t\t\tstyle=\"max-width:100%;\"\n\t\t\t\t\/>\n\t\t\t<\/a>\n\t\t<\/div>\n\t\t\t\t\t\t\t<\/div>\n\t\t\t\n\t\t\t\t<div id=\"ngg-image-23\" class=\"ngg-gallery-thumbnail-box\n\t\t\t\t\t\t\t\tngg-3-columns\t\t\t\"\n\t\t\t>\n\t\t\t\t\t\t<div class=\"ngg-gallery-thumbnail\">\n\t\t<a href=\"https:\/\/www.familledelabrie.fr\/wp-content\/gallery\/galerie-fete-de-la-famille-2013-a-claye\/reduction_IMGP7304.JPG?t=1553641306\"\n\t\t\ttitle=\"\"\n\t\t\tdata-src=\"https:\/\/www.familledelabrie.fr\/wp-content\/gallery\/galerie-fete-de-la-famille-2013-a-claye\/reduction_IMGP7304.JPG?t=1553641306\"\n\t\t\tdata-thumbnail=\"https:\/\/www.familledelabrie.fr\/wp-content\/gallery\/galerie-fete-de-la-famille-2013-a-claye\/thumbs\/thumbs_reduction_IMGP7304.JPG?t=1553641306\"\n\t\t\tdata-image-id=\"379\"\n\t\t\tdata-image-name=\"reduction_IMGP7304.JPG\"\n\t\t\tdata-title=\"reduction_IMGP7304\"\n\t\t\tdata-description=\"\"\n\t\t\tdata-image-slug=\"reduction_imgp7304\"\n\t\t\t\t\t\t\t\t\t\t\t\t\t\t\t\t\t\t\t\tclass='use_imagebrowser_effect' data-imagebrowser-url='https:\/\/www.familledelabrie.fr\/index.php\/nggallery\/image\/%STUB%?page_id=1039'>\n\t\t\t\t\t\t\t\t<img\n\t\t\t\t\ttitle=\"reduction_IMGP7304\"\n\t\t\t\t\talt=\"reduction_IMGP7304\"\n\t\t\t\t\tsrc=\"https:\/\/www.familledelabrie.fr\/wp-content\/gallery\/galerie-fete-de-la-famille-2013-a-claye\/cache\/reduction_IMGP7304.JPG-nggid03379-ngg0dyn-120x90x100-00f0w010c011r110f110r010t010.JPG?t=1553641306\"\n\t\t\t\t\twidth=\"120\"\n\t\t\t\t\theight=\"90\"\n\t\t\t\t\tstyle=\"max-width:100%;\"\n\t\t\t\t\/>\n\t\t\t<\/a>\n\t\t<\/div>\n\t\t\t\t\t\t\t<\/div>\n\t\t\t\n\t\t\t\t<div id=\"ngg-image-24\" class=\"ngg-gallery-thumbnail-box\n\t\t\t\t\t\t\t\tngg-3-columns\t\t\t\"\n\t\t\t>\n\t\t\t\t\t\t<div class=\"ngg-gallery-thumbnail\">\n\t\t<a href=\"https:\/\/www.familledelabrie.fr\/wp-content\/gallery\/galerie-fete-de-la-famille-2013-a-claye\/reduction_IMGP7309.JPG?t=1553641307\"\n\t\t\ttitle=\"\"\n\t\t\tdata-src=\"https:\/\/www.familledelabrie.fr\/wp-content\/gallery\/galerie-fete-de-la-famille-2013-a-claye\/reduction_IMGP7309.JPG?t=1553641307\"\n\t\t\tdata-thumbnail=\"https:\/\/www.familledelabrie.fr\/wp-content\/gallery\/galerie-fete-de-la-famille-2013-a-claye\/thumbs\/thumbs_reduction_IMGP7309.JPG?t=1553641307\"\n\t\t\tdata-image-id=\"380\"\n\t\t\tdata-image-name=\"reduction_IMGP7309.JPG\"\n\t\t\tdata-title=\"reduction_IMGP7309\"\n\t\t\tdata-description=\"\"\n\t\t\tdata-image-slug=\"reduction_imgp7309\"\n\t\t\t\t\t\t\t\t\t\t\t\t\t\t\t\t\t\t\t\tclass='use_imagebrowser_effect' data-imagebrowser-url='https:\/\/www.familledelabrie.fr\/index.php\/nggallery\/image\/%STUB%?page_id=1039'>\n\t\t\t\t\t\t\t\t<img\n\t\t\t\t\ttitle=\"reduction_IMGP7309\"\n\t\t\t\t\talt=\"reduction_IMGP7309\"\n\t\t\t\t\tsrc=\"https:\/\/www.familledelabrie.fr\/wp-content\/gallery\/galerie-fete-de-la-famille-2013-a-claye\/cache\/reduction_IMGP7309.JPG-nggid03380-ngg0dyn-120x90x100-00f0w010c011r110f110r010t010.JPG?t=1553641307\"\n\t\t\t\t\twidth=\"120\"\n\t\t\t\t\theight=\"90\"\n\t\t\t\t\tstyle=\"max-width:100%;\"\n\t\t\t\t\/>\n\t\t\t<\/a>\n\t\t<\/div>\n\t\t\t\t\t\t\t<\/div>\n\t\t\t\n\t\t\t\t<div id=\"ngg-image-25\" class=\"ngg-gallery-thumbnail-box\n\t\t\t\t\t\t\t\tngg-3-columns\t\t\t\"\n\t\t\t>\n\t\t\t\t\t\t<div class=\"ngg-gallery-thumbnail\">\n\t\t<a href=\"https:\/\/www.familledelabrie.fr\/wp-content\/gallery\/galerie-fete-de-la-famille-2013-a-claye\/reduction_IMGP7317.JPG?t=1553641308\"\n\t\t\ttitle=\"\"\n\t\t\tdata-src=\"https:\/\/www.familledelabrie.fr\/wp-content\/gallery\/galerie-fete-de-la-famille-2013-a-claye\/reduction_IMGP7317.JPG?t=1553641308\"\n\t\t\tdata-thumbnail=\"https:\/\/www.familledelabrie.fr\/wp-content\/gallery\/galerie-fete-de-la-famille-2013-a-claye\/thumbs\/thumbs_reduction_IMGP7317.JPG?t=1553641308\"\n\t\t\tdata-image-id=\"381\"\n\t\t\tdata-image-name=\"reduction_IMGP7317.JPG\"\n\t\t\tdata-title=\"reduction_IMGP7317\"\n\t\t\tdata-description=\"\"\n\t\t\tdata-image-slug=\"reduction_imgp7317\"\n\t\t\t\t\t\t\t\t\t\t\t\t\t\t\t\t\t\t\t\tclass='use_imagebrowser_effect' data-imagebrowser-url='https:\/\/www.familledelabrie.fr\/index.php\/nggallery\/image\/%STUB%?page_id=1039'>\n\t\t\t\t\t\t\t\t<img\n\t\t\t\t\ttitle=\"reduction_IMGP7317\"\n\t\t\t\t\talt=\"reduction_IMGP7317\"\n\t\t\t\t\tsrc=\"https:\/\/www.familledelabrie.fr\/wp-content\/gallery\/galerie-fete-de-la-famille-2013-a-claye\/cache\/reduction_IMGP7317.JPG-nggid03381-ngg0dyn-120x90x100-00f0w010c011r110f110r010t010.JPG?t=1553641308\"\n\t\t\t\t\twidth=\"120\"\n\t\t\t\t\theight=\"90\"\n\t\t\t\t\tstyle=\"max-width:100%;\"\n\t\t\t\t\/>\n\t\t\t<\/a>\n\t\t<\/div>\n\t\t\t\t\t\t\t<\/div>\n\t\t\t\n\t\t\t\t<div id=\"ngg-image-26\" class=\"ngg-gallery-thumbnail-box\n\t\t\t\t\t\t\t\tngg-3-columns\t\t\t\"\n\t\t\t>\n\t\t\t\t\t\t<div class=\"ngg-gallery-thumbnail\">\n\t\t<a href=\"https:\/\/www.familledelabrie.fr\/wp-content\/gallery\/galerie-fete-de-la-famille-2013-a-claye\/reduction_IMGP7318.JPG?t=1553641309\"\n\t\t\ttitle=\"\"\n\t\t\tdata-src=\"https:\/\/www.familledelabrie.fr\/wp-content\/gallery\/galerie-fete-de-la-famille-2013-a-claye\/reduction_IMGP7318.JPG?t=1553641309\"\n\t\t\tdata-thumbnail=\"https:\/\/www.familledelabrie.fr\/wp-content\/gallery\/galerie-fete-de-la-famille-2013-a-claye\/thumbs\/thumbs_reduction_IMGP7318.JPG?t=1553641309\"\n\t\t\tdata-image-id=\"382\"\n\t\t\tdata-image-name=\"reduction_IMGP7318.JPG\"\n\t\t\tdata-title=\"reduction_IMGP7318\"\n\t\t\tdata-description=\"\"\n\t\t\tdata-image-slug=\"reduction_imgp7318\"\n\t\t\t\t\t\t\t\t\t\t\t\t\t\t\t\t\t\t\t\tclass='use_imagebrowser_effect' data-imagebrowser-url='https:\/\/www.familledelabrie.fr\/index.php\/nggallery\/image\/%STUB%?page_id=1039'>\n\t\t\t\t\t\t\t\t<img\n\t\t\t\t\ttitle=\"reduction_IMGP7318\"\n\t\t\t\t\talt=\"reduction_IMGP7318\"\n\t\t\t\t\tsrc=\"https:\/\/www.familledelabrie.fr\/wp-content\/gallery\/galerie-fete-de-la-famille-2013-a-claye\/cache\/reduction_IMGP7318.JPG-nggid03382-ngg0dyn-120x90x100-00f0w010c011r110f110r010t010.JPG?t=1553641309\"\n\t\t\t\t\twidth=\"120\"\n\t\t\t\t\theight=\"90\"\n\t\t\t\t\tstyle=\"max-width:100%;\"\n\t\t\t\t\/>\n\t\t\t<\/a>\n\t\t<\/div>\n\t\t\t\t\t\t\t<\/div>\n\t\t\t\n\t\t\t\t<div id=\"ngg-image-27\" class=\"ngg-gallery-thumbnail-box\n\t\t\t\t\t\t\t\tngg-3-columns\t\t\t\"\n\t\t\t>\n\t\t\t\t\t\t<div class=\"ngg-gallery-thumbnail\">\n\t\t<a href=\"https:\/\/www.familledelabrie.fr\/wp-content\/gallery\/galerie-fete-de-la-famille-2013-a-claye\/reduction_IMGP7319.JPG?t=1553641310\"\n\t\t\ttitle=\"\"\n\t\t\tdata-src=\"https:\/\/www.familledelabrie.fr\/wp-content\/gallery\/galerie-fete-de-la-famille-2013-a-claye\/reduction_IMGP7319.JPG?t=1553641310\"\n\t\t\tdata-thumbnail=\"https:\/\/www.familledelabrie.fr\/wp-content\/gallery\/galerie-fete-de-la-famille-2013-a-claye\/thumbs\/thumbs_reduction_IMGP7319.JPG?t=1553641310\"\n\t\t\tdata-image-id=\"383\"\n\t\t\tdata-image-name=\"reduction_IMGP7319.JPG\"\n\t\t\tdata-title=\"reduction_IMGP7319\"\n\t\t\tdata-description=\"\"\n\t\t\tdata-image-slug=\"reduction_imgp7319\"\n\t\t\t\t\t\t\t\t\t\t\t\t\t\t\t\t\t\t\t\tclass='use_imagebrowser_effect' data-imagebrowser-url='https:\/\/www.familledelabrie.fr\/index.php\/nggallery\/image\/%STUB%?page_id=1039'>\n\t\t\t\t\t\t\t\t<img\n\t\t\t\t\ttitle=\"reduction_IMGP7319\"\n\t\t\t\t\talt=\"reduction_IMGP7319\"\n\t\t\t\t\tsrc=\"https:\/\/www.familledelabrie.fr\/wp-content\/gallery\/galerie-fete-de-la-famille-2013-a-claye\/cache\/reduction_IMGP7319.JPG-nggid03383-ngg0dyn-120x90x100-00f0w010c011r110f110r010t010.JPG?t=1553641310\"\n\t\t\t\t\twidth=\"120\"\n\t\t\t\t\theight=\"90\"\n\t\t\t\t\tstyle=\"max-width:100%;\"\n\t\t\t\t\/>\n\t\t\t<\/a>\n\t\t<\/div>\n\t\t\t\t\t\t\t<\/div>\n\t\t\t\n\t\t\t\t<div id=\"ngg-image-28\" class=\"ngg-gallery-thumbnail-box\n\t\t\t\t\t\t\t\tngg-3-columns\t\t\t\"\n\t\t\t>\n\t\t\t\t\t\t<div class=\"ngg-gallery-thumbnail\">\n\t\t<a href=\"https:\/\/www.familledelabrie.fr\/wp-content\/gallery\/galerie-fete-de-la-famille-2013-a-claye\/reduction_IMGP7321.JPG?t=1553641311\"\n\t\t\ttitle=\"\"\n\t\t\tdata-src=\"https:\/\/www.familledelabrie.fr\/wp-content\/gallery\/galerie-fete-de-la-famille-2013-a-claye\/reduction_IMGP7321.JPG?t=1553641311\"\n\t\t\tdata-thumbnail=\"https:\/\/www.familledelabrie.fr\/wp-content\/gallery\/galerie-fete-de-la-famille-2013-a-claye\/thumbs\/thumbs_reduction_IMGP7321.JPG?t=1553641311\"\n\t\t\tdata-image-id=\"384\"\n\t\t\tdata-image-name=\"reduction_IMGP7321.JPG\"\n\t\t\tdata-title=\"reduction_IMGP7321\"\n\t\t\tdata-description=\"\"\n\t\t\tdata-image-slug=\"reduction_imgp7321\"\n\t\t\t\t\t\t\t\t\t\t\t\t\t\t\t\t\t\t\t\tclass='use_imagebrowser_effect' data-imagebrowser-url='https:\/\/www.familledelabrie.fr\/index.php\/nggallery\/image\/%STUB%?page_id=1039'>\n\t\t\t\t\t\t\t\t<img\n\t\t\t\t\ttitle=\"reduction_IMGP7321\"\n\t\t\t\t\talt=\"reduction_IMGP7321\"\n\t\t\t\t\tsrc=\"https:\/\/www.familledelabrie.fr\/wp-content\/gallery\/galerie-fete-de-la-famille-2013-a-claye\/cache\/reduction_IMGP7321.JPG-nggid03384-ngg0dyn-120x90x100-00f0w010c011r110f110r010t010.JPG?t=1553641311\"\n\t\t\t\t\twidth=\"120\"\n\t\t\t\t\theight=\"90\"\n\t\t\t\t\tstyle=\"max-width:100%;\"\n\t\t\t\t\/>\n\t\t\t<\/a>\n\t\t<\/div>\n\t\t\t\t\t\t\t<\/div>\n\t\t\t\n\t\t\t\t<div id=\"ngg-image-29\" class=\"ngg-gallery-thumbnail-box\n\t\t\t\t\t\t\t\tngg-3-columns\t\t\t\"\n\t\t\t>\n\t\t\t\t\t\t<div class=\"ngg-gallery-thumbnail\">\n\t\t<a href=\"https:\/\/www.familledelabrie.fr\/wp-content\/gallery\/galerie-fete-de-la-famille-2013-a-claye\/reduction_IMGP7326.JPG?t=1553641312\"\n\t\t\ttitle=\"\"\n\t\t\tdata-src=\"https:\/\/www.familledelabrie.fr\/wp-content\/gallery\/galerie-fete-de-la-famille-2013-a-claye\/reduction_IMGP7326.JPG?t=1553641312\"\n\t\t\tdata-thumbnail=\"https:\/\/www.familledelabrie.fr\/wp-content\/gallery\/galerie-fete-de-la-famille-2013-a-claye\/thumbs\/thumbs_reduction_IMGP7326.JPG?t=1553641312\"\n\t\t\tdata-image-id=\"385\"\n\t\t\tdata-image-name=\"reduction_IMGP7326.JPG\"\n\t\t\tdata-title=\"reduction_IMGP7326\"\n\t\t\tdata-description=\"\"\n\t\t\tdata-image-slug=\"reduction_imgp7326\"\n\t\t\t\t\t\t\t\t\t\t\t\t\t\t\t\t\t\t\t\tclass='use_imagebrowser_effect' data-imagebrowser-url='https:\/\/www.familledelabrie.fr\/index.php\/nggallery\/image\/%STUB%?page_id=1039'>\n\t\t\t\t\t\t\t\t<img\n\t\t\t\t\ttitle=\"reduction_IMGP7326\"\n\t\t\t\t\talt=\"reduction_IMGP7326\"\n\t\t\t\t\tsrc=\"https:\/\/www.familledelabrie.fr\/wp-content\/gallery\/galerie-fete-de-la-famille-2013-a-claye\/cache\/reduction_IMGP7326.JPG-nggid03385-ngg0dyn-120x90x100-00f0w010c011r110f110r010t010.JPG?t=1553641312\"\n\t\t\t\t\twidth=\"120\"\n\t\t\t\t\theight=\"90\"\n\t\t\t\t\tstyle=\"max-width:100%;\"\n\t\t\t\t\/>\n\t\t\t<\/a>\n\t\t<\/div>\n\t\t\t\t\t\t\t<\/div>\n\t\t\t\n\t\n\t<br style=\"clear: both\" \/>\n\n\t\t<div class=\"slideshowlink\">\n\t\t<a href='https:\/\/www.familledelabrie.fr\/index.php\/nggallery\/slideshow?page_id=1039'>[Show slideshow]<\/a>\n\n\t<\/div>\n\t\n\t\t<!-- Pagination -->\n\t\t<div class='ngg-navigation'><span class='current'>1<\/span>\n<a class='page-numbers' data-pageid='2' href='https:\/\/www.familledelabrie.fr\/index.php\/nggallery\/page\/2?page_id=1039'>2<\/a>\n<a class='page-numbers' data-pageid='3' href='https:\/\/www.familledelabrie.fr\/index.php\/nggallery\/page\/3?page_id=1039'>3<\/a>\n<a class='prev' href='https:\/\/www.familledelabrie.fr\/index.php\/nggallery\/page\/2?page_id=1039' data-pageid=\"2\">&#9658;<\/a><\/div>\t<\/div>\n<\/p>\n","protected":false},"excerpt":{"rendered":"<p>Des images de la f\u00eate de la famille 2013 \u00e0 Claye [Show slideshow] 1 2 3 &#9658;<\/p>\n","protected":false},"author":1,"featured_media":0,"parent":0,"menu_order":0,"comment_status":"open","ping_status":"open","template":"","meta":{"_bbp_topic_count":0,"_bbp_reply_count":0,"_bbp_total_topic_count":0,"_bbp_total_reply_count":0,"_bbp_voice_count":0,"_bbp_anonymous_reply_count":0,"_bbp_topic_count_hidden":0,"_bbp_reply_count_hidden":0,"_bbp_forum_subforum_count":0,"ngg_post_thumbnail":0,"footnotes":""},"class_list":["post-1039","page","type-page","status-publish","hentry"],"_links":{"self":[{"href":"https:\/\/www.familledelabrie.fr\/index.php?rest_route=\/wp\/v2\/pages\/1039","targetHints":{"allow":["GET"]}}],"collection":[{"href":"https:\/\/www.familledelabrie.fr\/index.php?rest_route=\/wp\/v2\/pages"}],"about":[{"href":"https:\/\/www.familledelabrie.fr\/index.php?rest_route=\/wp\/v2\/types\/page"}],"author":[{"embeddable":true,"href":"https:\/\/www.familledelabrie.fr\/index.php?rest_route=\/wp\/v2\/users\/1"}],"replies":[{"embeddable":true,"href":"https:\/\/www.familledelabrie.fr\/index.php?rest_route=%2Fwp%2Fv2%2Fcomments&post=1039"}],"version-history":[{"count":2,"href":"https:\/\/www.familledelabrie.fr\/index.php?rest_route=\/wp\/v2\/pages\/1039\/revisions"}],"predecessor-version":[{"id":1407,"href":"https:\/\/www.familledelabrie.fr\/index.php?rest_route=\/wp\/v2\/pages\/1039\/revisions\/1407"}],"wp:attachment":[{"href":"https:\/\/www.familledelabrie.fr\/index.php?rest_route=%2Fwp%2Fv2%2Fmedia&parent=1039"}],"curies":[{"name":"wp","href":"https:\/\/api.w.org\/{rel}","templated":true}]}}