{"id":1021,"date":"2014-03-31T20:31:54","date_gmt":"2014-03-31T19:31:54","guid":{"rendered":"http:\/\/www.familledelabrie.fr\/\/?page_id=1021"},"modified":"2014-08-16T11:11:51","modified_gmt":"2014-08-16T10:11:51","slug":"fete-de-la-famille-2012-a-claye","status":"publish","type":"page","link":"https:\/\/www.familledelabrie.fr\/?page_id=1021","title":{"rendered":"F\u00eate de la famille 2012 \u00e0 Claye"},"content":{"rendered":"<p>Des images de la f\u00eate de la famille 2012 \u00e0 Claye<\/p>\n<p><!-- default-view.php -->\n<div\n\tclass=\"ngg-galleryoverview default-view\n\t\t\"\n\tid=\"ngg-gallery-d9018eb1906095bf99f39a98f0dc7ed2-1\"\n\tdata-nextgen-gallery-id=\"7\"\n\tdata-gallery-id=\"7\"\n\t\tdata-gallery-name=\"galerie f\u00eate de la famille 2012 \u00e0 Claye\"\n\t>\n\n\t\t<!-- Thumbnails -->\n\t\t\t\t<div id=\"ngg-image-0\" class=\"ngg-gallery-thumbnail-box\n\t\t\t\t\t\t\t\tngg-3-columns\t\t\t\"\n\t\t\t>\n\t\t\t\t\t\t<div class=\"ngg-gallery-thumbnail\">\n\t\t<a href=\"https:\/\/www.familledelabrie.fr\/wp-content\/gallery\/galerie-fete-de-la-famille-2012-a-claye\/reduction_IMGP4222.JPG?t=1553730001\"\n\t\t\ttitle=\"\"\n\t\t\tdata-src=\"https:\/\/www.familledelabrie.fr\/wp-content\/gallery\/galerie-fete-de-la-famille-2012-a-claye\/reduction_IMGP4222.JPG?t=1553730001\"\n\t\t\tdata-thumbnail=\"https:\/\/www.familledelabrie.fr\/wp-content\/gallery\/galerie-fete-de-la-famille-2012-a-claye\/thumbs\/thumbs_reduction_IMGP4222.JPG?t=1553730001\"\n\t\t\tdata-image-id=\"255\"\n\t\t\tdata-image-name=\"reduction_IMGP4222.JPG\"\n\t\t\tdata-title=\"reduction_IMGP4222\"\n\t\t\tdata-description=\"\"\n\t\t\tdata-image-slug=\"reduction_imgp4222-1\"\n\t\t\t\t\t\t\t\t\t\t\t\t\t\t\t\t\t\t\t\tclass='use_imagebrowser_effect' data-imagebrowser-url='https:\/\/www.familledelabrie.fr\/index.php\/nggallery\/image\/%STUB%?page_id=1021'>\n\t\t\t\t\t\t\t\t<img\n\t\t\t\t\ttitle=\"reduction_IMGP4222\"\n\t\t\t\t\talt=\"reduction_IMGP4222\"\n\t\t\t\t\tsrc=\"https:\/\/www.familledelabrie.fr\/wp-content\/gallery\/galerie-fete-de-la-famille-2012-a-claye\/cache\/reduction_IMGP4222.JPG-nggid03255-ngg0dyn-120x90x100-00f0w010c011r110f110r010t010.JPG?t=1553730001\"\n\t\t\t\t\twidth=\"120\"\n\t\t\t\t\theight=\"90\"\n\t\t\t\t\tstyle=\"max-width:100%;\"\n\t\t\t\t\/>\n\t\t\t<\/a>\n\t\t<\/div>\n\t\t\t\t\t\t\t<\/div>\n\t\t\t\n\t\t\t\t<div id=\"ngg-image-1\" class=\"ngg-gallery-thumbnail-box\n\t\t\t\t\t\t\t\tngg-3-columns\t\t\t\"\n\t\t\t>\n\t\t\t\t\t\t<div class=\"ngg-gallery-thumbnail\">\n\t\t<a href=\"https:\/\/www.familledelabrie.fr\/wp-content\/gallery\/galerie-fete-de-la-famille-2012-a-claye\/reduction_IMGP4223.JPG?t=1553730002\"\n\t\t\ttitle=\"\"\n\t\t\tdata-src=\"https:\/\/www.familledelabrie.fr\/wp-content\/gallery\/galerie-fete-de-la-famille-2012-a-claye\/reduction_IMGP4223.JPG?t=1553730002\"\n\t\t\tdata-thumbnail=\"https:\/\/www.familledelabrie.fr\/wp-content\/gallery\/galerie-fete-de-la-famille-2012-a-claye\/thumbs\/thumbs_reduction_IMGP4223.JPG?t=1553730002\"\n\t\t\tdata-image-id=\"256\"\n\t\t\tdata-image-name=\"reduction_IMGP4223.JPG\"\n\t\t\tdata-title=\"reduction_IMGP4223\"\n\t\t\tdata-description=\"\"\n\t\t\tdata-image-slug=\"reduction_imgp4223\"\n\t\t\t\t\t\t\t\t\t\t\t\t\t\t\t\t\t\t\t\tclass='use_imagebrowser_effect' data-imagebrowser-url='https:\/\/www.familledelabrie.fr\/index.php\/nggallery\/image\/%STUB%?page_id=1021'>\n\t\t\t\t\t\t\t\t<img\n\t\t\t\t\ttitle=\"reduction_IMGP4223\"\n\t\t\t\t\talt=\"reduction_IMGP4223\"\n\t\t\t\t\tsrc=\"https:\/\/www.familledelabrie.fr\/wp-content\/gallery\/galerie-fete-de-la-famille-2012-a-claye\/cache\/reduction_IMGP4223.JPG-nggid03256-ngg0dyn-120x90x100-00f0w010c011r110f110r010t010.JPG?t=1553730002\"\n\t\t\t\t\twidth=\"120\"\n\t\t\t\t\theight=\"90\"\n\t\t\t\t\tstyle=\"max-width:100%;\"\n\t\t\t\t\/>\n\t\t\t<\/a>\n\t\t<\/div>\n\t\t\t\t\t\t\t<\/div>\n\t\t\t\n\t\t\t\t<div id=\"ngg-image-2\" class=\"ngg-gallery-thumbnail-box\n\t\t\t\t\t\t\t\tngg-3-columns\t\t\t\"\n\t\t\t>\n\t\t\t\t\t\t<div class=\"ngg-gallery-thumbnail\">\n\t\t<a href=\"https:\/\/www.familledelabrie.fr\/wp-content\/gallery\/galerie-fete-de-la-famille-2012-a-claye\/reduction_IMGP4225.JPG?t=1553730003\"\n\t\t\ttitle=\"\"\n\t\t\tdata-src=\"https:\/\/www.familledelabrie.fr\/wp-content\/gallery\/galerie-fete-de-la-famille-2012-a-claye\/reduction_IMGP4225.JPG?t=1553730003\"\n\t\t\tdata-thumbnail=\"https:\/\/www.familledelabrie.fr\/wp-content\/gallery\/galerie-fete-de-la-famille-2012-a-claye\/thumbs\/thumbs_reduction_IMGP4225.JPG?t=1553730003\"\n\t\t\tdata-image-id=\"257\"\n\t\t\tdata-image-name=\"reduction_IMGP4225.JPG\"\n\t\t\tdata-title=\"reduction_IMGP4225\"\n\t\t\tdata-description=\"\"\n\t\t\tdata-image-slug=\"reduction_imgp4225\"\n\t\t\t\t\t\t\t\t\t\t\t\t\t\t\t\t\t\t\t\tclass='use_imagebrowser_effect' data-imagebrowser-url='https:\/\/www.familledelabrie.fr\/index.php\/nggallery\/image\/%STUB%?page_id=1021'>\n\t\t\t\t\t\t\t\t<img\n\t\t\t\t\ttitle=\"reduction_IMGP4225\"\n\t\t\t\t\talt=\"reduction_IMGP4225\"\n\t\t\t\t\tsrc=\"https:\/\/www.familledelabrie.fr\/wp-content\/gallery\/galerie-fete-de-la-famille-2012-a-claye\/cache\/reduction_IMGP4225.JPG-nggid03257-ngg0dyn-120x90x100-00f0w010c011r110f110r010t010.JPG?t=1553730003\"\n\t\t\t\t\twidth=\"120\"\n\t\t\t\t\theight=\"90\"\n\t\t\t\t\tstyle=\"max-width:100%;\"\n\t\t\t\t\/>\n\t\t\t<\/a>\n\t\t<\/div>\n\t\t\t\t\t\t\t<\/div>\n\t\t\t\n\t\t\t\t<div id=\"ngg-image-3\" class=\"ngg-gallery-thumbnail-box\n\t\t\t\t\t\t\t\tngg-3-columns\t\t\t\"\n\t\t\t>\n\t\t\t\t\t\t<div class=\"ngg-gallery-thumbnail\">\n\t\t<a href=\"https:\/\/www.familledelabrie.fr\/wp-content\/gallery\/galerie-fete-de-la-famille-2012-a-claye\/reduction_IMGP4226.JPG?t=1553730003\"\n\t\t\ttitle=\"\"\n\t\t\tdata-src=\"https:\/\/www.familledelabrie.fr\/wp-content\/gallery\/galerie-fete-de-la-famille-2012-a-claye\/reduction_IMGP4226.JPG?t=1553730003\"\n\t\t\tdata-thumbnail=\"https:\/\/www.familledelabrie.fr\/wp-content\/gallery\/galerie-fete-de-la-famille-2012-a-claye\/thumbs\/thumbs_reduction_IMGP4226.JPG?t=1553730003\"\n\t\t\tdata-image-id=\"258\"\n\t\t\tdata-image-name=\"reduction_IMGP4226.JPG\"\n\t\t\tdata-title=\"reduction_IMGP4226\"\n\t\t\tdata-description=\"\"\n\t\t\tdata-image-slug=\"reduction_imgp4226\"\n\t\t\t\t\t\t\t\t\t\t\t\t\t\t\t\t\t\t\t\tclass='use_imagebrowser_effect' data-imagebrowser-url='https:\/\/www.familledelabrie.fr\/index.php\/nggallery\/image\/%STUB%?page_id=1021'>\n\t\t\t\t\t\t\t\t<img\n\t\t\t\t\ttitle=\"reduction_IMGP4226\"\n\t\t\t\t\talt=\"reduction_IMGP4226\"\n\t\t\t\t\tsrc=\"https:\/\/www.familledelabrie.fr\/wp-content\/gallery\/galerie-fete-de-la-famille-2012-a-claye\/cache\/reduction_IMGP4226.JPG-nggid03258-ngg0dyn-120x90x100-00f0w010c011r110f110r010t010.JPG?t=1553730003\"\n\t\t\t\t\twidth=\"120\"\n\t\t\t\t\theight=\"90\"\n\t\t\t\t\tstyle=\"max-width:100%;\"\n\t\t\t\t\/>\n\t\t\t<\/a>\n\t\t<\/div>\n\t\t\t\t\t\t\t<\/div>\n\t\t\t\n\t\t\t\t<div id=\"ngg-image-4\" class=\"ngg-gallery-thumbnail-box\n\t\t\t\t\t\t\t\tngg-3-columns\t\t\t\"\n\t\t\t>\n\t\t\t\t\t\t<div class=\"ngg-gallery-thumbnail\">\n\t\t<a href=\"https:\/\/www.familledelabrie.fr\/wp-content\/gallery\/galerie-fete-de-la-famille-2012-a-claye\/reduction_IMGP4229.JPG?t=1553730004\"\n\t\t\ttitle=\"\"\n\t\t\tdata-src=\"https:\/\/www.familledelabrie.fr\/wp-content\/gallery\/galerie-fete-de-la-famille-2012-a-claye\/reduction_IMGP4229.JPG?t=1553730004\"\n\t\t\tdata-thumbnail=\"https:\/\/www.familledelabrie.fr\/wp-content\/gallery\/galerie-fete-de-la-famille-2012-a-claye\/thumbs\/thumbs_reduction_IMGP4229.JPG?t=1553730004\"\n\t\t\tdata-image-id=\"259\"\n\t\t\tdata-image-name=\"reduction_IMGP4229.JPG\"\n\t\t\tdata-title=\"reduction_IMGP4229\"\n\t\t\tdata-description=\"\"\n\t\t\tdata-image-slug=\"reduction_imgp4229\"\n\t\t\t\t\t\t\t\t\t\t\t\t\t\t\t\t\t\t\t\tclass='use_imagebrowser_effect' data-imagebrowser-url='https:\/\/www.familledelabrie.fr\/index.php\/nggallery\/image\/%STUB%?page_id=1021'>\n\t\t\t\t\t\t\t\t<img\n\t\t\t\t\ttitle=\"reduction_IMGP4229\"\n\t\t\t\t\talt=\"reduction_IMGP4229\"\n\t\t\t\t\tsrc=\"https:\/\/www.familledelabrie.fr\/wp-content\/gallery\/galerie-fete-de-la-famille-2012-a-claye\/cache\/reduction_IMGP4229.JPG-nggid03259-ngg0dyn-120x90x100-00f0w010c011r110f110r010t010.JPG?t=1553730004\"\n\t\t\t\t\twidth=\"120\"\n\t\t\t\t\theight=\"90\"\n\t\t\t\t\tstyle=\"max-width:100%;\"\n\t\t\t\t\/>\n\t\t\t<\/a>\n\t\t<\/div>\n\t\t\t\t\t\t\t<\/div>\n\t\t\t\n\t\t\t\t<div id=\"ngg-image-5\" class=\"ngg-gallery-thumbnail-box\n\t\t\t\t\t\t\t\tngg-3-columns\t\t\t\"\n\t\t\t>\n\t\t\t\t\t\t<div class=\"ngg-gallery-thumbnail\">\n\t\t<a href=\"https:\/\/www.familledelabrie.fr\/wp-content\/gallery\/galerie-fete-de-la-famille-2012-a-claye\/reduction_IMGP4230.JPG?t=1553730005\"\n\t\t\ttitle=\"\"\n\t\t\tdata-src=\"https:\/\/www.familledelabrie.fr\/wp-content\/gallery\/galerie-fete-de-la-famille-2012-a-claye\/reduction_IMGP4230.JPG?t=1553730005\"\n\t\t\tdata-thumbnail=\"https:\/\/www.familledelabrie.fr\/wp-content\/gallery\/galerie-fete-de-la-famille-2012-a-claye\/thumbs\/thumbs_reduction_IMGP4230.JPG?t=1553730005\"\n\t\t\tdata-image-id=\"260\"\n\t\t\tdata-image-name=\"reduction_IMGP4230.JPG\"\n\t\t\tdata-title=\"reduction_IMGP4230\"\n\t\t\tdata-description=\"\"\n\t\t\tdata-image-slug=\"reduction_imgp4230\"\n\t\t\t\t\t\t\t\t\t\t\t\t\t\t\t\t\t\t\t\tclass='use_imagebrowser_effect' data-imagebrowser-url='https:\/\/www.familledelabrie.fr\/index.php\/nggallery\/image\/%STUB%?page_id=1021'>\n\t\t\t\t\t\t\t\t<img\n\t\t\t\t\ttitle=\"reduction_IMGP4230\"\n\t\t\t\t\talt=\"reduction_IMGP4230\"\n\t\t\t\t\tsrc=\"https:\/\/www.familledelabrie.fr\/wp-content\/gallery\/galerie-fete-de-la-famille-2012-a-claye\/cache\/reduction_IMGP4230.JPG-nggid03260-ngg0dyn-120x90x100-00f0w010c011r110f110r010t010.JPG?t=1553730005\"\n\t\t\t\t\twidth=\"120\"\n\t\t\t\t\theight=\"90\"\n\t\t\t\t\tstyle=\"max-width:100%;\"\n\t\t\t\t\/>\n\t\t\t<\/a>\n\t\t<\/div>\n\t\t\t\t\t\t\t<\/div>\n\t\t\t\n\t\t\t\t<div id=\"ngg-image-6\" class=\"ngg-gallery-thumbnail-box\n\t\t\t\t\t\t\t\tngg-3-columns\t\t\t\"\n\t\t\t>\n\t\t\t\t\t\t<div class=\"ngg-gallery-thumbnail\">\n\t\t<a href=\"https:\/\/www.familledelabrie.fr\/wp-content\/gallery\/galerie-fete-de-la-famille-2012-a-claye\/reduction_IMGP4232.JPG?t=1553730006\"\n\t\t\ttitle=\"\"\n\t\t\tdata-src=\"https:\/\/www.familledelabrie.fr\/wp-content\/gallery\/galerie-fete-de-la-famille-2012-a-claye\/reduction_IMGP4232.JPG?t=1553730006\"\n\t\t\tdata-thumbnail=\"https:\/\/www.familledelabrie.fr\/wp-content\/gallery\/galerie-fete-de-la-famille-2012-a-claye\/thumbs\/thumbs_reduction_IMGP4232.JPG?t=1553730006\"\n\t\t\tdata-image-id=\"261\"\n\t\t\tdata-image-name=\"reduction_IMGP4232.JPG\"\n\t\t\tdata-title=\"reduction_IMGP4232\"\n\t\t\tdata-description=\"\"\n\t\t\tdata-image-slug=\"reduction_imgp4232-1\"\n\t\t\t\t\t\t\t\t\t\t\t\t\t\t\t\t\t\t\t\tclass='use_imagebrowser_effect' data-imagebrowser-url='https:\/\/www.familledelabrie.fr\/index.php\/nggallery\/image\/%STUB%?page_id=1021'>\n\t\t\t\t\t\t\t\t<img\n\t\t\t\t\ttitle=\"reduction_IMGP4232\"\n\t\t\t\t\talt=\"reduction_IMGP4232\"\n\t\t\t\t\tsrc=\"https:\/\/www.familledelabrie.fr\/wp-content\/gallery\/galerie-fete-de-la-famille-2012-a-claye\/cache\/reduction_IMGP4232.JPG-nggid03261-ngg0dyn-120x90x100-00f0w010c011r110f110r010t010.JPG?t=1553730006\"\n\t\t\t\t\twidth=\"120\"\n\t\t\t\t\theight=\"90\"\n\t\t\t\t\tstyle=\"max-width:100%;\"\n\t\t\t\t\/>\n\t\t\t<\/a>\n\t\t<\/div>\n\t\t\t\t\t\t\t<\/div>\n\t\t\t\n\t\t\t\t<div id=\"ngg-image-7\" class=\"ngg-gallery-thumbnail-box\n\t\t\t\t\t\t\t\tngg-3-columns\t\t\t\"\n\t\t\t>\n\t\t\t\t\t\t<div class=\"ngg-gallery-thumbnail\">\n\t\t<a href=\"https:\/\/www.familledelabrie.fr\/wp-content\/gallery\/galerie-fete-de-la-famille-2012-a-claye\/reduction_IMGP4233.JPG?t=1553730007\"\n\t\t\ttitle=\"\"\n\t\t\tdata-src=\"https:\/\/www.familledelabrie.fr\/wp-content\/gallery\/galerie-fete-de-la-famille-2012-a-claye\/reduction_IMGP4233.JPG?t=1553730007\"\n\t\t\tdata-thumbnail=\"https:\/\/www.familledelabrie.fr\/wp-content\/gallery\/galerie-fete-de-la-famille-2012-a-claye\/thumbs\/thumbs_reduction_IMGP4233.JPG?t=1553730007\"\n\t\t\tdata-image-id=\"262\"\n\t\t\tdata-image-name=\"reduction_IMGP4233.JPG\"\n\t\t\tdata-title=\"reduction_IMGP4233\"\n\t\t\tdata-description=\"\"\n\t\t\tdata-image-slug=\"reduction_imgp4233-1\"\n\t\t\t\t\t\t\t\t\t\t\t\t\t\t\t\t\t\t\t\tclass='use_imagebrowser_effect' data-imagebrowser-url='https:\/\/www.familledelabrie.fr\/index.php\/nggallery\/image\/%STUB%?page_id=1021'>\n\t\t\t\t\t\t\t\t<img\n\t\t\t\t\ttitle=\"reduction_IMGP4233\"\n\t\t\t\t\talt=\"reduction_IMGP4233\"\n\t\t\t\t\tsrc=\"https:\/\/www.familledelabrie.fr\/wp-content\/gallery\/galerie-fete-de-la-famille-2012-a-claye\/cache\/reduction_IMGP4233.JPG-nggid03262-ngg0dyn-120x90x100-00f0w010c011r110f110r010t010.JPG?t=1553730007\"\n\t\t\t\t\twidth=\"120\"\n\t\t\t\t\theight=\"90\"\n\t\t\t\t\tstyle=\"max-width:100%;\"\n\t\t\t\t\/>\n\t\t\t<\/a>\n\t\t<\/div>\n\t\t\t\t\t\t\t<\/div>\n\t\t\t\n\t\t\t\t<div id=\"ngg-image-8\" class=\"ngg-gallery-thumbnail-box\n\t\t\t\t\t\t\t\tngg-3-columns\t\t\t\"\n\t\t\t>\n\t\t\t\t\t\t<div class=\"ngg-gallery-thumbnail\">\n\t\t<a href=\"https:\/\/www.familledelabrie.fr\/wp-content\/gallery\/galerie-fete-de-la-famille-2012-a-claye\/reduction_IMGP4236.JPG?t=1553730008\"\n\t\t\ttitle=\"\"\n\t\t\tdata-src=\"https:\/\/www.familledelabrie.fr\/wp-content\/gallery\/galerie-fete-de-la-famille-2012-a-claye\/reduction_IMGP4236.JPG?t=1553730008\"\n\t\t\tdata-thumbnail=\"https:\/\/www.familledelabrie.fr\/wp-content\/gallery\/galerie-fete-de-la-famille-2012-a-claye\/thumbs\/thumbs_reduction_IMGP4236.JPG?t=1553730008\"\n\t\t\tdata-image-id=\"263\"\n\t\t\tdata-image-name=\"reduction_IMGP4236.JPG\"\n\t\t\tdata-title=\"reduction_IMGP4236\"\n\t\t\tdata-description=\"\"\n\t\t\tdata-image-slug=\"reduction_imgp4236\"\n\t\t\t\t\t\t\t\t\t\t\t\t\t\t\t\t\t\t\t\tclass='use_imagebrowser_effect' data-imagebrowser-url='https:\/\/www.familledelabrie.fr\/index.php\/nggallery\/image\/%STUB%?page_id=1021'>\n\t\t\t\t\t\t\t\t<img\n\t\t\t\t\ttitle=\"reduction_IMGP4236\"\n\t\t\t\t\talt=\"reduction_IMGP4236\"\n\t\t\t\t\tsrc=\"https:\/\/www.familledelabrie.fr\/wp-content\/gallery\/galerie-fete-de-la-famille-2012-a-claye\/cache\/reduction_IMGP4236.JPG-nggid03263-ngg0dyn-120x90x100-00f0w010c011r110f110r010t010.JPG?t=1553730008\"\n\t\t\t\t\twidth=\"120\"\n\t\t\t\t\theight=\"90\"\n\t\t\t\t\tstyle=\"max-width:100%;\"\n\t\t\t\t\/>\n\t\t\t<\/a>\n\t\t<\/div>\n\t\t\t\t\t\t\t<\/div>\n\t\t\t\n\t\t\t\t<div id=\"ngg-image-9\" class=\"ngg-gallery-thumbnail-box\n\t\t\t\t\t\t\t\tngg-3-columns\t\t\t\"\n\t\t\t>\n\t\t\t\t\t\t<div class=\"ngg-gallery-thumbnail\">\n\t\t<a href=\"https:\/\/www.familledelabrie.fr\/wp-content\/gallery\/galerie-fete-de-la-famille-2012-a-claye\/reduction_IMGP4239.JPG?t=1553730008\"\n\t\t\ttitle=\"\"\n\t\t\tdata-src=\"https:\/\/www.familledelabrie.fr\/wp-content\/gallery\/galerie-fete-de-la-famille-2012-a-claye\/reduction_IMGP4239.JPG?t=1553730008\"\n\t\t\tdata-thumbnail=\"https:\/\/www.familledelabrie.fr\/wp-content\/gallery\/galerie-fete-de-la-famille-2012-a-claye\/thumbs\/thumbs_reduction_IMGP4239.JPG?t=1553730008\"\n\t\t\tdata-image-id=\"264\"\n\t\t\tdata-image-name=\"reduction_IMGP4239.JPG\"\n\t\t\tdata-title=\"reduction_IMGP4239\"\n\t\t\tdata-description=\"\"\n\t\t\tdata-image-slug=\"reduction_imgp4239-1\"\n\t\t\t\t\t\t\t\t\t\t\t\t\t\t\t\t\t\t\t\tclass='use_imagebrowser_effect' data-imagebrowser-url='https:\/\/www.familledelabrie.fr\/index.php\/nggallery\/image\/%STUB%?page_id=1021'>\n\t\t\t\t\t\t\t\t<img\n\t\t\t\t\ttitle=\"reduction_IMGP4239\"\n\t\t\t\t\talt=\"reduction_IMGP4239\"\n\t\t\t\t\tsrc=\"https:\/\/www.familledelabrie.fr\/wp-content\/gallery\/galerie-fete-de-la-famille-2012-a-claye\/cache\/reduction_IMGP4239.JPG-nggid03264-ngg0dyn-120x90x100-00f0w010c011r110f110r010t010.JPG?t=1553730008\"\n\t\t\t\t\twidth=\"120\"\n\t\t\t\t\theight=\"90\"\n\t\t\t\t\tstyle=\"max-width:100%;\"\n\t\t\t\t\/>\n\t\t\t<\/a>\n\t\t<\/div>\n\t\t\t\t\t\t\t<\/div>\n\t\t\t\n\t\t\t\t<div id=\"ngg-image-10\" class=\"ngg-gallery-thumbnail-box\n\t\t\t\t\t\t\t\tngg-3-columns\t\t\t\"\n\t\t\t>\n\t\t\t\t\t\t<div class=\"ngg-gallery-thumbnail\">\n\t\t<a href=\"https:\/\/www.familledelabrie.fr\/wp-content\/gallery\/galerie-fete-de-la-famille-2012-a-claye\/reduction_IMGP4241.JPG?t=1553730009\"\n\t\t\ttitle=\"\"\n\t\t\tdata-src=\"https:\/\/www.familledelabrie.fr\/wp-content\/gallery\/galerie-fete-de-la-famille-2012-a-claye\/reduction_IMGP4241.JPG?t=1553730009\"\n\t\t\tdata-thumbnail=\"https:\/\/www.familledelabrie.fr\/wp-content\/gallery\/galerie-fete-de-la-famille-2012-a-claye\/thumbs\/thumbs_reduction_IMGP4241.JPG?t=1553730009\"\n\t\t\tdata-image-id=\"265\"\n\t\t\tdata-image-name=\"reduction_IMGP4241.JPG\"\n\t\t\tdata-title=\"reduction_IMGP4241\"\n\t\t\tdata-description=\"\"\n\t\t\tdata-image-slug=\"reduction_imgp4241\"\n\t\t\t\t\t\t\t\t\t\t\t\t\t\t\t\t\t\t\t\tclass='use_imagebrowser_effect' data-imagebrowser-url='https:\/\/www.familledelabrie.fr\/index.php\/nggallery\/image\/%STUB%?page_id=1021'>\n\t\t\t\t\t\t\t\t<img\n\t\t\t\t\ttitle=\"reduction_IMGP4241\"\n\t\t\t\t\talt=\"reduction_IMGP4241\"\n\t\t\t\t\tsrc=\"https:\/\/www.familledelabrie.fr\/wp-content\/gallery\/galerie-fete-de-la-famille-2012-a-claye\/cache\/reduction_IMGP4241.JPG-nggid03265-ngg0dyn-120x90x100-00f0w010c011r110f110r010t010.JPG?t=1553730009\"\n\t\t\t\t\twidth=\"120\"\n\t\t\t\t\theight=\"90\"\n\t\t\t\t\tstyle=\"max-width:100%;\"\n\t\t\t\t\/>\n\t\t\t<\/a>\n\t\t<\/div>\n\t\t\t\t\t\t\t<\/div>\n\t\t\t\n\t\t\t\t<div id=\"ngg-image-11\" class=\"ngg-gallery-thumbnail-box\n\t\t\t\t\t\t\t\tngg-3-columns\t\t\t\"\n\t\t\t>\n\t\t\t\t\t\t<div class=\"ngg-gallery-thumbnail\">\n\t\t<a href=\"https:\/\/www.familledelabrie.fr\/wp-content\/gallery\/galerie-fete-de-la-famille-2012-a-claye\/reduction_IMGP4242.JPG?t=1553730010\"\n\t\t\ttitle=\"\"\n\t\t\tdata-src=\"https:\/\/www.familledelabrie.fr\/wp-content\/gallery\/galerie-fete-de-la-famille-2012-a-claye\/reduction_IMGP4242.JPG?t=1553730010\"\n\t\t\tdata-thumbnail=\"https:\/\/www.familledelabrie.fr\/wp-content\/gallery\/galerie-fete-de-la-famille-2012-a-claye\/thumbs\/thumbs_reduction_IMGP4242.JPG?t=1553730010\"\n\t\t\tdata-image-id=\"266\"\n\t\t\tdata-image-name=\"reduction_IMGP4242.JPG\"\n\t\t\tdata-title=\"reduction_IMGP4242\"\n\t\t\tdata-description=\"\"\n\t\t\tdata-image-slug=\"reduction_imgp4242-1\"\n\t\t\t\t\t\t\t\t\t\t\t\t\t\t\t\t\t\t\t\tclass='use_imagebrowser_effect' data-imagebrowser-url='https:\/\/www.familledelabrie.fr\/index.php\/nggallery\/image\/%STUB%?page_id=1021'>\n\t\t\t\t\t\t\t\t<img\n\t\t\t\t\ttitle=\"reduction_IMGP4242\"\n\t\t\t\t\talt=\"reduction_IMGP4242\"\n\t\t\t\t\tsrc=\"https:\/\/www.familledelabrie.fr\/wp-content\/gallery\/galerie-fete-de-la-famille-2012-a-claye\/cache\/reduction_IMGP4242.JPG-nggid03266-ngg0dyn-120x90x100-00f0w010c011r110f110r010t010.JPG?t=1553730010\"\n\t\t\t\t\twidth=\"120\"\n\t\t\t\t\theight=\"90\"\n\t\t\t\t\tstyle=\"max-width:100%;\"\n\t\t\t\t\/>\n\t\t\t<\/a>\n\t\t<\/div>\n\t\t\t\t\t\t\t<\/div>\n\t\t\t\n\t\t\t\t<div id=\"ngg-image-12\" class=\"ngg-gallery-thumbnail-box\n\t\t\t\t\t\t\t\tngg-3-columns\t\t\t\"\n\t\t\t>\n\t\t\t\t\t\t<div class=\"ngg-gallery-thumbnail\">\n\t\t<a href=\"https:\/\/www.familledelabrie.fr\/wp-content\/gallery\/galerie-fete-de-la-famille-2012-a-claye\/reduction_IMGP4243.JPG?t=1553730010\"\n\t\t\ttitle=\"\"\n\t\t\tdata-src=\"https:\/\/www.familledelabrie.fr\/wp-content\/gallery\/galerie-fete-de-la-famille-2012-a-claye\/reduction_IMGP4243.JPG?t=1553730010\"\n\t\t\tdata-thumbnail=\"https:\/\/www.familledelabrie.fr\/wp-content\/gallery\/galerie-fete-de-la-famille-2012-a-claye\/thumbs\/thumbs_reduction_IMGP4243.JPG?t=1553730010\"\n\t\t\tdata-image-id=\"267\"\n\t\t\tdata-image-name=\"reduction_IMGP4243.JPG\"\n\t\t\tdata-title=\"reduction_IMGP4243\"\n\t\t\tdata-description=\"\"\n\t\t\tdata-image-slug=\"reduction_imgp4243-1\"\n\t\t\t\t\t\t\t\t\t\t\t\t\t\t\t\t\t\t\t\tclass='use_imagebrowser_effect' data-imagebrowser-url='https:\/\/www.familledelabrie.fr\/index.php\/nggallery\/image\/%STUB%?page_id=1021'>\n\t\t\t\t\t\t\t\t<img\n\t\t\t\t\ttitle=\"reduction_IMGP4243\"\n\t\t\t\t\talt=\"reduction_IMGP4243\"\n\t\t\t\t\tsrc=\"https:\/\/www.familledelabrie.fr\/wp-content\/gallery\/galerie-fete-de-la-famille-2012-a-claye\/cache\/reduction_IMGP4243.JPG-nggid03267-ngg0dyn-120x90x100-00f0w010c011r110f110r010t010.JPG?t=1553730010\"\n\t\t\t\t\twidth=\"120\"\n\t\t\t\t\theight=\"90\"\n\t\t\t\t\tstyle=\"max-width:100%;\"\n\t\t\t\t\/>\n\t\t\t<\/a>\n\t\t<\/div>\n\t\t\t\t\t\t\t<\/div>\n\t\t\t\n\t\t\t\t<div id=\"ngg-image-13\" class=\"ngg-gallery-thumbnail-box\n\t\t\t\t\t\t\t\tngg-3-columns\t\t\t\"\n\t\t\t>\n\t\t\t\t\t\t<div class=\"ngg-gallery-thumbnail\">\n\t\t<a href=\"https:\/\/www.familledelabrie.fr\/wp-content\/gallery\/galerie-fete-de-la-famille-2012-a-claye\/reduction_IMGP4244.JPG?t=1553730012\"\n\t\t\ttitle=\"\"\n\t\t\tdata-src=\"https:\/\/www.familledelabrie.fr\/wp-content\/gallery\/galerie-fete-de-la-famille-2012-a-claye\/reduction_IMGP4244.JPG?t=1553730012\"\n\t\t\tdata-thumbnail=\"https:\/\/www.familledelabrie.fr\/wp-content\/gallery\/galerie-fete-de-la-famille-2012-a-claye\/thumbs\/thumbs_reduction_IMGP4244.JPG?t=1553730012\"\n\t\t\tdata-image-id=\"268\"\n\t\t\tdata-image-name=\"reduction_IMGP4244.JPG\"\n\t\t\tdata-title=\"reduction_IMGP4244\"\n\t\t\tdata-description=\"\"\n\t\t\tdata-image-slug=\"reduction_imgp4244\"\n\t\t\t\t\t\t\t\t\t\t\t\t\t\t\t\t\t\t\t\tclass='use_imagebrowser_effect' data-imagebrowser-url='https:\/\/www.familledelabrie.fr\/index.php\/nggallery\/image\/%STUB%?page_id=1021'>\n\t\t\t\t\t\t\t\t<img\n\t\t\t\t\ttitle=\"reduction_IMGP4244\"\n\t\t\t\t\talt=\"reduction_IMGP4244\"\n\t\t\t\t\tsrc=\"https:\/\/www.familledelabrie.fr\/wp-content\/gallery\/galerie-fete-de-la-famille-2012-a-claye\/cache\/reduction_IMGP4244.JPG-nggid03268-ngg0dyn-120x90x100-00f0w010c011r110f110r010t010.JPG?t=1553730012\"\n\t\t\t\t\twidth=\"120\"\n\t\t\t\t\theight=\"90\"\n\t\t\t\t\tstyle=\"max-width:100%;\"\n\t\t\t\t\/>\n\t\t\t<\/a>\n\t\t<\/div>\n\t\t\t\t\t\t\t<\/div>\n\t\t\t\n\t\t\t\t<div id=\"ngg-image-14\" class=\"ngg-gallery-thumbnail-box\n\t\t\t\t\t\t\t\tngg-3-columns\t\t\t\"\n\t\t\t>\n\t\t\t\t\t\t<div class=\"ngg-gallery-thumbnail\">\n\t\t<a href=\"https:\/\/www.familledelabrie.fr\/wp-content\/gallery\/galerie-fete-de-la-famille-2012-a-claye\/reduction_IMGP4246.JPG?t=1553730013\"\n\t\t\ttitle=\"\"\n\t\t\tdata-src=\"https:\/\/www.familledelabrie.fr\/wp-content\/gallery\/galerie-fete-de-la-famille-2012-a-claye\/reduction_IMGP4246.JPG?t=1553730013\"\n\t\t\tdata-thumbnail=\"https:\/\/www.familledelabrie.fr\/wp-content\/gallery\/galerie-fete-de-la-famille-2012-a-claye\/thumbs\/thumbs_reduction_IMGP4246.JPG?t=1553730013\"\n\t\t\tdata-image-id=\"269\"\n\t\t\tdata-image-name=\"reduction_IMGP4246.JPG\"\n\t\t\tdata-title=\"reduction_IMGP4246\"\n\t\t\tdata-description=\"\"\n\t\t\tdata-image-slug=\"reduction_imgp4246-1\"\n\t\t\t\t\t\t\t\t\t\t\t\t\t\t\t\t\t\t\t\tclass='use_imagebrowser_effect' data-imagebrowser-url='https:\/\/www.familledelabrie.fr\/index.php\/nggallery\/image\/%STUB%?page_id=1021'>\n\t\t\t\t\t\t\t\t<img\n\t\t\t\t\ttitle=\"reduction_IMGP4246\"\n\t\t\t\t\talt=\"reduction_IMGP4246\"\n\t\t\t\t\tsrc=\"https:\/\/www.familledelabrie.fr\/wp-content\/gallery\/galerie-fete-de-la-famille-2012-a-claye\/cache\/reduction_IMGP4246.JPG-nggid03269-ngg0dyn-120x90x100-00f0w010c011r110f110r010t010.JPG?t=1553730013\"\n\t\t\t\t\twidth=\"120\"\n\t\t\t\t\theight=\"90\"\n\t\t\t\t\tstyle=\"max-width:100%;\"\n\t\t\t\t\/>\n\t\t\t<\/a>\n\t\t<\/div>\n\t\t\t\t\t\t\t<\/div>\n\t\t\t\n\t\t\t\t<div id=\"ngg-image-15\" class=\"ngg-gallery-thumbnail-box\n\t\t\t\t\t\t\t\tngg-3-columns\t\t\t\"\n\t\t\t>\n\t\t\t\t\t\t<div class=\"ngg-gallery-thumbnail\">\n\t\t<a href=\"https:\/\/www.familledelabrie.fr\/wp-content\/gallery\/galerie-fete-de-la-famille-2012-a-claye\/reduction_IMGP4248.JPG?t=1553730014\"\n\t\t\ttitle=\"\"\n\t\t\tdata-src=\"https:\/\/www.familledelabrie.fr\/wp-content\/gallery\/galerie-fete-de-la-famille-2012-a-claye\/reduction_IMGP4248.JPG?t=1553730014\"\n\t\t\tdata-thumbnail=\"https:\/\/www.familledelabrie.fr\/wp-content\/gallery\/galerie-fete-de-la-famille-2012-a-claye\/thumbs\/thumbs_reduction_IMGP4248.JPG?t=1553730014\"\n\t\t\tdata-image-id=\"270\"\n\t\t\tdata-image-name=\"reduction_IMGP4248.JPG\"\n\t\t\tdata-title=\"reduction_IMGP4248\"\n\t\t\tdata-description=\"\"\n\t\t\tdata-image-slug=\"reduction_imgp4248-1\"\n\t\t\t\t\t\t\t\t\t\t\t\t\t\t\t\t\t\t\t\tclass='use_imagebrowser_effect' data-imagebrowser-url='https:\/\/www.familledelabrie.fr\/index.php\/nggallery\/image\/%STUB%?page_id=1021'>\n\t\t\t\t\t\t\t\t<img\n\t\t\t\t\ttitle=\"reduction_IMGP4248\"\n\t\t\t\t\talt=\"reduction_IMGP4248\"\n\t\t\t\t\tsrc=\"https:\/\/www.familledelabrie.fr\/wp-content\/gallery\/galerie-fete-de-la-famille-2012-a-claye\/cache\/reduction_IMGP4248.JPG-nggid03270-ngg0dyn-120x90x100-00f0w010c011r110f110r010t010.JPG?t=1553730014\"\n\t\t\t\t\twidth=\"120\"\n\t\t\t\t\theight=\"90\"\n\t\t\t\t\tstyle=\"max-width:100%;\"\n\t\t\t\t\/>\n\t\t\t<\/a>\n\t\t<\/div>\n\t\t\t\t\t\t\t<\/div>\n\t\t\t\n\t\t\t\t<div id=\"ngg-image-16\" class=\"ngg-gallery-thumbnail-box\n\t\t\t\t\t\t\t\tngg-3-columns\t\t\t\"\n\t\t\t>\n\t\t\t\t\t\t<div class=\"ngg-gallery-thumbnail\">\n\t\t<a href=\"https:\/\/www.familledelabrie.fr\/wp-content\/gallery\/galerie-fete-de-la-famille-2012-a-claye\/reduction_IMGP4249.JPG?t=1553730015\"\n\t\t\ttitle=\"\"\n\t\t\tdata-src=\"https:\/\/www.familledelabrie.fr\/wp-content\/gallery\/galerie-fete-de-la-famille-2012-a-claye\/reduction_IMGP4249.JPG?t=1553730015\"\n\t\t\tdata-thumbnail=\"https:\/\/www.familledelabrie.fr\/wp-content\/gallery\/galerie-fete-de-la-famille-2012-a-claye\/thumbs\/thumbs_reduction_IMGP4249.JPG?t=1553730015\"\n\t\t\tdata-image-id=\"271\"\n\t\t\tdata-image-name=\"reduction_IMGP4249.JPG\"\n\t\t\tdata-title=\"reduction_IMGP4249\"\n\t\t\tdata-description=\"\"\n\t\t\tdata-image-slug=\"reduction_imgp4249\"\n\t\t\t\t\t\t\t\t\t\t\t\t\t\t\t\t\t\t\t\tclass='use_imagebrowser_effect' data-imagebrowser-url='https:\/\/www.familledelabrie.fr\/index.php\/nggallery\/image\/%STUB%?page_id=1021'>\n\t\t\t\t\t\t\t\t<img\n\t\t\t\t\ttitle=\"reduction_IMGP4249\"\n\t\t\t\t\talt=\"reduction_IMGP4249\"\n\t\t\t\t\tsrc=\"https:\/\/www.familledelabrie.fr\/wp-content\/gallery\/galerie-fete-de-la-famille-2012-a-claye\/cache\/reduction_IMGP4249.JPG-nggid03271-ngg0dyn-120x90x100-00f0w010c011r110f110r010t010.JPG?t=1553730015\"\n\t\t\t\t\twidth=\"120\"\n\t\t\t\t\theight=\"90\"\n\t\t\t\t\tstyle=\"max-width:100%;\"\n\t\t\t\t\/>\n\t\t\t<\/a>\n\t\t<\/div>\n\t\t\t\t\t\t\t<\/div>\n\t\t\t\n\t\t\t\t<div id=\"ngg-image-17\" class=\"ngg-gallery-thumbnail-box\n\t\t\t\t\t\t\t\tngg-3-columns\t\t\t\"\n\t\t\t>\n\t\t\t\t\t\t<div class=\"ngg-gallery-thumbnail\">\n\t\t<a href=\"https:\/\/www.familledelabrie.fr\/wp-content\/gallery\/galerie-fete-de-la-famille-2012-a-claye\/reduction_IMGP4252.JPG?t=1553730015\"\n\t\t\ttitle=\"\"\n\t\t\tdata-src=\"https:\/\/www.familledelabrie.fr\/wp-content\/gallery\/galerie-fete-de-la-famille-2012-a-claye\/reduction_IMGP4252.JPG?t=1553730015\"\n\t\t\tdata-thumbnail=\"https:\/\/www.familledelabrie.fr\/wp-content\/gallery\/galerie-fete-de-la-famille-2012-a-claye\/thumbs\/thumbs_reduction_IMGP4252.JPG?t=1553730015\"\n\t\t\tdata-image-id=\"272\"\n\t\t\tdata-image-name=\"reduction_IMGP4252.JPG\"\n\t\t\tdata-title=\"reduction_IMGP4252\"\n\t\t\tdata-description=\"\"\n\t\t\tdata-image-slug=\"reduction_imgp4252\"\n\t\t\t\t\t\t\t\t\t\t\t\t\t\t\t\t\t\t\t\tclass='use_imagebrowser_effect' data-imagebrowser-url='https:\/\/www.familledelabrie.fr\/index.php\/nggallery\/image\/%STUB%?page_id=1021'>\n\t\t\t\t\t\t\t\t<img\n\t\t\t\t\ttitle=\"reduction_IMGP4252\"\n\t\t\t\t\talt=\"reduction_IMGP4252\"\n\t\t\t\t\tsrc=\"https:\/\/www.familledelabrie.fr\/wp-content\/gallery\/galerie-fete-de-la-famille-2012-a-claye\/cache\/reduction_IMGP4252.JPG-nggid03272-ngg0dyn-120x90x100-00f0w010c011r110f110r010t010.JPG?t=1553730015\"\n\t\t\t\t\twidth=\"120\"\n\t\t\t\t\theight=\"90\"\n\t\t\t\t\tstyle=\"max-width:100%;\"\n\t\t\t\t\/>\n\t\t\t<\/a>\n\t\t<\/div>\n\t\t\t\t\t\t\t<\/div>\n\t\t\t\n\t\t\t\t<div id=\"ngg-image-18\" class=\"ngg-gallery-thumbnail-box\n\t\t\t\t\t\t\t\tngg-3-columns\t\t\t\"\n\t\t\t>\n\t\t\t\t\t\t<div class=\"ngg-gallery-thumbnail\">\n\t\t<a href=\"https:\/\/www.familledelabrie.fr\/wp-content\/gallery\/galerie-fete-de-la-famille-2012-a-claye\/reduction_IMGP4253.JPG?t=1553730016\"\n\t\t\ttitle=\"\"\n\t\t\tdata-src=\"https:\/\/www.familledelabrie.fr\/wp-content\/gallery\/galerie-fete-de-la-famille-2012-a-claye\/reduction_IMGP4253.JPG?t=1553730016\"\n\t\t\tdata-thumbnail=\"https:\/\/www.familledelabrie.fr\/wp-content\/gallery\/galerie-fete-de-la-famille-2012-a-claye\/thumbs\/thumbs_reduction_IMGP4253.JPG?t=1553730016\"\n\t\t\tdata-image-id=\"273\"\n\t\t\tdata-image-name=\"reduction_IMGP4253.JPG\"\n\t\t\tdata-title=\"reduction_IMGP4253\"\n\t\t\tdata-description=\"\"\n\t\t\tdata-image-slug=\"reduction_imgp4253-1\"\n\t\t\t\t\t\t\t\t\t\t\t\t\t\t\t\t\t\t\t\tclass='use_imagebrowser_effect' data-imagebrowser-url='https:\/\/www.familledelabrie.fr\/index.php\/nggallery\/image\/%STUB%?page_id=1021'>\n\t\t\t\t\t\t\t\t<img\n\t\t\t\t\ttitle=\"reduction_IMGP4253\"\n\t\t\t\t\talt=\"reduction_IMGP4253\"\n\t\t\t\t\tsrc=\"https:\/\/www.familledelabrie.fr\/wp-content\/gallery\/galerie-fete-de-la-famille-2012-a-claye\/cache\/reduction_IMGP4253.JPG-nggid03273-ngg0dyn-120x90x100-00f0w010c011r110f110r010t010.JPG?t=1553730016\"\n\t\t\t\t\twidth=\"120\"\n\t\t\t\t\theight=\"90\"\n\t\t\t\t\tstyle=\"max-width:100%;\"\n\t\t\t\t\/>\n\t\t\t<\/a>\n\t\t<\/div>\n\t\t\t\t\t\t\t<\/div>\n\t\t\t\n\t\t\t\t<div id=\"ngg-image-19\" class=\"ngg-gallery-thumbnail-box\n\t\t\t\t\t\t\t\tngg-3-columns\t\t\t\"\n\t\t\t>\n\t\t\t\t\t\t<div class=\"ngg-gallery-thumbnail\">\n\t\t<a href=\"https:\/\/www.familledelabrie.fr\/wp-content\/gallery\/galerie-fete-de-la-famille-2012-a-claye\/reduction_IMGP4255.JPG?t=1553730017\"\n\t\t\ttitle=\"\"\n\t\t\tdata-src=\"https:\/\/www.familledelabrie.fr\/wp-content\/gallery\/galerie-fete-de-la-famille-2012-a-claye\/reduction_IMGP4255.JPG?t=1553730017\"\n\t\t\tdata-thumbnail=\"https:\/\/www.familledelabrie.fr\/wp-content\/gallery\/galerie-fete-de-la-famille-2012-a-claye\/thumbs\/thumbs_reduction_IMGP4255.JPG?t=1553730017\"\n\t\t\tdata-image-id=\"274\"\n\t\t\tdata-image-name=\"reduction_IMGP4255.JPG\"\n\t\t\tdata-title=\"reduction_IMGP4255\"\n\t\t\tdata-description=\"\"\n\t\t\tdata-image-slug=\"reduction_imgp4255-1\"\n\t\t\t\t\t\t\t\t\t\t\t\t\t\t\t\t\t\t\t\tclass='use_imagebrowser_effect' data-imagebrowser-url='https:\/\/www.familledelabrie.fr\/index.php\/nggallery\/image\/%STUB%?page_id=1021'>\n\t\t\t\t\t\t\t\t<img\n\t\t\t\t\ttitle=\"reduction_IMGP4255\"\n\t\t\t\t\talt=\"reduction_IMGP4255\"\n\t\t\t\t\tsrc=\"https:\/\/www.familledelabrie.fr\/wp-content\/gallery\/galerie-fete-de-la-famille-2012-a-claye\/cache\/reduction_IMGP4255.JPG-nggid03274-ngg0dyn-120x90x100-00f0w010c011r110f110r010t010.JPG?t=1553730017\"\n\t\t\t\t\twidth=\"120\"\n\t\t\t\t\theight=\"90\"\n\t\t\t\t\tstyle=\"max-width:100%;\"\n\t\t\t\t\/>\n\t\t\t<\/a>\n\t\t<\/div>\n\t\t\t\t\t\t\t<\/div>\n\t\t\t\n\t\t\t\t<div id=\"ngg-image-20\" class=\"ngg-gallery-thumbnail-box\n\t\t\t\t\t\t\t\tngg-3-columns\t\t\t\"\n\t\t\t>\n\t\t\t\t\t\t<div class=\"ngg-gallery-thumbnail\">\n\t\t<a href=\"https:\/\/www.familledelabrie.fr\/wp-content\/gallery\/galerie-fete-de-la-famille-2012-a-claye\/reduction_IMGP4256.JPG?t=1553730018\"\n\t\t\ttitle=\"\"\n\t\t\tdata-src=\"https:\/\/www.familledelabrie.fr\/wp-content\/gallery\/galerie-fete-de-la-famille-2012-a-claye\/reduction_IMGP4256.JPG?t=1553730018\"\n\t\t\tdata-thumbnail=\"https:\/\/www.familledelabrie.fr\/wp-content\/gallery\/galerie-fete-de-la-famille-2012-a-claye\/thumbs\/thumbs_reduction_IMGP4256.JPG?t=1553730018\"\n\t\t\tdata-image-id=\"275\"\n\t\t\tdata-image-name=\"reduction_IMGP4256.JPG\"\n\t\t\tdata-title=\"reduction_IMGP4256\"\n\t\t\tdata-description=\"\"\n\t\t\tdata-image-slug=\"reduction_imgp4256-1\"\n\t\t\t\t\t\t\t\t\t\t\t\t\t\t\t\t\t\t\t\tclass='use_imagebrowser_effect' data-imagebrowser-url='https:\/\/www.familledelabrie.fr\/index.php\/nggallery\/image\/%STUB%?page_id=1021'>\n\t\t\t\t\t\t\t\t<img\n\t\t\t\t\ttitle=\"reduction_IMGP4256\"\n\t\t\t\t\talt=\"reduction_IMGP4256\"\n\t\t\t\t\tsrc=\"https:\/\/www.familledelabrie.fr\/wp-content\/gallery\/galerie-fete-de-la-famille-2012-a-claye\/cache\/reduction_IMGP4256.JPG-nggid03275-ngg0dyn-120x90x100-00f0w010c011r110f110r010t010.JPG?t=1553730018\"\n\t\t\t\t\twidth=\"120\"\n\t\t\t\t\theight=\"90\"\n\t\t\t\t\tstyle=\"max-width:100%;\"\n\t\t\t\t\/>\n\t\t\t<\/a>\n\t\t<\/div>\n\t\t\t\t\t\t\t<\/div>\n\t\t\t\n\t\t\t\t<div id=\"ngg-image-21\" class=\"ngg-gallery-thumbnail-box\n\t\t\t\t\t\t\t\tngg-3-columns\t\t\t\"\n\t\t\t>\n\t\t\t\t\t\t<div class=\"ngg-gallery-thumbnail\">\n\t\t<a href=\"https:\/\/www.familledelabrie.fr\/wp-content\/gallery\/galerie-fete-de-la-famille-2012-a-claye\/reduction_IMGP4258.JPG?t=1553730019\"\n\t\t\ttitle=\"\"\n\t\t\tdata-src=\"https:\/\/www.familledelabrie.fr\/wp-content\/gallery\/galerie-fete-de-la-famille-2012-a-claye\/reduction_IMGP4258.JPG?t=1553730019\"\n\t\t\tdata-thumbnail=\"https:\/\/www.familledelabrie.fr\/wp-content\/gallery\/galerie-fete-de-la-famille-2012-a-claye\/thumbs\/thumbs_reduction_IMGP4258.JPG?t=1553730019\"\n\t\t\tdata-image-id=\"276\"\n\t\t\tdata-image-name=\"reduction_IMGP4258.JPG\"\n\t\t\tdata-title=\"reduction_IMGP4258\"\n\t\t\tdata-description=\"\"\n\t\t\tdata-image-slug=\"reduction_imgp4258\"\n\t\t\t\t\t\t\t\t\t\t\t\t\t\t\t\t\t\t\t\tclass='use_imagebrowser_effect' data-imagebrowser-url='https:\/\/www.familledelabrie.fr\/index.php\/nggallery\/image\/%STUB%?page_id=1021'>\n\t\t\t\t\t\t\t\t<img\n\t\t\t\t\ttitle=\"reduction_IMGP4258\"\n\t\t\t\t\talt=\"reduction_IMGP4258\"\n\t\t\t\t\tsrc=\"https:\/\/www.familledelabrie.fr\/wp-content\/gallery\/galerie-fete-de-la-famille-2012-a-claye\/cache\/reduction_IMGP4258.JPG-nggid03276-ngg0dyn-120x90x100-00f0w010c011r110f110r010t010.JPG?t=1553730019\"\n\t\t\t\t\twidth=\"120\"\n\t\t\t\t\theight=\"90\"\n\t\t\t\t\tstyle=\"max-width:100%;\"\n\t\t\t\t\/>\n\t\t\t<\/a>\n\t\t<\/div>\n\t\t\t\t\t\t\t<\/div>\n\t\t\t\n\t\t\t\t<div id=\"ngg-image-22\" class=\"ngg-gallery-thumbnail-box\n\t\t\t\t\t\t\t\tngg-3-columns\t\t\t\"\n\t\t\t>\n\t\t\t\t\t\t<div class=\"ngg-gallery-thumbnail\">\n\t\t<a href=\"https:\/\/www.familledelabrie.fr\/wp-content\/gallery\/galerie-fete-de-la-famille-2012-a-claye\/reduction_IMGP4260.JPG?t=1553730019\"\n\t\t\ttitle=\"\"\n\t\t\tdata-src=\"https:\/\/www.familledelabrie.fr\/wp-content\/gallery\/galerie-fete-de-la-famille-2012-a-claye\/reduction_IMGP4260.JPG?t=1553730019\"\n\t\t\tdata-thumbnail=\"https:\/\/www.familledelabrie.fr\/wp-content\/gallery\/galerie-fete-de-la-famille-2012-a-claye\/thumbs\/thumbs_reduction_IMGP4260.JPG?t=1553730019\"\n\t\t\tdata-image-id=\"277\"\n\t\t\tdata-image-name=\"reduction_IMGP4260.JPG\"\n\t\t\tdata-title=\"reduction_IMGP4260\"\n\t\t\tdata-description=\"\"\n\t\t\tdata-image-slug=\"reduction_imgp4260\"\n\t\t\t\t\t\t\t\t\t\t\t\t\t\t\t\t\t\t\t\tclass='use_imagebrowser_effect' data-imagebrowser-url='https:\/\/www.familledelabrie.fr\/index.php\/nggallery\/image\/%STUB%?page_id=1021'>\n\t\t\t\t\t\t\t\t<img\n\t\t\t\t\ttitle=\"reduction_IMGP4260\"\n\t\t\t\t\talt=\"reduction_IMGP4260\"\n\t\t\t\t\tsrc=\"https:\/\/www.familledelabrie.fr\/wp-content\/gallery\/galerie-fete-de-la-famille-2012-a-claye\/cache\/reduction_IMGP4260.JPG-nggid03277-ngg0dyn-120x90x100-00f0w010c011r110f110r010t010.JPG?t=1553730019\"\n\t\t\t\t\twidth=\"120\"\n\t\t\t\t\theight=\"90\"\n\t\t\t\t\tstyle=\"max-width:100%;\"\n\t\t\t\t\/>\n\t\t\t<\/a>\n\t\t<\/div>\n\t\t\t\t\t\t\t<\/div>\n\t\t\t\n\t\t\t\t<div id=\"ngg-image-23\" class=\"ngg-gallery-thumbnail-box\n\t\t\t\t\t\t\t\tngg-3-columns\t\t\t\"\n\t\t\t>\n\t\t\t\t\t\t<div class=\"ngg-gallery-thumbnail\">\n\t\t<a href=\"https:\/\/www.familledelabrie.fr\/wp-content\/gallery\/galerie-fete-de-la-famille-2012-a-claye\/reduction_IMGP4264.JPG?t=1553730020\"\n\t\t\ttitle=\"\"\n\t\t\tdata-src=\"https:\/\/www.familledelabrie.fr\/wp-content\/gallery\/galerie-fete-de-la-famille-2012-a-claye\/reduction_IMGP4264.JPG?t=1553730020\"\n\t\t\tdata-thumbnail=\"https:\/\/www.familledelabrie.fr\/wp-content\/gallery\/galerie-fete-de-la-famille-2012-a-claye\/thumbs\/thumbs_reduction_IMGP4264.JPG?t=1553730020\"\n\t\t\tdata-image-id=\"278\"\n\t\t\tdata-image-name=\"reduction_IMGP4264.JPG\"\n\t\t\tdata-title=\"reduction_IMGP4264\"\n\t\t\tdata-description=\"\"\n\t\t\tdata-image-slug=\"reduction_imgp4264-1\"\n\t\t\t\t\t\t\t\t\t\t\t\t\t\t\t\t\t\t\t\tclass='use_imagebrowser_effect' data-imagebrowser-url='https:\/\/www.familledelabrie.fr\/index.php\/nggallery\/image\/%STUB%?page_id=1021'>\n\t\t\t\t\t\t\t\t<img\n\t\t\t\t\ttitle=\"reduction_IMGP4264\"\n\t\t\t\t\talt=\"reduction_IMGP4264\"\n\t\t\t\t\tsrc=\"https:\/\/www.familledelabrie.fr\/wp-content\/gallery\/galerie-fete-de-la-famille-2012-a-claye\/cache\/reduction_IMGP4264.JPG-nggid03278-ngg0dyn-120x90x100-00f0w010c011r110f110r010t010.JPG?t=1553730020\"\n\t\t\t\t\twidth=\"120\"\n\t\t\t\t\theight=\"90\"\n\t\t\t\t\tstyle=\"max-width:100%;\"\n\t\t\t\t\/>\n\t\t\t<\/a>\n\t\t<\/div>\n\t\t\t\t\t\t\t<\/div>\n\t\t\t\n\t\t\t\t<div id=\"ngg-image-24\" class=\"ngg-gallery-thumbnail-box\n\t\t\t\t\t\t\t\tngg-3-columns\t\t\t\"\n\t\t\t>\n\t\t\t\t\t\t<div class=\"ngg-gallery-thumbnail\">\n\t\t<a href=\"https:\/\/www.familledelabrie.fr\/wp-content\/gallery\/galerie-fete-de-la-famille-2012-a-claye\/reduction_IMGP4266.JPG?t=1553730021\"\n\t\t\ttitle=\"\"\n\t\t\tdata-src=\"https:\/\/www.familledelabrie.fr\/wp-content\/gallery\/galerie-fete-de-la-famille-2012-a-claye\/reduction_IMGP4266.JPG?t=1553730021\"\n\t\t\tdata-thumbnail=\"https:\/\/www.familledelabrie.fr\/wp-content\/gallery\/galerie-fete-de-la-famille-2012-a-claye\/thumbs\/thumbs_reduction_IMGP4266.JPG?t=1553730021\"\n\t\t\tdata-image-id=\"279\"\n\t\t\tdata-image-name=\"reduction_IMGP4266.JPG\"\n\t\t\tdata-title=\"reduction_IMGP4266\"\n\t\t\tdata-description=\"\"\n\t\t\tdata-image-slug=\"reduction_imgp4266-1\"\n\t\t\t\t\t\t\t\t\t\t\t\t\t\t\t\t\t\t\t\tclass='use_imagebrowser_effect' data-imagebrowser-url='https:\/\/www.familledelabrie.fr\/index.php\/nggallery\/image\/%STUB%?page_id=1021'>\n\t\t\t\t\t\t\t\t<img\n\t\t\t\t\ttitle=\"reduction_IMGP4266\"\n\t\t\t\t\talt=\"reduction_IMGP4266\"\n\t\t\t\t\tsrc=\"https:\/\/www.familledelabrie.fr\/wp-content\/gallery\/galerie-fete-de-la-famille-2012-a-claye\/cache\/reduction_IMGP4266.JPG-nggid03279-ngg0dyn-120x90x100-00f0w010c011r110f110r010t010.JPG?t=1553730021\"\n\t\t\t\t\twidth=\"120\"\n\t\t\t\t\theight=\"90\"\n\t\t\t\t\tstyle=\"max-width:100%;\"\n\t\t\t\t\/>\n\t\t\t<\/a>\n\t\t<\/div>\n\t\t\t\t\t\t\t<\/div>\n\t\t\t\n\t\t\t\t<div id=\"ngg-image-25\" class=\"ngg-gallery-thumbnail-box\n\t\t\t\t\t\t\t\tngg-3-columns\t\t\t\"\n\t\t\t>\n\t\t\t\t\t\t<div class=\"ngg-gallery-thumbnail\">\n\t\t<a href=\"https:\/\/www.familledelabrie.fr\/wp-content\/gallery\/galerie-fete-de-la-famille-2012-a-claye\/reduction_IMGP4268.JPG?t=1553730022\"\n\t\t\ttitle=\"\"\n\t\t\tdata-src=\"https:\/\/www.familledelabrie.fr\/wp-content\/gallery\/galerie-fete-de-la-famille-2012-a-claye\/reduction_IMGP4268.JPG?t=1553730022\"\n\t\t\tdata-thumbnail=\"https:\/\/www.familledelabrie.fr\/wp-content\/gallery\/galerie-fete-de-la-famille-2012-a-claye\/thumbs\/thumbs_reduction_IMGP4268.JPG?t=1553730022\"\n\t\t\tdata-image-id=\"280\"\n\t\t\tdata-image-name=\"reduction_IMGP4268.JPG\"\n\t\t\tdata-title=\"reduction_IMGP4268\"\n\t\t\tdata-description=\"\"\n\t\t\tdata-image-slug=\"reduction_imgp4268-1\"\n\t\t\t\t\t\t\t\t\t\t\t\t\t\t\t\t\t\t\t\tclass='use_imagebrowser_effect' data-imagebrowser-url='https:\/\/www.familledelabrie.fr\/index.php\/nggallery\/image\/%STUB%?page_id=1021'>\n\t\t\t\t\t\t\t\t<img\n\t\t\t\t\ttitle=\"reduction_IMGP4268\"\n\t\t\t\t\talt=\"reduction_IMGP4268\"\n\t\t\t\t\tsrc=\"https:\/\/www.familledelabrie.fr\/wp-content\/gallery\/galerie-fete-de-la-famille-2012-a-claye\/cache\/reduction_IMGP4268.JPG-nggid03280-ngg0dyn-120x90x100-00f0w010c011r110f110r010t010.JPG?t=1553730022\"\n\t\t\t\t\twidth=\"120\"\n\t\t\t\t\theight=\"90\"\n\t\t\t\t\tstyle=\"max-width:100%;\"\n\t\t\t\t\/>\n\t\t\t<\/a>\n\t\t<\/div>\n\t\t\t\t\t\t\t<\/div>\n\t\t\t\n\t\t\t\t<div id=\"ngg-image-26\" class=\"ngg-gallery-thumbnail-box\n\t\t\t\t\t\t\t\tngg-3-columns\t\t\t\"\n\t\t\t>\n\t\t\t\t\t\t<div class=\"ngg-gallery-thumbnail\">\n\t\t<a href=\"https:\/\/www.familledelabrie.fr\/wp-content\/gallery\/galerie-fete-de-la-famille-2012-a-claye\/reduction_IMGP4274.JPG?t=1553730022\"\n\t\t\ttitle=\"\"\n\t\t\tdata-src=\"https:\/\/www.familledelabrie.fr\/wp-content\/gallery\/galerie-fete-de-la-famille-2012-a-claye\/reduction_IMGP4274.JPG?t=1553730022\"\n\t\t\tdata-thumbnail=\"https:\/\/www.familledelabrie.fr\/wp-content\/gallery\/galerie-fete-de-la-famille-2012-a-claye\/thumbs\/thumbs_reduction_IMGP4274.JPG?t=1553730022\"\n\t\t\tdata-image-id=\"281\"\n\t\t\tdata-image-name=\"reduction_IMGP4274.JPG\"\n\t\t\tdata-title=\"reduction_IMGP4274\"\n\t\t\tdata-description=\"\"\n\t\t\tdata-image-slug=\"reduction_imgp4274\"\n\t\t\t\t\t\t\t\t\t\t\t\t\t\t\t\t\t\t\t\tclass='use_imagebrowser_effect' data-imagebrowser-url='https:\/\/www.familledelabrie.fr\/index.php\/nggallery\/image\/%STUB%?page_id=1021'>\n\t\t\t\t\t\t\t\t<img\n\t\t\t\t\ttitle=\"reduction_IMGP4274\"\n\t\t\t\t\talt=\"reduction_IMGP4274\"\n\t\t\t\t\tsrc=\"https:\/\/www.familledelabrie.fr\/wp-content\/gallery\/galerie-fete-de-la-famille-2012-a-claye\/cache\/reduction_IMGP4274.JPG-nggid03281-ngg0dyn-120x90x100-00f0w010c011r110f110r010t010.JPG?t=1553730022\"\n\t\t\t\t\twidth=\"120\"\n\t\t\t\t\theight=\"90\"\n\t\t\t\t\tstyle=\"max-width:100%;\"\n\t\t\t\t\/>\n\t\t\t<\/a>\n\t\t<\/div>\n\t\t\t\t\t\t\t<\/div>\n\t\t\t\n\t\t\t\t<div id=\"ngg-image-27\" class=\"ngg-gallery-thumbnail-box\n\t\t\t\t\t\t\t\tngg-3-columns\t\t\t\"\n\t\t\t>\n\t\t\t\t\t\t<div class=\"ngg-gallery-thumbnail\">\n\t\t<a href=\"https:\/\/www.familledelabrie.fr\/wp-content\/gallery\/galerie-fete-de-la-famille-2012-a-claye\/reduction_IMGP4278.JPG?t=1553730024\"\n\t\t\ttitle=\"\"\n\t\t\tdata-src=\"https:\/\/www.familledelabrie.fr\/wp-content\/gallery\/galerie-fete-de-la-famille-2012-a-claye\/reduction_IMGP4278.JPG?t=1553730024\"\n\t\t\tdata-thumbnail=\"https:\/\/www.familledelabrie.fr\/wp-content\/gallery\/galerie-fete-de-la-famille-2012-a-claye\/thumbs\/thumbs_reduction_IMGP4278.JPG?t=1553730024\"\n\t\t\tdata-image-id=\"282\"\n\t\t\tdata-image-name=\"reduction_IMGP4278.JPG\"\n\t\t\tdata-title=\"reduction_IMGP4278\"\n\t\t\tdata-description=\"\"\n\t\t\tdata-image-slug=\"reduction_imgp4278-1\"\n\t\t\t\t\t\t\t\t\t\t\t\t\t\t\t\t\t\t\t\tclass='use_imagebrowser_effect' data-imagebrowser-url='https:\/\/www.familledelabrie.fr\/index.php\/nggallery\/image\/%STUB%?page_id=1021'>\n\t\t\t\t\t\t\t\t<img\n\t\t\t\t\ttitle=\"reduction_IMGP4278\"\n\t\t\t\t\talt=\"reduction_IMGP4278\"\n\t\t\t\t\tsrc=\"https:\/\/www.familledelabrie.fr\/wp-content\/gallery\/galerie-fete-de-la-famille-2012-a-claye\/cache\/reduction_IMGP4278.JPG-nggid03282-ngg0dyn-120x90x100-00f0w010c011r110f110r010t010.JPG?t=1553730024\"\n\t\t\t\t\twidth=\"120\"\n\t\t\t\t\theight=\"90\"\n\t\t\t\t\tstyle=\"max-width:100%;\"\n\t\t\t\t\/>\n\t\t\t<\/a>\n\t\t<\/div>\n\t\t\t\t\t\t\t<\/div>\n\t\t\t\n\t\t\t\t<div id=\"ngg-image-28\" class=\"ngg-gallery-thumbnail-box\n\t\t\t\t\t\t\t\tngg-3-columns\t\t\t\"\n\t\t\t>\n\t\t\t\t\t\t<div class=\"ngg-gallery-thumbnail\">\n\t\t<a href=\"https:\/\/www.familledelabrie.fr\/wp-content\/gallery\/galerie-fete-de-la-famille-2012-a-claye\/reduction_IMGP4280.JPG?t=1553730024\"\n\t\t\ttitle=\"\"\n\t\t\tdata-src=\"https:\/\/www.familledelabrie.fr\/wp-content\/gallery\/galerie-fete-de-la-famille-2012-a-claye\/reduction_IMGP4280.JPG?t=1553730024\"\n\t\t\tdata-thumbnail=\"https:\/\/www.familledelabrie.fr\/wp-content\/gallery\/galerie-fete-de-la-famille-2012-a-claye\/thumbs\/thumbs_reduction_IMGP4280.JPG?t=1553730024\"\n\t\t\tdata-image-id=\"283\"\n\t\t\tdata-image-name=\"reduction_IMGP4280.JPG\"\n\t\t\tdata-title=\"reduction_IMGP4280\"\n\t\t\tdata-description=\"\"\n\t\t\tdata-image-slug=\"reduction_imgp4280-1\"\n\t\t\t\t\t\t\t\t\t\t\t\t\t\t\t\t\t\t\t\tclass='use_imagebrowser_effect' data-imagebrowser-url='https:\/\/www.familledelabrie.fr\/index.php\/nggallery\/image\/%STUB%?page_id=1021'>\n\t\t\t\t\t\t\t\t<img\n\t\t\t\t\ttitle=\"reduction_IMGP4280\"\n\t\t\t\t\talt=\"reduction_IMGP4280\"\n\t\t\t\t\tsrc=\"https:\/\/www.familledelabrie.fr\/wp-content\/gallery\/galerie-fete-de-la-famille-2012-a-claye\/cache\/reduction_IMGP4280.JPG-nggid03283-ngg0dyn-120x90x100-00f0w010c011r110f110r010t010.JPG?t=1553730024\"\n\t\t\t\t\twidth=\"120\"\n\t\t\t\t\theight=\"90\"\n\t\t\t\t\tstyle=\"max-width:100%;\"\n\t\t\t\t\/>\n\t\t\t<\/a>\n\t\t<\/div>\n\t\t\t\t\t\t\t<\/div>\n\t\t\t\n\t\t\t\t<div id=\"ngg-image-29\" class=\"ngg-gallery-thumbnail-box\n\t\t\t\t\t\t\t\tngg-3-columns\t\t\t\"\n\t\t\t>\n\t\t\t\t\t\t<div class=\"ngg-gallery-thumbnail\">\n\t\t<a href=\"https:\/\/www.familledelabrie.fr\/wp-content\/gallery\/galerie-fete-de-la-famille-2012-a-claye\/reduction_IMGP4281.JPG?t=1553730025\"\n\t\t\ttitle=\"\"\n\t\t\tdata-src=\"https:\/\/www.familledelabrie.fr\/wp-content\/gallery\/galerie-fete-de-la-famille-2012-a-claye\/reduction_IMGP4281.JPG?t=1553730025\"\n\t\t\tdata-thumbnail=\"https:\/\/www.familledelabrie.fr\/wp-content\/gallery\/galerie-fete-de-la-famille-2012-a-claye\/thumbs\/thumbs_reduction_IMGP4281.JPG?t=1553730025\"\n\t\t\tdata-image-id=\"284\"\n\t\t\tdata-image-name=\"reduction_IMGP4281.JPG\"\n\t\t\tdata-title=\"reduction_IMGP4281\"\n\t\t\tdata-description=\"\"\n\t\t\tdata-image-slug=\"reduction_imgp4281\"\n\t\t\t\t\t\t\t\t\t\t\t\t\t\t\t\t\t\t\t\tclass='use_imagebrowser_effect' data-imagebrowser-url='https:\/\/www.familledelabrie.fr\/index.php\/nggallery\/image\/%STUB%?page_id=1021'>\n\t\t\t\t\t\t\t\t<img\n\t\t\t\t\ttitle=\"reduction_IMGP4281\"\n\t\t\t\t\talt=\"reduction_IMGP4281\"\n\t\t\t\t\tsrc=\"https:\/\/www.familledelabrie.fr\/wp-content\/gallery\/galerie-fete-de-la-famille-2012-a-claye\/cache\/reduction_IMGP4281.JPG-nggid03284-ngg0dyn-120x90x100-00f0w010c011r110f110r010t010.JPG?t=1553730025\"\n\t\t\t\t\twidth=\"120\"\n\t\t\t\t\theight=\"90\"\n\t\t\t\t\tstyle=\"max-width:100%;\"\n\t\t\t\t\/>\n\t\t\t<\/a>\n\t\t<\/div>\n\t\t\t\t\t\t\t<\/div>\n\t\t\t\n\t\n\t<br style=\"clear: both\" \/>\n\n\t\t<div class=\"slideshowlink\">\n\t\t<a href='https:\/\/www.familledelabrie.fr\/index.php\/nggallery\/slideshow?page_id=1021'>[Show slideshow]<\/a>\n\n\t<\/div>\n\t\n\t\t<!-- Pagination -->\n\t\t<div class='ngg-navigation'><span class='current'>1<\/span>\n<a class='page-numbers' data-pageid='2' href='https:\/\/www.familledelabrie.fr\/index.php\/nggallery\/page\/2?page_id=1021'>2<\/a>\n<span class='ellipsis'>...<\/span>\n<a class='page-numbers' data-pageid='4' href='https:\/\/www.familledelabrie.fr\/index.php\/nggallery\/page\/4?page_id=1021'>4<\/a>\n<a class='prev' href='https:\/\/www.familledelabrie.fr\/index.php\/nggallery\/page\/2?page_id=1021' data-pageid=\"2\">&#9658;<\/a><\/div>\t<\/div>\n<\/p>\n","protected":false},"excerpt":{"rendered":"<p>Des images de la f\u00eate de la famille 2012 \u00e0 Claye [Show slideshow] 1 2 &#8230; 4 &#9658;<\/p>\n","protected":false},"author":1,"featured_media":0,"parent":0,"menu_order":0,"comment_status":"open","ping_status":"open","template":"","meta":{"_bbp_topic_count":0,"_bbp_reply_count":0,"_bbp_total_topic_count":0,"_bbp_total_reply_count":0,"_bbp_voice_count":0,"_bbp_anonymous_reply_count":0,"_bbp_topic_count_hidden":0,"_bbp_reply_count_hidden":0,"_bbp_forum_subforum_count":0,"ngg_post_thumbnail":0,"footnotes":""},"class_list":["post-1021","page","type-page","status-publish","hentry"],"_links":{"self":[{"href":"https:\/\/www.familledelabrie.fr\/index.php?rest_route=\/wp\/v2\/pages\/1021","targetHints":{"allow":["GET"]}}],"collection":[{"href":"https:\/\/www.familledelabrie.fr\/index.php?rest_route=\/wp\/v2\/pages"}],"about":[{"href":"https:\/\/www.familledelabrie.fr\/index.php?rest_route=\/wp\/v2\/types\/page"}],"author":[{"embeddable":true,"href":"https:\/\/www.familledelabrie.fr\/index.php?rest_route=\/wp\/v2\/users\/1"}],"replies":[{"embeddable":true,"href":"https:\/\/www.familledelabrie.fr\/index.php?rest_route=%2Fwp%2Fv2%2Fcomments&post=1021"}],"version-history":[{"count":2,"href":"https:\/\/www.familledelabrie.fr\/index.php?rest_route=\/wp\/v2\/pages\/1021\/revisions"}],"predecessor-version":[{"id":1405,"href":"https:\/\/www.familledelabrie.fr\/index.php?rest_route=\/wp\/v2\/pages\/1021\/revisions\/1405"}],"wp:attachment":[{"href":"https:\/\/www.familledelabrie.fr\/index.php?rest_route=%2Fwp%2Fv2%2Fmedia&parent=1021"}],"curies":[{"name":"wp","href":"https:\/\/api.w.org\/{rel}","templated":true}]}}